{"id":4357,"date":"2023-09-13T19:39:55","date_gmt":"2023-09-13T18:39:55","guid":{"rendered":"http:\/\/www.montanhismo-guarda.pt\/portal\/?post_type=tribe_events&#038;p=4357"},"modified":"2023-10-28T20:57:19","modified_gmt":"2023-10-28T19:57:19","slug":"travessia-invernal-em-autonomia-2023","status":"publish","type":"tribe_events","link":"https:\/\/www.montanhismo-guarda.pt\/portal\/evento\/travessia-invernal-em-autonomia-2023","title":{"rendered":"Travessia dos Tr\u00eas C\u00e2ntaros 2023"},"content":{"rendered":"<div  class=\"tribe-events-schedule tribe-clearfix\" >\n\t<p class=\"tribe-events-schedule__datetime\">\n\t\t<span class=\"tribe-events-schedule__date tribe-events-schedule__date--start\">\n\t\t\t19 de Novembro de 2023\t\t<\/span>\n\n\t\t\t\t\t<span class=\"tribe-events-schedule__all-day\">Todo o dia<\/span>\n\t\t\n\t\t\t<\/p>\n<\/div>\n\n\n<div class=\"wp-block-image\">\n<figure class=\"aligncenter size-large\"><img loading=\"lazy\" decoding=\"async\" width=\"707\" height=\"1024\" src=\"https:\/\/www.montanhismo-guarda.pt\/portal\/wp-content\/uploads\/2023\/10\/Cartaz_Travessia3Cantaros_19-11-2023-707x1024.jpg\" alt=\"\" class=\"wp-image-4412\" srcset=\"https:\/\/www.montanhismo-guarda.pt\/portal\/wp-content\/uploads\/2023\/10\/Cartaz_Travessia3Cantaros_19-11-2023-707x1024.jpg 707w, https:\/\/www.montanhismo-guarda.pt\/portal\/wp-content\/uploads\/2023\/10\/Cartaz_Travessia3Cantaros_19-11-2023-207x300.jpg 207w, https:\/\/www.montanhismo-guarda.pt\/portal\/wp-content\/uploads\/2023\/10\/Cartaz_Travessia3Cantaros_19-11-2023-768x1112.jpg 768w, https:\/\/www.montanhismo-guarda.pt\/portal\/wp-content\/uploads\/2023\/10\/Cartaz_Travessia3Cantaros_19-11-2023-1060x1536.jpg 1060w, https:\/\/www.montanhismo-guarda.pt\/portal\/wp-content\/uploads\/2023\/10\/Cartaz_Travessia3Cantaros_19-11-2023-1414x2048.jpg 1414w, https:\/\/www.montanhismo-guarda.pt\/portal\/wp-content\/uploads\/2023\/10\/Cartaz_Travessia3Cantaros_19-11-2023-scaled.jpg 1767w\" sizes=\"auto, (max-width: 707px) 100vw, 707px\" \/><\/figure>\n<\/div>\n\n\n<div class=\"wp-block-columns is-layout-flex wp-container-core-columns-is-layout-9d6595d7 wp-block-columns-is-layout-flex\">\n<div class=\"wp-block-column is-layout-flow wp-block-column-is-layout-flow\">\n<h2 class=\"wp-block-heading\">Programa<\/h2>\n\n\n\n<figure class=\"wp-block-table\"><table><tbody><tr><td><strong>Dia_18<br>20:00<\/strong><\/td><td>Concentra\u00e7\u00e3o na <strong>Sede do CMG<\/strong> e desloca\u00e7\u00e3o at\u00e9 Casa da Associa\u00e7\u00e3o de Amigos da Serra da Estrela (ASE).<br>Pernoitar <a href=\"#pernoita\">[ver Pernoita]<\/a>.<\/td><\/tr><tr><td><strong>Dia_19<\/strong><\/td><td>Alvorada e desloca\u00e7\u00e3o at\u00e9 ao Cov\u00e3o d&#8217;Ametade.<br>In\u00edcio da actividade.<br>Percurso <strong>circular<\/strong>:<br><strong>\u2248 7 horas<\/strong> de dura\u00e7\u00e3o<br><strong>\u2248 11 kms<\/strong> de dist\u00e2ncia<br><strong>Fisicamente dif\u00edcil<\/strong><br><strong>Tecnicamente moderado<\/strong><\/td><\/tr><\/tbody><\/table><\/figure>\n\n\n\n<h4 class=\"wp-block-heading\">Equipamento e Material<\/h4>\n\n\n\n<p>Cal\u00e7ado\u00a0confort\u00e1vel e robusto (botas preferencialmente), forro polar quente ou equivalente, corta-vento (gore-tex preferencialmente), gorro, luvas, polainas, bast\u00f5es de caminhada, capacete, h\u00e2rnes, 1 descensor, 2 cordeletas. Saco cama e frontal <a href=\"#pernoita\">[ver Pernoita]<\/a>.<\/p>\n\n\n\n<h4 class=\"wp-block-heading\" id=\"pernoita\">Pernoita<\/h4>\n\n\n\n<p>Nesta atividade os participantes ir\u00e3o pernoitar na v\u00e9spera na Casa da Associa\u00e7\u00e3o de Amigos da Serra da Estrela (ASE), localizada no Vale Glaciar do Z\u00eazere, Manteigas. Para tal ter\u00e3o que estar na posse de saco-cama e frontal. N\u00e3o \u00e9 necess\u00e1rio colchonete.<\/p>\n\n\n\n<h4 class=\"wp-block-heading\">Percurso<\/h4>\n\n\n\n<ul class=\"wp-block-list\">\n<li>Cov\u00e3o d\u2019Ametade &#8211; Cov\u00e3o Cimeiro &#8211; C\u00e2ntaro Gordo &#8211; C\u00e2ntaro Magro &#8211; Cov\u00e3o do Boi &#8211; C\u00e2ntaro Raso &#8211; Nave de S. Ant\u00f3nio &#8211; Cov\u00e3o d\u2019Ametade<\/li>\n<\/ul>\n\n\n\n<p><\/p>\n<\/div>\n\n\n\n<div class=\"wp-block-column is-layout-flow wp-block-column-is-layout-flow\">\n<h2 class=\"wp-block-heading\">Inscri\u00e7\u00e3o<\/h2>\n\n\n\n<p><a href=\"#botao-inscricao\">Inscri\u00e7\u00f5es ser\u00e3o aceites at\u00e9 dia 14 de novembro, atrav\u00e9s do formul\u00e1rio a que pode aceder mais abaixo.<\/a><\/p>\n\n\n\n<h4 class=\"wp-block-heading\">Comparticipa\u00e7\u00e3o log\u00edstica<\/h4>\n\n\n\n<ul class=\"wp-block-list\">\n<li>10 \u20ac<\/li>\n<\/ul>\n\n\n\n<h4 class=\"wp-block-heading\">Observa\u00e7\u00f5es<\/h4>\n\n\n\n<p>Esta atividade destina-se exclusivamente a s\u00f3cios do Clube de Montanhismo da Guarda com experi\u00eancia em atividades de montanhismo realizadas em total autonomia. Todos os participantes dever\u00e3o obrigatoriamente estar na posse de seguro FPME ou outro que cubra este tipo de atividades.<\/p>\n\n\n\n<h4 class=\"wp-block-heading\">Respons\u00e1veis pela Actividade<\/h4>\n\n\n\n<p><a rel=\"noreferrer noopener\" href=\"tel:967853399\" data-type=\"tel\" data-id=\"tel:967853399\" target=\"_blank\">S\u00e9rgio Pissarra (Contacto: 967 853 399)<\/a> <sub>Chamada para rede m\u00f3vel nacional<\/sub><\/p>\n\n\n\n<div class=\"wp-block-buttons is-horizontal is-content-justification-center is-layout-flex wp-container-core-buttons-is-layout-499968f5 wp-block-buttons-is-layout-flex\" id=\"botao-inscricao\">\n<div class=\"wp-block-button is-style-outline is-style-outline--1\"><a class=\"wp-block-button__link wp-element-button\" href=\"https:\/\/forms.gle\/TxWme1JnpWVaotRFA\" target=\"_blank\" rel=\"noreferrer noopener\">Inscreve-te<\/a><\/div>\n<\/div>\n<\/div>\n<\/div>\n\n\n<div  class=\"tribe-block tribe-block__event-price\" >\n\t\t<\/div>\n\n\n\n\n<div  class=\"tribe-block tribe-block__venue tribe-clearfix tribe-block__venue--has-map\" >\n\t\n\t\t\n\t<\/div>\n\n\n\n\n\t<div  class=\"tribe-block tribe-block__events-link\" >\n\t\t<div class=\"tribe-events tribe-common\">\n\t\t\t<div class=\"tribe-events-c-subscribe-dropdown__container\">\n\t\t\t\t<div class=\"tribe-events-c-subscribe-dropdown\">\n\t\t\t\t\t<div class=\"tribe-common-c-btn-border tribe-events-c-subscribe-dropdown__button\">\n\t\t\t\t\t\t<svg\n\t class=\"tribe-common-c-svgicon tribe-common-c-svgicon--cal-export tribe-events-c-subscribe-dropdown__export-icon\" \taria-hidden=\"true\"\n\tviewBox=\"0 0 23 17\"\n\txmlns=\"http:\/\/www.w3.org\/2000\/svg\"\n>\n\t<path fill-rule=\"evenodd\" clip-rule=\"evenodd\" d=\"M.128.896V16.13c0 .211.145.383.323.383h15.354c.179 0 .323-.172.323-.383V.896c0-.212-.144-.383-.323-.383H.451C.273.513.128.684.128.896Zm16 6.742h-.901V4.679H1.009v10.729h14.218v-3.336h.901V7.638ZM1.01 1.614h14.218v2.058H1.009V1.614Z\" \/>\n\t<path d=\"M20.5 9.846H8.312M18.524 6.953l2.89 2.909-2.855 2.855\" stroke-width=\"1.2\" stroke-linecap=\"round\" stroke-linejoin=\"round\"\/>\n<\/svg>\n\t\t\t\t\t\t<button\n\t\t\t\t\t\t\tclass=\"tribe-events-c-subscribe-dropdown__button-text\"\n\t\t\t\t\t\t\taria-expanded=\"false\"\n\t\t\t\t\t\t\taria-controls=\"tribe-events-subscribe-dropdown-content\"\n\t\t\t\t\t\t\taria-label=\"View links to add events to your calendar\"\n\t\t\t\t\t\t>\n\t\t\t\t\t\t\tAdicionar ao calend\u00e1rio\t\t\t\t\t\t<\/button>\n\t\t\t\t\t\t<svg\n\t class=\"tribe-common-c-svgicon tribe-common-c-svgicon--caret-down tribe-events-c-subscribe-dropdown__button-icon\" \taria-hidden=\"true\"\n\tviewBox=\"0 0 10 7\"\n\txmlns=\"http:\/\/www.w3.org\/2000\/svg\"\n>\n\t<path fill-rule=\"evenodd\" clip-rule=\"evenodd\" d=\"M1.008.609L5 4.6 8.992.61l.958.958L5 6.517.05 1.566l.958-.958z\" class=\"tribe-common-c-svgicon__svg-fill\"\/>\n<\/svg>\n\t\t\t\t\t<\/div>\n\t\t\t\t\t<div id=\"tribe-events-subscribe-dropdown-content\" class=\"tribe-events-c-subscribe-dropdown__content\">\n\t\t\t\t\t\t<ul class=\"tribe-events-c-subscribe-dropdown__list\">\n\t\t\t\t\t\t\t\t\t\t\t\t\t\t\t<li class=\"tribe-events-c-subscribe-dropdown__list-item tribe-events-c-subscribe-dropdown__list-item--gcal\">\n\t\t\t\t\t\t\t\t\t<a\n\t\t\t\t\t\t\t\t\t\thref=\"https:\/\/www.google.com\/calendar\/event?action=TEMPLATE&#038;dates=20231119T000000\/20231119T235959&#038;text=Travessia%20dos%20Tr%C3%AAs%20C%C3%A2ntaros%202023&#038;details=%3Cfigure+class%3D%22wp-block-image+aligncenter+size-large%22%3E%3Cimg+src%3D%22http%3A%2F%2Fwww.montanhismo-guarda.pt%2Fportal%2Fwp-content%2Fuploads%2F2023%2F10%2FCartaz_Travessia3Cantaros_19-11-2023-707x1024.jpg%22+alt%3D%22%22+class%3D%22wp-image-4412%22%2F%3E%3C%2Ffigure%3E%3Cdiv+class%3D%22wp-block-columns%22%3E%3Cdiv+class%3D%22wp-block-column%22%3E%3Ch2+class%3D%22wp-block-heading%22%3EPrograma%3C%2Fh2%3E%3Cfigure+class%3D%22wp-block-table%22%3E%3Ctable%3E%3Ctbody%3E%3Ctr%3E%3Ctd%3E%3Cstrong%3EDia_18%3Cbr+%2F%3E20%3A00%3C%2Fstrong%3E%3C%2Ftd%3E%3Ctd%3EConcentra%C3%A7%C3%A3o+na+%3Cstrong%3ESede+do+CMG%3C%2Fstrong%3E+e+desloca%C3%A7%C3%A3o+at%C3%A9+Casa+da+Associa%C3%A7%C3%A3o+de+Amigos+da+Serra+da+Estrela+%28ASE%29.%3Cbr+%2F%3EPernoitar+%3Ca+href%3D%22%23pernoita%22%3E%5Bver+Pernoita%5D%3C%2Fa%3E.%3C%2Ftd%3E%3C%2Ftr%3E%3Ctr%3E%3Ctd%3E%3Cstrong%3EDia_19%3C%2Fstrong%3E%3C%2Ftd%3E%3Ctd%3EAlvorada+e+desloca%C3%A7%C3%A3o+at%C3%A9+ao+Cov%C3%A3o+d%27Ametade.%3Cbr+%2F%3EIn%C3%ADcio+da+actividade.%3Cbr+%2F%3EPercurso+%3Cstrong%3Ecircular%3C%2Fstrong%3E%3A%3Cbr+%2F%3E%3Cstrong%3E%E2%89%88+7+horas%3C%2Fstrong%3E+de+dura%C3%A7%C3%A3o%3Cbr+%2F%3E%3Cstrong%3E%E2%89%88+11+kms%3C%2Fstrong%3E+de+dist%C3%A2ncia%3Cbr+%2F%3E%3Cstrong%3EFisicamente+dif%C3%ADcil%3C%2Fstrong%3E%3Cbr+%2F%3E%3Cstrong%3ETecnicamente+moderado%3C%2Fstrong%3E%3C%2Ftd%3E%3C%2Ftr%3E%3C%2Ftbody%3E%3C%2Ftable%3E%3C%2Ffigure%3E%3Ch4+class%3D%22wp-%3C%2Fdiv%3E%3C%2Fdiv%3E+%28Veja+a+descri%C3%A7%C3%A3o+completa+de+evento+aqui%3A+https%3A%2F%2Fwww.montanhismo-guarda.pt%2Fportal%2Fevento%2Ftravessia-invernal-em-autonomia-2023%29&#038;trp=false&#038;ctz=Europe\/Lisbon&#038;sprop=website:https:\/\/www.montanhismo-guarda.pt\/portal\"\n\t\t\t\t\t\t\t\t\t\tclass=\"tribe-events-c-subscribe-dropdown__list-item-link\"\n\t\t\t\t\t\t\t\t\t\ttarget=\"_blank\"\n\t\t\t\t\t\t\t\t\t\trel=\"noopener noreferrer nofollow noindex\"\n\t\t\t\t\t\t\t\t\t>\n\t\t\t\t\t\t\t\t\t\tCalend\u00e1rio Google\t\t\t\t\t\t\t\t\t<\/a>\n\t\t\t\t\t\t\t\t<\/li>\n\t\t\t\t\t\t\t\t\t\t\t\t\t\t\t<li class=\"tribe-events-c-subscribe-dropdown__list-item tribe-events-c-subscribe-dropdown__list-item--ical\">\n\t\t\t\t\t\t\t\t\t<a\n\t\t\t\t\t\t\t\t\t\thref=\"\"\n\t\t\t\t\t\t\t\t\t\tclass=\"tribe-events-c-subscribe-dropdown__list-item-link\"\n\t\t\t\t\t\t\t\t\t\ttarget=\"_blank\"\n\t\t\t\t\t\t\t\t\t\trel=\"noopener noreferrer nofollow noindex\"\n\t\t\t\t\t\t\t\t\t>\n\t\t\t\t\t\t\t\t\t\tiCalendar\t\t\t\t\t\t\t\t\t<\/a>\n\t\t\t\t\t\t\t\t<\/li>\n\t\t\t\t\t\t\t\t\t\t\t\t\t\t\t<li class=\"tribe-events-c-subscribe-dropdown__list-item tribe-events-c-subscribe-dropdown__list-item--outlook-365\">\n\t\t\t\t\t\t\t\t\t<a\n\t\t\t\t\t\t\t\t\t\thref=\"\"\n\t\t\t\t\t\t\t\t\t\tclass=\"tribe-events-c-subscribe-dropdown__list-item-link\"\n\t\t\t\t\t\t\t\t\t\ttarget=\"_blank\"\n\t\t\t\t\t\t\t\t\t\trel=\"noopener noreferrer nofollow noindex\"\n\t\t\t\t\t\t\t\t\t>\n\t\t\t\t\t\t\t\t\t\tOutlook 365\t\t\t\t\t\t\t\t\t<\/a>\n\t\t\t\t\t\t\t\t<\/li>\n\t\t\t\t\t\t\t\t\t\t\t\t\t\t\t<li class=\"tribe-events-c-subscribe-dropdown__list-item tribe-events-c-subscribe-dropdown__list-item--outlook-live\">\n\t\t\t\t\t\t\t\t\t<a\n\t\t\t\t\t\t\t\t\t\thref=\"\"\n\t\t\t\t\t\t\t\t\t\tclass=\"tribe-events-c-subscribe-dropdown__list-item-link\"\n\t\t\t\t\t\t\t\t\t\ttarget=\"_blank\"\n\t\t\t\t\t\t\t\t\t\trel=\"noopener noreferrer nofollow noindex\"\n\t\t\t\t\t\t\t\t\t>\n\t\t\t\t\t\t\t\t\t\tOutlook Live\t\t\t\t\t\t\t\t\t<\/a>\n\t\t\t\t\t\t\t\t<\/li>\n\t\t\t\t\t\t\t\t\t\t\t\t\t<\/ul>\n\t\t\t\t\t<\/div>\n\t\t\t\t<\/div>\n\t\t\t<\/div>\n\t\t<\/div>\n\t<\/div>\n\n\n\n<h2 class=\"tribe-block__related-events__title\">Related Events<\/h2>\n\n<ul  class=\"tribe-related-events tribe-clearfix\" >\n\t\t\t<li>\n\t\n<div class=\"tribe-related-events-thumbnail\">\n\t<a href=\"https:\/\/www.montanhismo-guarda.pt\/portal\/evento\/lagoas-escondidas-da-estrela\/\" class=\"url\" rel=\"bookmark\" tabindex=\"-1\" aria-hidden=\"true\"><img loading=\"lazy\" decoding=\"async\" width=\"525\" height=\"760\" src=\"https:\/\/www.montanhismo-guarda.pt\/portal\/wp-content\/uploads\/2026\/01\/Cartaz_TravessiaMaio2026-707x1024.jpg\" class=\"attachment-large size-large wp-post-image\" alt=\"\" \/><\/a>\n<\/div>\n\t<div class=\"tribe-related-event-info\">\n\t<h3 class=\"tribe-related-events-title\">\n\t\t<a href=\"https:\/\/www.montanhismo-guarda.pt\/portal\/evento\/lagoas-escondidas-da-estrela\/\" class=\"tribe-event-url\" rel=\"bookmark\">\n\t\t\tDa Bou\u00e7a \u00e0 Varanda dos Pastores\t\t<\/a>\n\t<\/h3>\n\t<span class=\"tribe-event-date-start\">17 de Maio<\/span><\/div>\n<\/li>\n\t\t\t<li>\n\t\n<div class=\"tribe-related-events-thumbnail\">\n\t<a href=\"https:\/\/www.montanhismo-guarda.pt\/portal\/evento\/atividade-nos-picos-de-europa\/\" class=\"url\" rel=\"bookmark\" tabindex=\"-1\" aria-hidden=\"true\"><img loading=\"lazy\" decoding=\"async\" width=\"525\" height=\"760\" src=\"https:\/\/www.montanhismo-guarda.pt\/portal\/wp-content\/uploads\/2026\/01\/Cartaz-Picos-Europa-2026-707x1024.jpg\" class=\"attachment-large size-large wp-post-image\" alt=\"\" \/><\/a>\n<\/div>\n\t<div class=\"tribe-related-event-info\">\n\t<h3 class=\"tribe-related-events-title\">\n\t\t<a href=\"https:\/\/www.montanhismo-guarda.pt\/portal\/evento\/atividade-nos-picos-de-europa\/\" class=\"tribe-event-url\" rel=\"bookmark\">\n\t\t\tAtividade nos Picos de Europa\t\t<\/a>\n\t<\/h3>\n\t<span class=\"tribe-event-date-start\">4 de Junho<\/span> \u2014 <span class=\"tribe-event-date-end\">7 de Junho<\/span><\/div>\n<\/li>\n\t\t\t<li>\n\t\n<div class=\"tribe-related-events-thumbnail\">\n\t<a href=\"https:\/\/www.montanhismo-guarda.pt\/portal\/evento\/entre-ocultos-circos-glaciarios\/\" class=\"url\" rel=\"bookmark\" tabindex=\"-1\" aria-hidden=\"true\"><img loading=\"lazy\" decoding=\"async\" width=\"525\" height=\"760\" src=\"https:\/\/www.montanhismo-guarda.pt\/portal\/wp-content\/uploads\/2026\/01\/Cartaz_LagoasReconditasGredos_2026-707x1024.jpg\" class=\"attachment-large size-large wp-post-image\" alt=\"\" \/><\/a>\n<\/div>\n\t<div class=\"tribe-related-event-info\">\n\t<h3 class=\"tribe-related-events-title\">\n\t\t<a href=\"https:\/\/www.montanhismo-guarda.pt\/portal\/evento\/entre-ocultos-circos-glaciarios\/\" class=\"tribe-event-url\" rel=\"bookmark\">\n\t\t\tLagoas Rec\u00f4nditas de Gredos\t\t<\/a>\n\t<\/h3>\n\t<span class=\"tribe-event-date-start\">20 de Junho<\/span> \u2014 <span class=\"tribe-event-date-end\">21 de Junho<\/span><\/div>\n<\/li>\n\t<\/ul>\n","protected":false},"excerpt":{"rendered":"<p>Programa Dia_1820:00 Concentra\u00e7\u00e3o na Sede do CMG e desloca\u00e7\u00e3o at\u00e9 Casa da Associa\u00e7\u00e3o de Amigos da Serra da Estrela (ASE).Pernoitar [ver Pernoita]. Dia_19 Alvorada e desloca\u00e7\u00e3o at\u00e9 ao Cov\u00e3o d&#8217;Ametade.In\u00edcio &hellip; <\/p>\n<p class=\"link-more\"><a href=\"https:\/\/www.montanhismo-guarda.pt\/portal\/evento\/travessia-invernal-em-autonomia-2023\" class=\"more-link\">Continuar a ler <span class=\"screen-reader-text\">&#8220;Travessia dos Tr\u00eas C\u00e2ntaros 2023&#8221;<\/span><\/a><\/p>\n","protected":false},"author":1,"featured_media":4412,"template":"","meta":{"_acf_changed":false,"_tec_requires_first_save":false,"_EventAllDay":true,"_EventTimezone":"Europe\/Lisbon","_EventStartDate":"2023-11-19 00:00:00","_EventEndDate":"2023-11-19 23:59:59","_EventStartDateUTC":"2023-11-19 00:00:00","_EventEndDateUTC":"2023-11-19 23:59:59","_EventShowMap":true,"_EventShowMapLink":true,"_EventURL":"","_EventCost":"","_EventCostDescription":"","_EventCurrencySymbol":"\u20ac","_EventCurrencyCode":"USD","_EventCurrencyPosition":"suffix","_EventDateTimeSeparator":" \u00e0s ","_EventTimeRangeSeparator":" \u2014 ","_EventOrganizerID":[],"_EventVenueID":[0],"_OrganizerEmail":"","_OrganizerPhone":"","_OrganizerWebsite":"","_VenueAddress":"","_VenueCity":"","_VenueCountry":"","_VenueProvince":"","_VenueState":"","_VenueZip":"","_VenuePhone":"","_VenueURL":"","_VenueStateProvince":"","_VenueLat":"","_VenueLng":"","_VenueShowMap":false,"_VenueShowMapLink":false,"_tribe_blocks_recurrence_rules":"","_tribe_blocks_recurrence_description":"","_tribe_blocks_recurrence_exclusions":"","_tribe_events_status":"","_tribe_events_status_reason":"","_tribe_events_is_hybrid":"","_tribe_events_is_virtual":"","_tribe_events_virtual_video_source":"","_tribe_events_virtual_embed_video":"","_tribe_events_virtual_linked_button_text":"","_tribe_events_virtual_linked_button":"","_tribe_events_virtual_show_embed_at":"","_tribe_events_virtual_show_embed_to":[],"_tribe_events_virtual_show_on_event":"","_tribe_events_virtual_show_on_views":"","_tribe_events_virtual_url":"","footnotes":""},"tags":[64,73],"tribe_events_cat":[139,119],"class_list":["post-4357","tribe_events","type-tribe_events","status-publish","has-post-thumbnail","hentry","tag-serra-da-estrela","tag-travessias-de-montanha","tribe_events_cat-invernal","tribe_events_cat-montanha","cat_invernal","cat_montanha"],"acf":[],"_links":{"self":[{"href":"https:\/\/www.montanhismo-guarda.pt\/portal\/wp-json\/wp\/v2\/tribe_events\/4357","targetHints":{"allow":["GET"]}}],"collection":[{"href":"https:\/\/www.montanhismo-guarda.pt\/portal\/wp-json\/wp\/v2\/tribe_events"}],"about":[{"href":"https:\/\/www.montanhismo-guarda.pt\/portal\/wp-json\/wp\/v2\/types\/tribe_events"}],"author":[{"embeddable":true,"href":"https:\/\/www.montanhismo-guarda.pt\/portal\/wp-json\/wp\/v2\/users\/1"}],"version-history":[{"count":2,"href":"https:\/\/www.montanhismo-guarda.pt\/portal\/wp-json\/wp\/v2\/tribe_events\/4357\/revisions"}],"predecessor-version":[{"id":4414,"href":"https:\/\/www.montanhismo-guarda.pt\/portal\/wp-json\/wp\/v2\/tribe_events\/4357\/revisions\/4414"}],"wp:featuredmedia":[{"embeddable":true,"href":"https:\/\/www.montanhismo-guarda.pt\/portal\/wp-json\/wp\/v2\/media\/4412"}],"wp:attachment":[{"href":"https:\/\/www.montanhismo-guarda.pt\/portal\/wp-json\/wp\/v2\/media?parent=4357"}],"wp:term":[{"taxonomy":"post_tag","embeddable":true,"href":"https:\/\/www.montanhismo-guarda.pt\/portal\/wp-json\/wp\/v2\/tags?post=4357"},{"taxonomy":"tribe_events_cat","embeddable":true,"href":"https:\/\/www.montanhismo-guarda.pt\/portal\/wp-json\/wp\/v2\/tribe_events_cat?post=4357"}],"curies":[{"name":"wp","href":"https:\/\/api.w.org\/{rel}","templated":true}]}}