{"id":4525,"date":"2024-02-06T22:25:30","date_gmt":"2024-02-06T22:25:30","guid":{"rendered":"http:\/\/www.montanhismo-guarda.pt\/portal\/?post_type=tribe_events&#038;p=4525"},"modified":"2024-05-10T00:07:19","modified_gmt":"2024-05-09T23:07:19","slug":"circular-a-laguna-de-guadarrama","status":"publish","type":"tribe_events","link":"https:\/\/www.montanhismo-guarda.pt\/portal\/evento\/circular-a-laguna-de-guadarrama","title":{"rendered":"Circular \u00e0 Laguna de Guadarrama"},"content":{"rendered":"<div  class=\"tribe-events-schedule tribe-clearfix\" >\n\t<p class=\"tribe-events-schedule__datetime\">\n\t\t<span class=\"tribe-events-schedule__date tribe-events-schedule__date--start\">\n\t\t\t25 de Maio de 2024\t\t<\/span>\n\n\t\t\n\t\t\t\t\t\t\t\t\t<span class=\"tribe-events-schedule__separator tribe-events-schedule__separator--time\">\n\t\t\t\t\t \u2014 \t\t\t\t<\/span>\n\t\t\t\n\t\t\t\t\t\t\t<span class=\"tribe-events-schedule__date tribe-events-schedule__date--end\">\n\t\t\t\t\t26 de Maio de 2024\t\t\t\t<\/span>\n\n\t\t\t\t\n\t\t\t\n\t\t\t\t\t\t<\/p>\n<\/div>\n\n\n<figure class=\"aligncenter wp-block-post-featured-image\"><img loading=\"lazy\" decoding=\"async\" width=\"1767\" height=\"2560\" src=\"https:\/\/www.montanhismo-guarda.pt\/portal\/wp-content\/uploads\/2024\/02\/Cartaz_CircularLagunasGuadarrama_2024-scaled.jpg\" class=\"attachment-post-thumbnail size-post-thumbnail wp-post-image\" alt=\"\" style=\"object-fit:cover;\" srcset=\"https:\/\/www.montanhismo-guarda.pt\/portal\/wp-content\/uploads\/2024\/02\/Cartaz_CircularLagunasGuadarrama_2024-scaled.jpg 1767w, https:\/\/www.montanhismo-guarda.pt\/portal\/wp-content\/uploads\/2024\/02\/Cartaz_CircularLagunasGuadarrama_2024-207x300.jpg 207w, https:\/\/www.montanhismo-guarda.pt\/portal\/wp-content\/uploads\/2024\/02\/Cartaz_CircularLagunasGuadarrama_2024-707x1024.jpg 707w, https:\/\/www.montanhismo-guarda.pt\/portal\/wp-content\/uploads\/2024\/02\/Cartaz_CircularLagunasGuadarrama_2024-768x1112.jpg 768w, https:\/\/www.montanhismo-guarda.pt\/portal\/wp-content\/uploads\/2024\/02\/Cartaz_CircularLagunasGuadarrama_2024-1060x1536.jpg 1060w, https:\/\/www.montanhismo-guarda.pt\/portal\/wp-content\/uploads\/2024\/02\/Cartaz_CircularLagunasGuadarrama_2024-1414x2048.jpg 1414w\" sizes=\"auto, 100vw\" \/><\/figure>\n\n\n<div class=\"wp-block-columns is-layout-flex wp-container-core-columns-is-layout-9d6595d7 wp-block-columns-is-layout-flex\">\n<div class=\"wp-block-column is-layout-flow wp-block-column-is-layout-flow\">\n<h2 class=\"wp-block-heading\">Programa<\/h2>\n\n\n\n<figure class=\"wp-block-table is-style-stripes\"><table><tbody><tr><td><strong>Dia_25<br>7:00<\/strong><\/td><td>Concentra\u00e7\u00e3o na <strong>Sede do CMG<\/strong><\/td><\/tr><tr><td><strong>~:~<\/strong><\/td><td>Pernoita em <strong>Refugio El Pingarr\u00f3n<\/strong> <a href=\"#pernoita\">[ver Pernoita]<\/a><\/td><\/tr><tr><td><strong>Dia_26<br>5:30<\/strong><\/td><td>Desloca\u00e7\u00e3o at\u00e9 ao local de in\u00edcio da actividade e in\u00edcio da mesma.<br>Percurso <strong>circular<\/strong><br><strong>\u2248 6.5 horas<\/strong> de dura\u00e7\u00e3o<br><strong>\u2248 12 kms<\/strong> de dist\u00e2ncia<br><strong>Dificuldade f\u00edsica m\u00e9dia<\/strong><br><strong>Dificuldade t\u00e9cnica baixa<\/strong><\/td><\/tr><tr><td><strong>~:~<\/strong><\/td><td>Regresso \u00e0 Sede do CMG<\/td><\/tr><\/tbody><\/table><\/figure>\n\n\n\n<h4 class=\"wp-block-heading\">Equipamento e Material<\/h4>\n\n\n\n<p>No que diz respeito ao equipamento os participantes ter\u00e3o que estar na posse de roupa e cal\u00e7ado apropriado para este g\u00e9nero de atividades em ambiente e montanha, como por exemplo, botas para montanhismo, corta-vento (tipo gore-tex, preferencialmente), forro polar quente ou equivalente, gorro, luvas, polainas e restante vestu\u00e1rio adequado. J\u00e1 no que diz respeito ao material \u00e9 aconselh\u00e1vel aos participantes fazer-se munir de mochila di\u00e1ria (entre os 30 a 40 litros), bast\u00f5es de caminhada, \u00f3culos de sol, lanterna frontal, etc. O refor\u00e7o alimentar ter\u00e1 que prever v\u00edveres para uma atividade em autonomia total e ambiente de montanha.<\/p>\n\n\n\n<h4 class=\"wp-block-heading\">Percurso<\/h4>\n\n\n\n<p>Mirador de la Gitana &#8211; Choza del Guarda &#8211; Mirador de Javier &#8211; Laguna de los P\u00e1jaros \u2013 Risco de los P\u00e1jaros &#8211; Risco de los Claveles &#8211; Pico de Pe\u00f1alara \u2013 Collado de Dos Hermanas &#8211; Mirador de la Gitana<\/p>\n\n\n\n<p><sub>(o percurso proposto pode sofre altera\u00e7\u00f5es no decorrer da atividade sempre que a organiza\u00e7\u00e3o assim o entenda)<\/sub><\/p>\n\n\n\n<p><\/p>\n<\/div>\n\n\n\n<div class=\"wp-block-column is-layout-flow wp-block-column-is-layout-flow\">\n<h2 class=\"wp-block-heading\">Inscri\u00e7\u00e3o<\/h2>\n\n\n\n<p><a href=\"#inscrever\">Inscri\u00e7\u00f5es ser\u00e3o aceites at\u00e9 dia 19 de maio, atrav\u00e9s do formul\u00e1rio a que pode aceder mais abaixo.<\/a><\/p>\n\n\n\n<p>A atividade est\u00e1 limitada a 14 participantes.<\/p>\n\n\n\n<h4 class=\"wp-block-heading\">Comparticipa\u00e7\u00e3o log\u00edstica<\/h4>\n\n\n\n<ul class=\"wp-block-list\">\n<li>20 \u20ac + despesa com combust\u00edvel (dividida pelo total de participantes)<\/li>\n<\/ul>\n\n\n\n<h4 class=\"wp-block-heading\" id=\"pernoita\">Pernoita<\/h4>\n\n\n\n<p>A pernoita para esta atividade ser\u00e1 realizada no Refugio El Pingarr\u00f3n, localizado a cerca de 1,6 km do local de in\u00edcio da atividade. As reservas no mesmo ficam a cargo dos participantes interessados em participar na atividade.<\/p>\n\n\n\n<h5 class=\"wp-block-heading\">Refugio El Pingarr\u00f3n<\/h5>\n\n\n\n<p>C. Angostura, s\/n, 28740 Rascafr\u00eda, Madrid, Spain&nbsp;<br>Tel\u00e9fono:&nbsp;00 34 <a href=\"tel:650925854\">650 92 58 54<\/a><\/p>\n\n\n\n<ul class=\"wp-block-list\">\n<li><strong>+34&nbsp;609 58 35 99 (Samuel Martin)<\/strong><\/li>\n\n\n\n<li><strong>E-mail: <\/strong>refugio.pingarron@gmail.com<\/li>\n\n\n\n<li><strong>Facebook:<\/strong>&nbsp;<a href=\"https:\/\/www.facebook.com\/p\/Refugio-El-Pingarr%C3%B3n-100057585064050\/?paipv=0&amp;eav=AfYEQzI9kdAl_rWvqZjzNAc723Bz8KVkpJoWSMuu58a0HUXLnI2LnxRVkF-VXJEdYjo&amp;_rdr\">https:\/\/www.facebook.com\/p\/Refugio-El-Pingarr%C3%B3n-100057585064050\/?paipv=0&amp;eav=AfYEQzI9kdAl_rWvqZjzNAc723Bz8KVkpJoWSMuu58a0HUXLnI2LnxRVkF-VXJEdYjo&amp;_rdr<\/a><\/li>\n\n\n\n<li><strong>Coordenadas GPS:<\/strong> Latitude: 40.8157 Longitude: -3.95758 (Carretera del Puerto de Cotos a Valdesqui, km 1,5. Esta en el Parque Nacional del Guadarrama, 28740 Rascafria, Espanha)<\/li>\n<\/ul>\n\n\n\n<h4 class=\"wp-block-heading\">Observa\u00e7\u00f5es<\/h4>\n\n\n\n<ul class=\"wp-block-list\">\n<li>Esta atividade destina-se exclusivamente a s\u00f3cios do Clube de Montanhismo da Guarda com experi\u00eancia e autonomia individual em atividades de montanhismo e encontra-se limitada a 14 participantes. Todos os participantes dever\u00e3o obrigatoriamente estar na posse de seguro FPME ou outro que cubra este tipo de atividades.<\/li>\n<\/ul>\n\n\n\n<h4 class=\"wp-block-heading\">Respons\u00e1veis pela Actividade<\/h4>\n\n\n\n<p><a rel=\"noreferrer noopener\" href=\"tel:967853399\" data-type=\"tel\" data-id=\"tel:967853399\" target=\"_blank\">S\u00e9rgio Pissarra (Contacto: 967 853 399)<\/a> <sub>Chamada para rede m\u00f3vel nacional<\/sub><\/p>\n\n\n\n<div class=\"wp-block-buttons is-content-justification-center is-layout-flex wp-container-core-buttons-is-layout-16018d1d wp-block-buttons-is-layout-flex\" id=\"inscrever\">\n<div class=\"wp-block-button is-style-outline is-style-outline--1\"><a class=\"wp-block-button__link wp-element-button\" href=\"https:\/\/forms.gle\/nq2YEA3yw35qUfP16\" target=\"_blank\" rel=\"noreferrer noopener\">Inscrever<\/a><\/div>\n<\/div>\n<\/div>\n<\/div>\n\n\n<div  class=\"tribe-block tribe-block__event-price\" >\n\t\t<\/div>\n\n\n\n\n<div  class=\"tribe-block tribe-block__venue tribe-clearfix tribe-block__venue--has-map\" >\n\t\n\t\t\n\t<\/div>\n\n\n\n\n\t<div  class=\"tribe-block tribe-block__events-link\" >\n\t\t<div class=\"tribe-events tribe-common\">\n\t\t\t<div class=\"tribe-events-c-subscribe-dropdown__container\">\n\t\t\t\t<div class=\"tribe-events-c-subscribe-dropdown\">\n\t\t\t\t\t<div class=\"tribe-common-c-btn-border tribe-events-c-subscribe-dropdown__button\">\n\t\t\t\t\t\t<svg\n\t class=\"tribe-common-c-svgicon tribe-common-c-svgicon--cal-export tribe-events-c-subscribe-dropdown__export-icon\" \taria-hidden=\"true\"\n\tviewBox=\"0 0 23 17\"\n\txmlns=\"http:\/\/www.w3.org\/2000\/svg\"\n>\n\t<path fill-rule=\"evenodd\" clip-rule=\"evenodd\" d=\"M.128.896V16.13c0 .211.145.383.323.383h15.354c.179 0 .323-.172.323-.383V.896c0-.212-.144-.383-.323-.383H.451C.273.513.128.684.128.896Zm16 6.742h-.901V4.679H1.009v10.729h14.218v-3.336h.901V7.638ZM1.01 1.614h14.218v2.058H1.009V1.614Z\" \/>\n\t<path d=\"M20.5 9.846H8.312M18.524 6.953l2.89 2.909-2.855 2.855\" stroke-width=\"1.2\" stroke-linecap=\"round\" stroke-linejoin=\"round\"\/>\n<\/svg>\n\t\t\t\t\t\t<button\n\t\t\t\t\t\t\tclass=\"tribe-events-c-subscribe-dropdown__button-text\"\n\t\t\t\t\t\t\taria-expanded=\"false\"\n\t\t\t\t\t\t\taria-controls=\"tribe-events-subscribe-dropdown-content\"\n\t\t\t\t\t\t\taria-label=\"View links to add events to your calendar\"\n\t\t\t\t\t\t>\n\t\t\t\t\t\t\tAdicionar ao calend\u00e1rio\t\t\t\t\t\t<\/button>\n\t\t\t\t\t\t<svg\n\t class=\"tribe-common-c-svgicon tribe-common-c-svgicon--caret-down tribe-events-c-subscribe-dropdown__button-icon\" \taria-hidden=\"true\"\n\tviewBox=\"0 0 10 7\"\n\txmlns=\"http:\/\/www.w3.org\/2000\/svg\"\n>\n\t<path fill-rule=\"evenodd\" clip-rule=\"evenodd\" d=\"M1.008.609L5 4.6 8.992.61l.958.958L5 6.517.05 1.566l.958-.958z\" class=\"tribe-common-c-svgicon__svg-fill\"\/>\n<\/svg>\n\t\t\t\t\t<\/div>\n\t\t\t\t\t<div id=\"tribe-events-subscribe-dropdown-content\" class=\"tribe-events-c-subscribe-dropdown__content\">\n\t\t\t\t\t\t<ul class=\"tribe-events-c-subscribe-dropdown__list\">\n\t\t\t\t\t\t\t\t\t\t\t\t\t\t\t<li class=\"tribe-events-c-subscribe-dropdown__list-item tribe-events-c-subscribe-dropdown__list-item--gcal\">\n\t\t\t\t\t\t\t\t\t<a\n\t\t\t\t\t\t\t\t\t\thref=\"https:\/\/www.google.com\/calendar\/event?action=TEMPLATE&#038;dates=20240525T000000\/20240526T235959&#038;text=Circular%20%C3%A0%20Laguna%20de%20Guadarrama&#038;details=%3Cdiv+class%3D%22wp-block-columns%22%3E%3Cdiv+class%3D%22wp-block-column%22%3E%3Ch2+class%3D%22wp-block-heading%22%3EPrograma%3C%2Fh2%3E%3Cfigure+class%3D%22wp-block-table+is-style-stripes%22%3E%3Ctable%3E%3Ctbody%3E%3Ctr%3E%3Ctd%3E%3Cstrong%3EDia_25%3Cbr+%2F%3E7%3A00%3C%2Fstrong%3E%3C%2Ftd%3E%3Ctd%3EConcentra%C3%A7%C3%A3o+na+%3Cstrong%3ESede+do+CMG%3C%2Fstrong%3E%3C%2Ftd%3E%3C%2Ftr%3E%3Ctr%3E%3Ctd%3E%3Cstrong%3E%7E%3A%7E%3C%2Fstrong%3E%3C%2Ftd%3E%3Ctd%3EPernoita+em+%3Cstrong%3ERefugio+El+Pingarr%C3%B3n%3C%2Fstrong%3E+%3Ca+href%3D%22%23pernoita%22%3E%5Bver+Pernoita%5D%3C%2Fa%3E%3C%2Ftd%3E%3C%2Ftr%3E%3Ctr%3E%3Ctd%3E%3Cstrong%3EDia_26%3Cbr+%2F%3E5%3A30%3C%2Fstrong%3E%3C%2Ftd%3E%3Ctd%3EDesloca%C3%A7%C3%A3o+at%C3%A9+ao+local+de+in%C3%ADcio+da+actividade+e+in%C3%ADcio+da+mesma.%3Cbr+%2F%3EPercurso+%3Cstrong%3Ecircular%3C%2Fstrong%3E%3Cbr+%2F%3E%3Cstrong%3E%E2%89%88+6.5+horas%3C%2Fstrong%3E+de+dura%C3%A7%C3%A3o%3Cbr+%2F%3E%3Cstrong%3E%E2%89%88+12+kms%3C%2Fstrong%3E+de+dist%C3%A2ncia%3Cbr+%2F%3E%3Cstrong%3EDificuldade+f%C3%ADsica+m%C3%A9dia%3C%2Fstrong%3E%3Cbr+%2F%3E%3Cstrong%3EDificuldade+t%C3%A9cnica+baixa%3C%2Fstrong%3E%3C%2Ftd%3E%3C%2Ftr%3E%3Ctr%3E%3Ctd%3E%3Cstrong%3E%7E%3A%7E%3C%2Fstrong%3E%3C%2Ftd%3E%3Ctd%3ERegresso+%C3%A0+Sede+do+CMG%3C%2Ftd%3E%3C%2Ftr%3E%3C%2Ftbody%3E%3C%2Ftable%3E%3C%2Ffigure%3E%3Ch4+class%3D%22wp-block-heading%22%3EEquipamento+e+Material%3C%2Fh4%3E%3Cp%3ENo+que+diz+respeito+ao+equipamento+os+participantes+ter%C3%A3o+que+esta%3C%2Fp%3E%3C%2Fdiv%3E%3C%2Fdiv%3E+%28Veja+a+descri%C3%A7%C3%A3o+completa+de+evento+aqui%3A+https%3A%2F%2Fwww.montanhismo-guarda.pt%2Fportal%2Fevento%2Fcircular-a-laguna-de-guadarrama%29&#038;trp=false&#038;ctz=Europe\/Lisbon&#038;sprop=website:https:\/\/www.montanhismo-guarda.pt\/portal\"\n\t\t\t\t\t\t\t\t\t\tclass=\"tribe-events-c-subscribe-dropdown__list-item-link\"\n\t\t\t\t\t\t\t\t\t\ttarget=\"_blank\"\n\t\t\t\t\t\t\t\t\t\trel=\"noopener noreferrer nofollow noindex\"\n\t\t\t\t\t\t\t\t\t>\n\t\t\t\t\t\t\t\t\t\tCalend\u00e1rio Google\t\t\t\t\t\t\t\t\t<\/a>\n\t\t\t\t\t\t\t\t<\/li>\n\t\t\t\t\t\t\t\t\t\t\t\t\t\t\t<li class=\"tribe-events-c-subscribe-dropdown__list-item tribe-events-c-subscribe-dropdown__list-item--ical\">\n\t\t\t\t\t\t\t\t\t<a\n\t\t\t\t\t\t\t\t\t\thref=\"\"\n\t\t\t\t\t\t\t\t\t\tclass=\"tribe-events-c-subscribe-dropdown__list-item-link\"\n\t\t\t\t\t\t\t\t\t\ttarget=\"_blank\"\n\t\t\t\t\t\t\t\t\t\trel=\"noopener noreferrer nofollow noindex\"\n\t\t\t\t\t\t\t\t\t>\n\t\t\t\t\t\t\t\t\t\tiCalendar\t\t\t\t\t\t\t\t\t<\/a>\n\t\t\t\t\t\t\t\t<\/li>\n\t\t\t\t\t\t\t\t\t\t\t\t\t\t\t<li class=\"tribe-events-c-subscribe-dropdown__list-item tribe-events-c-subscribe-dropdown__list-item--outlook-365\">\n\t\t\t\t\t\t\t\t\t<a\n\t\t\t\t\t\t\t\t\t\thref=\"\"\n\t\t\t\t\t\t\t\t\t\tclass=\"tribe-events-c-subscribe-dropdown__list-item-link\"\n\t\t\t\t\t\t\t\t\t\ttarget=\"_blank\"\n\t\t\t\t\t\t\t\t\t\trel=\"noopener noreferrer nofollow noindex\"\n\t\t\t\t\t\t\t\t\t>\n\t\t\t\t\t\t\t\t\t\tOutlook 365\t\t\t\t\t\t\t\t\t<\/a>\n\t\t\t\t\t\t\t\t<\/li>\n\t\t\t\t\t\t\t\t\t\t\t\t\t\t\t<li class=\"tribe-events-c-subscribe-dropdown__list-item tribe-events-c-subscribe-dropdown__list-item--outlook-live\">\n\t\t\t\t\t\t\t\t\t<a\n\t\t\t\t\t\t\t\t\t\thref=\"\"\n\t\t\t\t\t\t\t\t\t\tclass=\"tribe-events-c-subscribe-dropdown__list-item-link\"\n\t\t\t\t\t\t\t\t\t\ttarget=\"_blank\"\n\t\t\t\t\t\t\t\t\t\trel=\"noopener noreferrer nofollow noindex\"\n\t\t\t\t\t\t\t\t\t>\n\t\t\t\t\t\t\t\t\t\tOutlook Live\t\t\t\t\t\t\t\t\t<\/a>\n\t\t\t\t\t\t\t\t<\/li>\n\t\t\t\t\t\t\t\t\t\t\t\t\t<\/ul>\n\t\t\t\t\t<\/div>\n\t\t\t\t<\/div>\n\t\t\t<\/div>\n\t\t<\/div>\n\t<\/div>\n\n\n\n<h2 class=\"tribe-block__related-events__title\">Related Events<\/h2>\n\n<ul  class=\"tribe-related-events tribe-clearfix\" >\n\t\t\t<li>\n\t\n<div class=\"tribe-related-events-thumbnail\">\n\t<a href=\"https:\/\/www.montanhismo-guarda.pt\/portal\/evento\/lagoas-escondidas-da-estrela\/\" class=\"url\" rel=\"bookmark\" tabindex=\"-1\" aria-hidden=\"true\"><img loading=\"lazy\" decoding=\"async\" width=\"525\" height=\"760\" src=\"https:\/\/www.montanhismo-guarda.pt\/portal\/wp-content\/uploads\/2026\/01\/Cartaz_TravessiaMaio2026-707x1024.jpg\" class=\"attachment-large size-large wp-post-image\" alt=\"\" \/><\/a>\n<\/div>\n\t<div class=\"tribe-related-event-info\">\n\t<h3 class=\"tribe-related-events-title\">\n\t\t<a href=\"https:\/\/www.montanhismo-guarda.pt\/portal\/evento\/lagoas-escondidas-da-estrela\/\" class=\"tribe-event-url\" rel=\"bookmark\">\n\t\t\tDa Bou\u00e7a \u00e0 Varanda dos Pastores\t\t<\/a>\n\t<\/h3>\n\t<span class=\"tribe-event-date-start\">17 de Maio<\/span><\/div>\n<\/li>\n\t\t\t<li>\n\t\n<div class=\"tribe-related-events-thumbnail\">\n\t<a href=\"https:\/\/www.montanhismo-guarda.pt\/portal\/evento\/atividade-nos-picos-de-europa\/\" class=\"url\" rel=\"bookmark\" tabindex=\"-1\" aria-hidden=\"true\"><img loading=\"lazy\" decoding=\"async\" width=\"525\" height=\"760\" src=\"https:\/\/www.montanhismo-guarda.pt\/portal\/wp-content\/uploads\/2026\/01\/Cartaz-Picos-Europa-2026-707x1024.jpg\" class=\"attachment-large size-large wp-post-image\" alt=\"\" \/><\/a>\n<\/div>\n\t<div class=\"tribe-related-event-info\">\n\t<h3 class=\"tribe-related-events-title\">\n\t\t<a href=\"https:\/\/www.montanhismo-guarda.pt\/portal\/evento\/atividade-nos-picos-de-europa\/\" class=\"tribe-event-url\" rel=\"bookmark\">\n\t\t\tAtividade nos Picos de Europa\t\t<\/a>\n\t<\/h3>\n\t<span class=\"tribe-event-date-start\">4 de Junho<\/span> \u2014 <span class=\"tribe-event-date-end\">7 de Junho<\/span><\/div>\n<\/li>\n\t\t\t<li>\n\t\n<div class=\"tribe-related-events-thumbnail\">\n\t<a href=\"https:\/\/www.montanhismo-guarda.pt\/portal\/evento\/entre-ocultos-circos-glaciarios\/\" class=\"url\" rel=\"bookmark\" tabindex=\"-1\" aria-hidden=\"true\"><img loading=\"lazy\" decoding=\"async\" width=\"525\" height=\"760\" src=\"https:\/\/www.montanhismo-guarda.pt\/portal\/wp-content\/uploads\/2026\/01\/Cartaz_LagoasReconditasGredos_2026-707x1024.jpg\" class=\"attachment-large size-large wp-post-image\" alt=\"\" \/><\/a>\n<\/div>\n\t<div class=\"tribe-related-event-info\">\n\t<h3 class=\"tribe-related-events-title\">\n\t\t<a href=\"https:\/\/www.montanhismo-guarda.pt\/portal\/evento\/entre-ocultos-circos-glaciarios\/\" class=\"tribe-event-url\" rel=\"bookmark\">\n\t\t\tLagoas Rec\u00f4nditas de Gredos\t\t<\/a>\n\t<\/h3>\n\t<span class=\"tribe-event-date-start\">20 de Junho<\/span> \u2014 <span class=\"tribe-event-date-end\">21 de Junho<\/span><\/div>\n<\/li>\n\t<\/ul>\n","protected":false},"excerpt":{"rendered":"<p>Programa Dia_257:00 Concentra\u00e7\u00e3o na Sede do CMG ~:~ Pernoita em Refugio El Pingarr\u00f3n [ver Pernoita] Dia_265:30 Desloca\u00e7\u00e3o at\u00e9 ao local de in\u00edcio da actividade e in\u00edcio da mesma.Percurso circular\u2248 6.5 &hellip; <\/p>\n<p class=\"link-more\"><a href=\"https:\/\/www.montanhismo-guarda.pt\/portal\/evento\/circular-a-laguna-de-guadarrama\" class=\"more-link\">Continuar a ler <span class=\"screen-reader-text\">&#8220;Circular \u00e0 Laguna de Guadarrama&#8221;<\/span><\/a><\/p>\n","protected":false},"author":1,"featured_media":4785,"template":"","meta":{"_acf_changed":false,"_tec_requires_first_save":false,"_EventAllDay":true,"_EventTimezone":"Europe\/Lisbon","_EventStartDate":"2024-05-25 00:00:00","_EventEndDate":"2024-05-26 23:59:59","_EventStartDateUTC":"2024-05-24 23:00:00","_EventEndDateUTC":"2024-05-26 22:59:59","_EventShowMap":true,"_EventShowMapLink":true,"_EventURL":"","_EventCost":"","_EventCostDescription":"","_EventCurrencySymbol":"\u20ac","_EventCurrencyCode":"USD","_EventCurrencyPosition":"suffix","_EventDateTimeSeparator":" \u00e0s ","_EventTimeRangeSeparator":" \u2014 ","_EventOrganizerID":[],"_EventVenueID":[0],"_OrganizerEmail":"","_OrganizerPhone":"","_OrganizerWebsite":"","_VenueAddress":"","_VenueCity":"","_VenueCountry":"","_VenueProvince":"","_VenueState":"","_VenueZip":"","_VenuePhone":"","_VenueURL":"","_VenueStateProvince":"","_VenueLat":"","_VenueLng":"","_VenueShowMap":false,"_VenueShowMapLink":false,"_tribe_blocks_recurrence_rules":"","_tribe_blocks_recurrence_description":"","_tribe_blocks_recurrence_exclusions":"","_tribe_events_status":"","_tribe_events_status_reason":"","_tribe_events_is_hybrid":"","_tribe_events_is_virtual":"","_tribe_events_virtual_video_source":"","_tribe_events_virtual_embed_video":"","_tribe_events_virtual_linked_button_text":"","_tribe_events_virtual_linked_button":"","_tribe_events_virtual_show_embed_at":"","_tribe_events_virtual_show_embed_to":[],"_tribe_events_virtual_show_on_event":"","_tribe_events_virtual_show_on_views":"","_tribe_events_virtual_url":"","footnotes":""},"tags":[90,145,73],"tribe_events_cat":[119],"class_list":["post-4525","tribe_events","type-tribe_events","status-publish","has-post-thumbnail","hentry","tag-espanha","tag-estival","tag-travessias-de-montanha","tribe_events_cat-montanha","cat_montanha"],"acf":[],"_links":{"self":[{"href":"https:\/\/www.montanhismo-guarda.pt\/portal\/wp-json\/wp\/v2\/tribe_events\/4525","targetHints":{"allow":["GET"]}}],"collection":[{"href":"https:\/\/www.montanhismo-guarda.pt\/portal\/wp-json\/wp\/v2\/tribe_events"}],"about":[{"href":"https:\/\/www.montanhismo-guarda.pt\/portal\/wp-json\/wp\/v2\/types\/tribe_events"}],"author":[{"embeddable":true,"href":"https:\/\/www.montanhismo-guarda.pt\/portal\/wp-json\/wp\/v2\/users\/1"}],"version-history":[{"count":4,"href":"https:\/\/www.montanhismo-guarda.pt\/portal\/wp-json\/wp\/v2\/tribe_events\/4525\/revisions"}],"predecessor-version":[{"id":4793,"href":"https:\/\/www.montanhismo-guarda.pt\/portal\/wp-json\/wp\/v2\/tribe_events\/4525\/revisions\/4793"}],"wp:featuredmedia":[{"embeddable":true,"href":"https:\/\/www.montanhismo-guarda.pt\/portal\/wp-json\/wp\/v2\/media\/4785"}],"wp:attachment":[{"href":"https:\/\/www.montanhismo-guarda.pt\/portal\/wp-json\/wp\/v2\/media?parent=4525"}],"wp:term":[{"taxonomy":"post_tag","embeddable":true,"href":"https:\/\/www.montanhismo-guarda.pt\/portal\/wp-json\/wp\/v2\/tags?post=4525"},{"taxonomy":"tribe_events_cat","embeddable":true,"href":"https:\/\/www.montanhismo-guarda.pt\/portal\/wp-json\/wp\/v2\/tribe_events_cat?post=4525"}],"curies":[{"name":"wp","href":"https:\/\/api.w.org\/{rel}","templated":true}]}}