{"id":4945,"date":"2025-01-04T14:42:45","date_gmt":"2025-01-04T14:42:45","guid":{"rendered":"http:\/\/www.montanhismo-guarda.pt\/portal\/?post_type=tribe_events&#038;p=4945"},"modified":"2025-02-11T22:52:58","modified_gmt":"2025-02-11T22:52:58","slug":"marcha-das-amendoeiras-em-flor-2025","status":"publish","type":"tribe_events","link":"https:\/\/www.montanhismo-guarda.pt\/portal\/evento\/marcha-das-amendoeiras-em-flor-2025","title":{"rendered":"Marcha das Amendoeiras em Flor 2025"},"content":{"rendered":"<div  class=\"tribe-events-schedule tribe-clearfix\" >\n\t<p class=\"tribe-events-schedule__datetime\">\n\t\t<span class=\"tribe-events-schedule__date tribe-events-schedule__date--start\">\n\t\t\t23 de Fevereiro de 2025\t\t<\/span>\n\n\t\t\t\t\t<span class=\"tribe-events-schedule__all-day\">Todo o dia<\/span>\n\t\t\n\t\t\t<\/p>\n<\/div>\n\n\n<figure class=\"wp-block-post-featured-image\"><img loading=\"lazy\" decoding=\"async\" width=\"1767\" height=\"2560\" src=\"https:\/\/www.montanhismo-guarda.pt\/portal\/wp-content\/uploads\/2025\/02\/Cartaz_MarchaAmendoeiras2025-scaled.jpg\" class=\"attachment-post-thumbnail size-post-thumbnail wp-post-image\" alt=\"\" style=\"object-fit:cover;\" srcset=\"https:\/\/www.montanhismo-guarda.pt\/portal\/wp-content\/uploads\/2025\/02\/Cartaz_MarchaAmendoeiras2025-scaled.jpg 1767w, https:\/\/www.montanhismo-guarda.pt\/portal\/wp-content\/uploads\/2025\/02\/Cartaz_MarchaAmendoeiras2025-207x300.jpg 207w, https:\/\/www.montanhismo-guarda.pt\/portal\/wp-content\/uploads\/2025\/02\/Cartaz_MarchaAmendoeiras2025-707x1024.jpg 707w, https:\/\/www.montanhismo-guarda.pt\/portal\/wp-content\/uploads\/2025\/02\/Cartaz_MarchaAmendoeiras2025-768x1112.jpg 768w, https:\/\/www.montanhismo-guarda.pt\/portal\/wp-content\/uploads\/2025\/02\/Cartaz_MarchaAmendoeiras2025-1060x1536.jpg 1060w, https:\/\/www.montanhismo-guarda.pt\/portal\/wp-content\/uploads\/2025\/02\/Cartaz_MarchaAmendoeiras2025-1414x2048.jpg 1414w\" sizes=\"auto, 100vw\" \/><\/figure>\n\n\n<div class=\"wp-block-columns is-layout-flex wp-container-core-columns-is-layout-9d6595d7 wp-block-columns-is-layout-flex\">\n<div class=\"wp-block-column is-layout-flow wp-block-column-is-layout-flow\">\n<h2 class=\"wp-block-heading\">Programa<\/h2>\n\n\n\n<figure class=\"wp-block-table is-style-stripes\"><table><tbody><tr><td><strong>Dia_23<br>7:10<\/strong><\/td><td>Concentra\u00e7\u00e3o na <strong>Sede do CMG<\/strong> e transporte de autocarro <a href=\"#transporte\">[ver Transporte]<\/a><\/td><\/tr><tr><td><strong>9:00<\/strong><\/td><td>Chegada ao miradouro do Penedo Dur\u00e3o<\/td><\/tr><tr><td><strong>9:15<\/strong><\/td><td>In\u00edcio da actividade.<br>Percurso <strong>linear<\/strong>:<br><strong>\u2248 3 horas e 30 minutos<\/strong> de dura\u00e7\u00e3o<br><strong>\u2248 14 kms<\/strong> de dist\u00e2ncia<br><strong>Dificuldade t\u00e9cnica f\u00e1cil (m\u00e9dia numa pequena parte ao final)<\/strong><br><strong>Dificuldade f\u00edsica f\u00e1cil\/moderada<\/strong><\/td><\/tr><tr><td><strong><strong><strong><strong>\u224813:15<\/strong><\/strong><\/strong><\/strong><\/td><td>Fim da marcha e in\u00edcio do pic-nic <a href=\"#almo\u00e7o\">[ver Almo\u00e7o]<\/a><\/td><\/tr><tr><td><strong>\u224816:30<\/strong><\/td><td>Regresso \u00e0 Guarda <a href=\"#transporte\">[ver Transporte]<\/a><\/td><\/tr><tr><td><strong>18:00~19:00<\/strong><\/td><td>Chegada \u00e0 Guarda<\/td><\/tr><\/tbody><\/table><\/figure>\n\n\n\n<h4 class=\"wp-block-heading\">Material aconselh\u00e1vel<\/h4>\n\n\n\n<p>Cal\u00e7ado&nbsp;confort\u00e1&nbsp;de&nbsp;caminhada,&nbsp;corta-vento adequado \u00e0s condi\u00e7\u00f5es meteorol\u00f3gicas previstas,&nbsp;cantil\/\u00e1gua,&nbsp;bast\u00f5e&nbsp;de&nbsp;caminhada&nbsp;e mochila com&nbsp;pequeno&nbsp;refor\u00e7o&nbsp;alimentar.<\/p>\n\n\n\n<h4 class=\"wp-block-heading\" id=\"transporte\">Transporte<\/h4>\n\n\n\n<p>O transporte ser\u00e1 em autocarro e sai da sede do clube \u00e0s 7:10.<\/p>\n\n\n\n<p>Por volta das 16h30m regressaremos \u00e0 nossa Guarda onde desejamos chegar pelas 18:00~19:00.<\/p>\n\n\n\n<h4 class=\"wp-block-heading\" id=\"almo\u00e7o\">Almo\u00e7o<\/h4>\n\n\n\n<p>No final da\u00a0marcha\u00a0realizaremos\u00a0o habitual pic-nic\/conv\u00edvio junto ao Rio Douro.<\/p>\n\n\n\n<p>Depois do pic-nic, pelas 15:00~15:30 iremos, j\u00e1 de autocarro,\u00a0at\u00e9 Barca d&#8217;Alva onde teremos tempo para o tradicional caf\u00e9zinho\u00a0e uma pequena visita, para depois regressaremos \u00e0 Guarda.<\/p>\n<\/div>\n\n\n\n<div class=\"wp-block-column is-layout-flow wp-block-column-is-layout-flow\">\n<h2 class=\"wp-block-heading\">Inscri\u00e7\u00e3o<\/h2>\n\n\n\n<p>As <a href=\"#inscrever\">inscri\u00e7\u00f5es ser\u00e3o aceites at\u00e9 dia <strong>20 de fevereiro<\/strong>, atrav\u00e9s do <strong>formul\u00e1rio<\/strong> a que pode aceder mais abaixo.<\/a><\/p>\n\n\n\n<h4 class=\"wp-block-heading\">Comparticipa\u00e7\u00e3o log\u00edstica<\/h4>\n\n\n\n<ul class=\"wp-block-list\">\n<li><strong>12\u20ac<\/strong> <sub>(para <strong>s\u00f3cios<\/strong> do clube com quotas em dia)<\/sub><\/li>\n\n\n\n<li><strong>18\u20ac<\/strong> <sub>(para <strong>restantes participantes<\/strong>)<\/sub><\/li>\n<\/ul>\n\n\n\n<p><a href=\"#pagamentos\">[ver Pagamentos]<\/a><\/p>\n\n\n\n<h4 class=\"wp-block-heading\">Observa\u00e7\u00f5es<\/h4>\n\n\n\n<p>Os companheiros que n\u00e3o sejam possuidores de seguro de acidentes pessoais, e pretendam que seja o clube a tratar disso, devem comunic\u00e1-lo no ato da inscri\u00e7\u00e3o (preenchimento completo do formul\u00e1rio de inscri\u00e7\u00e3o), indicando o NIF, BI\/CC, data de&nbsp;nascimento e contacto telef\u00f3nico. <a href=\"#pagamentos\">[ver Pagamentos]<\/a><\/p>\n\n\n\n<h4 class=\"wp-block-heading\" id=\"pagamentos\">Pagamentos<\/h4>\n\n\n\n<p>Podem realizar os pagamentos (atividade e\/ou seguro e\/ou quota anual) para o NIB do clube &#8211;&nbsp;&nbsp;PT 50 0035 0360 000 &nbsp;33879431 17 &#8211; ou por via de MBWAY para o numero do clube &#8211; 966282054 &#8211; (identificando sempre o pagamento\/s\u00f3cio).<\/p>\n\n\n\n<h4 class=\"wp-block-heading\">Respons\u00e1veis pela Actividade<\/h4>\n\n\n\n<p><a href=\"tel:+351966311926\" target=\"_blank\" rel=\"noreferrer noopener\">Messias Janeiro (966 311 926)<\/a> <sub>Chamada para rede m\u00f3vel nacional<\/sub><\/p>\n\n\n\n<p><a rel=\"noreferrer noopener\" href=\"tel:+351966478807\" target=\"_blank\">Jo\u00e3o&nbsp;Gon\u00e7alves (966 478 807)<\/a> <sub>Chamada para rede m\u00f3vel nacional<\/sub><\/p>\n\n\n\n<p><a href=\"tel:+351969057943\" target=\"_blank\" rel=\"noreferrer noopener\">Jorge Guerra (969 057 943)<\/a> <sub>Chamada para rede m\u00f3vel nacional<\/sub><\/p>\n\n\n\n<div class=\"wp-block-buttons is-content-justification-center is-layout-flex wp-container-core-buttons-is-layout-16018d1d wp-block-buttons-is-layout-flex\" id=\"inscrever\">\n<div class=\"wp-block-button is-style-outline is-style-outline--1\"><a class=\"wp-block-button__link wp-element-button\" href=\"https:\/\/forms.gle\/zTpUh7Dc4VH4wh4u8\" target=\"_blank\" rel=\"noreferrer noopener\">Inscrever<\/a><\/div>\n<\/div>\n<\/div>\n<\/div>\n\n\n<div  class=\"tribe-block tribe-block__event-price\" >\n\t\t<\/div>\n\n\n\n\n<div  class=\"tribe-block tribe-block__venue tribe-clearfix\" >\n\t\n\t\t\n\t<\/div>\n\n\n\n\n\t<div  class=\"tribe-block tribe-block__events-link\" >\n\t\t<div class=\"tribe-events tribe-common\">\n\t\t\t<div class=\"tribe-events-c-subscribe-dropdown__container\">\n\t\t\t\t<div class=\"tribe-events-c-subscribe-dropdown\">\n\t\t\t\t\t<div class=\"tribe-common-c-btn-border tribe-events-c-subscribe-dropdown__button\">\n\t\t\t\t\t\t<svg\n\t class=\"tribe-common-c-svgicon tribe-common-c-svgicon--cal-export tribe-events-c-subscribe-dropdown__export-icon\" \taria-hidden=\"true\"\n\tviewBox=\"0 0 23 17\"\n\txmlns=\"http:\/\/www.w3.org\/2000\/svg\"\n>\n\t<path fill-rule=\"evenodd\" clip-rule=\"evenodd\" d=\"M.128.896V16.13c0 .211.145.383.323.383h15.354c.179 0 .323-.172.323-.383V.896c0-.212-.144-.383-.323-.383H.451C.273.513.128.684.128.896Zm16 6.742h-.901V4.679H1.009v10.729h14.218v-3.336h.901V7.638ZM1.01 1.614h14.218v2.058H1.009V1.614Z\" \/>\n\t<path d=\"M20.5 9.846H8.312M18.524 6.953l2.89 2.909-2.855 2.855\" stroke-width=\"1.2\" stroke-linecap=\"round\" stroke-linejoin=\"round\"\/>\n<\/svg>\n\t\t\t\t\t\t<button\n\t\t\t\t\t\t\tclass=\"tribe-events-c-subscribe-dropdown__button-text\"\n\t\t\t\t\t\t\taria-expanded=\"false\"\n\t\t\t\t\t\t\taria-controls=\"tribe-events-subscribe-dropdown-content\"\n\t\t\t\t\t\t\taria-label=\"View links to add events to your calendar\"\n\t\t\t\t\t\t>\n\t\t\t\t\t\t\tAdicionar ao calend\u00e1rio\t\t\t\t\t\t<\/button>\n\t\t\t\t\t\t<svg\n\t class=\"tribe-common-c-svgicon tribe-common-c-svgicon--caret-down tribe-events-c-subscribe-dropdown__button-icon\" \taria-hidden=\"true\"\n\tviewBox=\"0 0 10 7\"\n\txmlns=\"http:\/\/www.w3.org\/2000\/svg\"\n>\n\t<path fill-rule=\"evenodd\" clip-rule=\"evenodd\" d=\"M1.008.609L5 4.6 8.992.61l.958.958L5 6.517.05 1.566l.958-.958z\" class=\"tribe-common-c-svgicon__svg-fill\"\/>\n<\/svg>\n\t\t\t\t\t<\/div>\n\t\t\t\t\t<div id=\"tribe-events-subscribe-dropdown-content\" class=\"tribe-events-c-subscribe-dropdown__content\">\n\t\t\t\t\t\t<ul class=\"tribe-events-c-subscribe-dropdown__list\">\n\t\t\t\t\t\t\t\t\t\t\t\t\t\t\t<li class=\"tribe-events-c-subscribe-dropdown__list-item tribe-events-c-subscribe-dropdown__list-item--gcal\">\n\t\t\t\t\t\t\t\t\t<a\n\t\t\t\t\t\t\t\t\t\thref=\"https:\/\/www.google.com\/calendar\/event?action=TEMPLATE&#038;dates=20250223T000000\/20250223T235959&#038;text=Marcha%20das%20Amendoeiras%20em%20Flor%202025&#038;details=%3Cdiv+class%3D%22wp-block-columns%22%3E%3Cdiv+class%3D%22wp-block-column%22%3E%3Ch2+class%3D%22wp-block-heading%22%3EPrograma%3C%2Fh2%3E%3Cfigure+class%3D%22wp-block-table+is-style-stripes%22%3E%3Ctable%3E%3Ctbody%3E%3Ctr%3E%3Ctd%3E%3Cstrong%3EDia_23%3Cbr+%2F%3E7%3A10%3C%2Fstrong%3E%3C%2Ftd%3E%3Ctd%3EConcentra%C3%A7%C3%A3o+na+%3Cstrong%3ESede+do+CMG%3C%2Fstrong%3E+e+transporte+de+autocarro+%3Ca+href%3D%22%23transporte%22%3E%5Bver+Transporte%5D%3C%2Fa%3E%3C%2Ftd%3E%3C%2Ftr%3E%3Ctr%3E%3Ctd%3E%3Cstrong%3E9%3A00%3C%2Fstrong%3E%3C%2Ftd%3E%3Ctd%3EChegada+ao+miradouro+do+Penedo+Dur%C3%A3o%3C%2Ftd%3E%3C%2Ftr%3E%3Ctr%3E%3Ctd%3E%3Cstrong%3E9%3A15%3C%2Fstrong%3E%3C%2Ftd%3E%3Ctd%3EIn%C3%ADcio+da+actividade.%3Cbr+%2F%3EPercurso+%3Cstrong%3Elinear%3C%2Fstrong%3E%3A%3Cbr+%2F%3E%3Cstrong%3E%E2%89%88+3+horas+e+30+minutos%3C%2Fstrong%3E+de+dura%C3%A7%C3%A3o%3Cbr+%2F%3E%3Cstrong%3E%E2%89%88+14+kms%3C%2Fstrong%3E+de+dist%C3%A2ncia%3Cbr+%2F%3E%3Cstrong%3EDificuldade+t%C3%A9cnica+f%C3%A1cil+%28m%C3%A9dia+numa+pequena+parte+ao+final%29%3C%2Fstrong%3E%3Cbr+%2F%3E%3Cstrong%3EDificuldade+f%C3%ADsica+f%C3%A1cil%2Fmoderada%3C%2Fstrong%3E%3C%2Ftd%3E%3C%2Ftr%3E%3Ctr%3E%3Ctd%3E%3Cstrong%3E%3C%2Fstrong%3E%3Cstrong%3E%3C%2Fstrong%3E%3Cstrong%3E%3C%2Fstrong%3E%3Cstrong%3E%E2%89%8813%3A15%3C%2Fstrong%3E%3C%2Ftd%3E%3Ctd%3EFim+da+marcha+e+in%C3%ADcio+do+pic-nic+%3Ca+href%3D%22%23almo%C3%A7o%22%3E%5Bver+Almo%C3%A7o%5D%3C%2Fa%3E%3C%2Ftd%3E%3C%2Ftr%3E%3Ctr%3E%3Ctd%3E%3Cstrong%3E%E2%89%8816%3A30%3C%2Fstrong%3E%3C%2Ftd%3E%3C%3C%2Ftr%3E%3C%2Ftbody%3E%3C%2Ftable%3E%3C%2Ffigure%3E%3C%2Fdiv%3E%3C%2Fdiv%3E+%28Veja+a+descri%C3%A7%C3%A3o+completa+de+evento+aqui%3A+https%3A%2F%2Fwww.montanhismo-guarda.pt%2Fportal%2Fevento%2Fmarcha-das-amendoeiras-em-flor-2025%29&#038;trp=false&#038;ctz=Europe\/Lisbon&#038;sprop=website:https:\/\/www.montanhismo-guarda.pt\/portal\"\n\t\t\t\t\t\t\t\t\t\tclass=\"tribe-events-c-subscribe-dropdown__list-item-link\"\n\t\t\t\t\t\t\t\t\t\ttarget=\"_blank\"\n\t\t\t\t\t\t\t\t\t\trel=\"noopener noreferrer nofollow noindex\"\n\t\t\t\t\t\t\t\t\t>\n\t\t\t\t\t\t\t\t\t\tCalend\u00e1rio Google\t\t\t\t\t\t\t\t\t<\/a>\n\t\t\t\t\t\t\t\t<\/li>\n\t\t\t\t\t\t\t\t\t\t\t\t\t\t\t<li class=\"tribe-events-c-subscribe-dropdown__list-item tribe-events-c-subscribe-dropdown__list-item--ical\">\n\t\t\t\t\t\t\t\t\t<a\n\t\t\t\t\t\t\t\t\t\thref=\"\"\n\t\t\t\t\t\t\t\t\t\tclass=\"tribe-events-c-subscribe-dropdown__list-item-link\"\n\t\t\t\t\t\t\t\t\t\ttarget=\"_blank\"\n\t\t\t\t\t\t\t\t\t\trel=\"noopener noreferrer nofollow noindex\"\n\t\t\t\t\t\t\t\t\t>\n\t\t\t\t\t\t\t\t\t\tiCalendar\t\t\t\t\t\t\t\t\t<\/a>\n\t\t\t\t\t\t\t\t<\/li>\n\t\t\t\t\t\t\t\t\t\t\t\t\t\t\t<li class=\"tribe-events-c-subscribe-dropdown__list-item tribe-events-c-subscribe-dropdown__list-item--outlook-365\">\n\t\t\t\t\t\t\t\t\t<a\n\t\t\t\t\t\t\t\t\t\thref=\"\"\n\t\t\t\t\t\t\t\t\t\tclass=\"tribe-events-c-subscribe-dropdown__list-item-link\"\n\t\t\t\t\t\t\t\t\t\ttarget=\"_blank\"\n\t\t\t\t\t\t\t\t\t\trel=\"noopener noreferrer nofollow noindex\"\n\t\t\t\t\t\t\t\t\t>\n\t\t\t\t\t\t\t\t\t\tOutlook 365\t\t\t\t\t\t\t\t\t<\/a>\n\t\t\t\t\t\t\t\t<\/li>\n\t\t\t\t\t\t\t\t\t\t\t\t\t\t\t<li class=\"tribe-events-c-subscribe-dropdown__list-item tribe-events-c-subscribe-dropdown__list-item--outlook-live\">\n\t\t\t\t\t\t\t\t\t<a\n\t\t\t\t\t\t\t\t\t\thref=\"\"\n\t\t\t\t\t\t\t\t\t\tclass=\"tribe-events-c-subscribe-dropdown__list-item-link\"\n\t\t\t\t\t\t\t\t\t\ttarget=\"_blank\"\n\t\t\t\t\t\t\t\t\t\trel=\"noopener noreferrer nofollow noindex\"\n\t\t\t\t\t\t\t\t\t>\n\t\t\t\t\t\t\t\t\t\tOutlook Live\t\t\t\t\t\t\t\t\t<\/a>\n\t\t\t\t\t\t\t\t<\/li>\n\t\t\t\t\t\t\t\t\t\t\t\t\t<\/ul>\n\t\t\t\t\t<\/div>\n\t\t\t\t<\/div>\n\t\t\t<\/div>\n\t\t<\/div>\n\t<\/div>\n\n\n\n<h2 class=\"tribe-block__related-events__title\">Related Events<\/h2>\n\n<ul  class=\"tribe-related-events tribe-clearfix\" >\n\t\t\t<li>\n\t\n<div class=\"tribe-related-events-thumbnail\">\n\t<a href=\"https:\/\/www.montanhismo-guarda.pt\/portal\/evento\/atividade-no-montesinho\/\" class=\"url\" rel=\"bookmark\" tabindex=\"-1\" aria-hidden=\"true\"><img loading=\"lazy\" decoding=\"async\" width=\"525\" height=\"760\" src=\"https:\/\/www.montanhismo-guarda.pt\/portal\/wp-content\/uploads\/2026\/01\/Cartaz-Montesinho-2026_2-707x1024.jpg\" class=\"attachment-large size-large wp-post-image\" alt=\"\" \/><\/a>\n<\/div>\n\t<div class=\"tribe-related-event-info\">\n\t<h3 class=\"tribe-related-events-title\">\n\t\t<a href=\"https:\/\/www.montanhismo-guarda.pt\/portal\/evento\/atividade-no-montesinho\/\" class=\"tribe-event-url\" rel=\"bookmark\">\n\t\t\tAtividade no Montesinho\t\t<\/a>\n\t<\/h3>\n\t<span class=\"tribe-event-date-start\">1 de Maio<\/span> \u2014 <span class=\"tribe-event-date-end\">3 de Maio<\/span><\/div>\n<\/li>\n\t\t\t<li>\n\t\n<div class=\"tribe-related-events-thumbnail\">\n\t<a href=\"https:\/\/www.montanhismo-guarda.pt\/portal\/evento\/atividade-nos-picos-de-europa\/\" class=\"url\" rel=\"bookmark\" tabindex=\"-1\" aria-hidden=\"true\"><img loading=\"lazy\" decoding=\"async\" width=\"525\" height=\"760\" src=\"https:\/\/www.montanhismo-guarda.pt\/portal\/wp-content\/uploads\/2026\/01\/Cartaz-Picos-Europa-2026-707x1024.jpg\" class=\"attachment-large size-large wp-post-image\" alt=\"\" \/><\/a>\n<\/div>\n\t<div class=\"tribe-related-event-info\">\n\t<h3 class=\"tribe-related-events-title\">\n\t\t<a href=\"https:\/\/www.montanhismo-guarda.pt\/portal\/evento\/atividade-nos-picos-de-europa\/\" class=\"tribe-event-url\" rel=\"bookmark\">\n\t\t\tAtividade nos Picos de Europa\t\t<\/a>\n\t<\/h3>\n\t<span class=\"tribe-event-date-start\">4 de Junho<\/span> \u2014 <span class=\"tribe-event-date-end\">7 de Junho<\/span><\/div>\n<\/li>\n\t\t\t<li>\n\t\n<div class=\"tribe-related-events-thumbnail\">\n\t<a href=\"https:\/\/www.montanhismo-guarda.pt\/portal\/evento\/marcha-junho-2026\/\" class=\"url\" rel=\"bookmark\" tabindex=\"-1\" aria-hidden=\"true\"><img loading=\"lazy\" decoding=\"async\" width=\"525\" height=\"760\" src=\"https:\/\/www.montanhismo-guarda.pt\/portal\/wp-content\/uploads\/2026\/01\/Cartaz-MarchaJulho2026-707x1024.jpg\" class=\"attachment-large size-large wp-post-image\" alt=\"\" \/><\/a>\n<\/div>\n\t<div class=\"tribe-related-event-info\">\n\t<h3 class=\"tribe-related-events-title\">\n\t\t<a href=\"https:\/\/www.montanhismo-guarda.pt\/portal\/evento\/marcha-junho-2026\/\" class=\"tribe-event-url\" rel=\"bookmark\">\n\t\t\tNo Trilho Onde o Morto Matou o Vivo\t\t<\/a>\n\t<\/h3>\n\t<span class=\"tribe-event-date-start\">19 de Julho<\/span><\/div>\n<\/li>\n\t<\/ul>\n","protected":false},"excerpt":{"rendered":"<p>Programa Dia_237:10 Concentra\u00e7\u00e3o na Sede do CMG e transporte de autocarro [ver Transporte] 9:00 Chegada ao miradouro do Penedo Dur\u00e3o 9:15 In\u00edcio da actividade.Percurso linear:\u2248 3 horas e 30 minutos &hellip; <\/p>\n<p class=\"link-more\"><a href=\"https:\/\/www.montanhismo-guarda.pt\/portal\/evento\/marcha-das-amendoeiras-em-flor-2025\" class=\"more-link\">Continuar a ler <span class=\"screen-reader-text\">&#8220;Marcha das Amendoeiras em Flor 2025&#8221;<\/span><\/a><\/p>\n","protected":false},"author":1,"featured_media":5155,"template":"","meta":{"_acf_changed":false,"_tec_requires_first_save":false,"_EventAllDay":true,"_EventTimezone":"Europe\/Lisbon","_EventStartDate":"2025-02-23 00:00:00","_EventEndDate":"2025-02-23 23:59:59","_EventStartDateUTC":"2025-02-23 00:00:00","_EventEndDateUTC":"2025-02-23 23:59:59","_EventShowMap":false,"_EventShowMapLink":false,"_EventURL":"","_EventCost":"","_EventCostDescription":"","_EventCurrencySymbol":"\u20ac","_EventCurrencyCode":"USD","_EventCurrencyPosition":"suffix","_EventDateTimeSeparator":" \u00e0s ","_EventTimeRangeSeparator":" \u2014 ","_EventOrganizerID":[],"_EventVenueID":[],"_OrganizerEmail":"","_OrganizerPhone":"","_OrganizerWebsite":"","_VenueAddress":"","_VenueCity":"","_VenueCountry":"","_VenueProvince":"","_VenueState":"","_VenueZip":"","_VenuePhone":"","_VenueURL":"","_VenueStateProvince":"","_VenueLat":"","_VenueLng":"","_VenueShowMap":false,"_VenueShowMapLink":false,"_tribe_blocks_recurrence_rules":"","_tribe_blocks_recurrence_description":"","_tribe_blocks_recurrence_exclusions":"","_tribe_events_status":"","_tribe_events_status_reason":"","_tribe_events_is_hybrid":"","_tribe_events_is_virtual":"","_tribe_events_virtual_video_source":"","_tribe_events_virtual_embed_video":"","_tribe_events_virtual_linked_button_text":"","_tribe_events_virtual_linked_button":"","_tribe_events_virtual_show_embed_at":"","_tribe_events_virtual_show_embed_to":[],"_tribe_events_virtual_show_on_event":"","_tribe_events_virtual_show_on_views":"","_tribe_events_virtual_url":"","footnotes":""},"tags":[39],"tribe_events_cat":[120],"class_list":["post-4945","tribe_events","type-tribe_events","status-publish","has-post-thumbnail","hentry","tag-amendoeiras-em-flor","tribe_events_cat-pedestrianismo","cat_pedestrianismo"],"acf":[],"_links":{"self":[{"href":"https:\/\/www.montanhismo-guarda.pt\/portal\/wp-json\/wp\/v2\/tribe_events\/4945","targetHints":{"allow":["GET"]}}],"collection":[{"href":"https:\/\/www.montanhismo-guarda.pt\/portal\/wp-json\/wp\/v2\/tribe_events"}],"about":[{"href":"https:\/\/www.montanhismo-guarda.pt\/portal\/wp-json\/wp\/v2\/types\/tribe_events"}],"author":[{"embeddable":true,"href":"https:\/\/www.montanhismo-guarda.pt\/portal\/wp-json\/wp\/v2\/users\/1"}],"version-history":[{"count":3,"href":"https:\/\/www.montanhismo-guarda.pt\/portal\/wp-json\/wp\/v2\/tribe_events\/4945\/revisions"}],"predecessor-version":[{"id":5176,"href":"https:\/\/www.montanhismo-guarda.pt\/portal\/wp-json\/wp\/v2\/tribe_events\/4945\/revisions\/5176"}],"wp:featuredmedia":[{"embeddable":true,"href":"https:\/\/www.montanhismo-guarda.pt\/portal\/wp-json\/wp\/v2\/media\/5155"}],"wp:attachment":[{"href":"https:\/\/www.montanhismo-guarda.pt\/portal\/wp-json\/wp\/v2\/media?parent=4945"}],"wp:term":[{"taxonomy":"post_tag","embeddable":true,"href":"https:\/\/www.montanhismo-guarda.pt\/portal\/wp-json\/wp\/v2\/tags?post=4945"},{"taxonomy":"tribe_events_cat","embeddable":true,"href":"https:\/\/www.montanhismo-guarda.pt\/portal\/wp-json\/wp\/v2\/tribe_events_cat?post=4945"}],"curies":[{"name":"wp","href":"https:\/\/api.w.org\/{rel}","templated":true}]}}