{"id":4999,"date":"2025-01-05T13:09:13","date_gmt":"2025-01-05T13:09:13","guid":{"rendered":"http:\/\/www.montanhismo-guarda.pt\/portal\/?post_type=tribe_events&#038;p=4999"},"modified":"2025-11-14T19:22:15","modified_gmt":"2025-11-14T19:22:15","slug":"travessia-em-autonomia-2025","status":"publish","type":"tribe_events","link":"https:\/\/www.montanhismo-guarda.pt\/portal\/evento\/travessia-em-autonomia-2025","title":{"rendered":"Travessia em Autonomia &#8211; Cov\u00f5es da Estrela"},"content":{"rendered":"\n<div class=\"wp-block-group is-layout-flex wp-block-group-is-layout-flex\"><div  class=\"tribe-events-schedule tribe-clearfix\" >\n\t<p class=\"tribe-events-schedule__datetime\">\n\t\t<span class=\"tribe-events-schedule__date tribe-events-schedule__date--start\">\n\t\t\t7 de Dezembro de 2025\t\t<\/span>\n\n\t\t\t\t\t<span class=\"tribe-events-schedule__all-day\">Todo o dia<\/span>\n\t\t\n\t\t\t<\/p>\n<\/div>\n\n\n<div class=\"taxonomy-tribe_events_cat wp-block-post-terms\"><a href=\"https:\/\/www.montanhismo-guarda.pt\/portal\/eventos\/categoria\/montanha\" rel=\"tag\">Montanha<\/a><\/div>\n\n<div class=\"taxonomy-post_tag wp-block-post-terms has-small-font-size\"><span class=\"wp-block-post-terms__prefix\">(<\/span><a href=\"https:\/\/www.montanhismo-guarda.pt\/portal\/arquivo\/tag\/serra-da-estrela\" rel=\"tag\">Serra da Estrela<\/a><span class=\"wp-block-post-terms__separator\">, <\/span><a href=\"https:\/\/www.montanhismo-guarda.pt\/portal\/arquivo\/tag\/travessias-de-montanha\" rel=\"tag\">Travessias de Montanha<\/a><span class=\"wp-block-post-terms__suffix\">)<\/span><\/div><\/div>\n\n\n<figure class=\"aligncenter wp-block-post-featured-image\"><img loading=\"lazy\" decoding=\"async\" width=\"1767\" height=\"2560\" src=\"https:\/\/www.montanhismo-guarda.pt\/portal\/wp-content\/uploads\/2025\/01\/Cartaz_TravessiaNovembro20251-scaled.jpg\" class=\"attachment-post-thumbnail size-post-thumbnail wp-post-image\" alt=\"\" style=\"object-fit:cover;\" srcset=\"https:\/\/www.montanhismo-guarda.pt\/portal\/wp-content\/uploads\/2025\/01\/Cartaz_TravessiaNovembro20251-scaled.jpg 1767w, https:\/\/www.montanhismo-guarda.pt\/portal\/wp-content\/uploads\/2025\/01\/Cartaz_TravessiaNovembro20251-207x300.jpg 207w, https:\/\/www.montanhismo-guarda.pt\/portal\/wp-content\/uploads\/2025\/01\/Cartaz_TravessiaNovembro20251-707x1024.jpg 707w, https:\/\/www.montanhismo-guarda.pt\/portal\/wp-content\/uploads\/2025\/01\/Cartaz_TravessiaNovembro20251-768x1112.jpg 768w, https:\/\/www.montanhismo-guarda.pt\/portal\/wp-content\/uploads\/2025\/01\/Cartaz_TravessiaNovembro20251-1060x1536.jpg 1060w, https:\/\/www.montanhismo-guarda.pt\/portal\/wp-content\/uploads\/2025\/01\/Cartaz_TravessiaNovembro20251-1414x2048.jpg 1414w\" sizes=\"auto, 100vw\" \/><\/figure>\n\n\n<div class=\"wp-block-columns is-layout-flex wp-container-core-columns-is-layout-9d6595d7 wp-block-columns-is-layout-flex\">\n<div class=\"wp-block-column is-layout-flow wp-block-column-is-layout-flow\">\n<h2 class=\"wp-block-heading\">Programa<\/h2>\n\n\n\n<figure class=\"wp-block-table is-style-stripes\"><table><tbody><tr><td><strong>Dia_6<br>16:45<\/strong><\/td><td>Concentra\u00e7\u00e3o na <strong>Sede do CMG<\/strong> e desloca\u00e7\u00e3o para o alojamento.<\/td><\/tr><tr><td><strong>18:30<\/strong><\/td><td>Chegada ao alojamento <strong>Loriga Hostel &#8211; Feel Nature, Loriga<\/strong> check-in e instala\u00e7\u00e3o. <a href=\"#pernoita\">[ver Pernoita]<\/a><\/td><\/tr><tr><td><strong>Dia_7<br>7:00<\/strong><\/td><td>In\u00edcio da actividade.<br>Percurso <strong>linear<\/strong> <a href=\"#percurso\">[ver Percurso]<\/a>:<br><strong>\u2248 7 horas<\/strong> de dura\u00e7\u00e3o<br><strong>\u2248 15 kms<\/strong> de dist\u00e2ncia<br><strong>Fisicamente dif\u00edcil<\/strong><br><strong>Tecnicamente f\u00e1cil<\/strong><\/td><\/tr><\/tbody><\/table><\/figure>\n\n\n\n<h4 class=\"wp-block-heading\">Equipamento e Material<\/h4>\n\n\n\n<p>Cal\u00e7ado\u00a0confort\u00e1vel e robusto (botas preferencialmente), corta-vento (gore-tex preferencialmente, forro polar quente ou equivalente, gorro, luvas, bast\u00f5es, lanterna frontal e todo o material e equipamento individual necess\u00e1rio para uma travessia em ambiente de montanha outonal.<\/p>\n\n\n\n<h4 class=\"wp-block-heading\" id=\"pernoita\">Pernoita<\/h4>\n\n\n\n<p>A <strong>sa\u00edda<\/strong> para esta atividade realiza-se <strong>no dia 6 de dezembro<\/strong> e tem pernoita no Loriga Hostel &#8211; Feel Nature, na localidade de Loriga. Como h\u00e1 a necessidade de marca\u00e7\u00e3o das dormidas nessa unidade hoteleira com uma certa anteced\u00eancia, recomenda-se que os interessados em participar na atividade sejam lestos na sua inscri\u00e7\u00e3o.<\/p>\n\n\n\n<h4 class=\"wp-block-heading\" id=\"percurso\">Percurso<\/h4>\n\n\n\n<p>Loriga \u2014 Cov\u00e3o da Areia \u2014 Cov\u00e3o da Nave \u2014 Cov\u00e3o do Meio \u2014 Cov\u00e3o do Boeiro \u2014 Cov\u00e3o do Quelhas \u2014 Torre \u2014 Terroeiro \u2014 Cov\u00e3o do Ferro<\/p>\n\n\n\n<ul class=\"wp-block-list\">\n<li>O tra\u00e7ado do percurso proposto est\u00e1 sujeito a altera\u00e7\u00f5es antes e durante o decorrer da atividade, sempre que a organiza\u00e7\u00e3o assim o bem entender.<\/li>\n<\/ul>\n<\/div>\n\n\n\n<div class=\"wp-block-column is-layout-flow wp-block-column-is-layout-flow\">\n<h2 class=\"wp-block-heading\">Inscri\u00e7\u00e3o<\/h2>\n\n\n\n<p><a href=\"#inscrever\">Inscri\u00e7\u00f5es ser\u00e3o aceites at\u00e9 \u00e0s <strong>20:00 do dia 1 de Dezembro<\/strong>, atrav\u00e9s do <strong>formul\u00e1rio<\/strong> a que pode aceder mais abaixo.<\/a><\/p>\n\n\n\n<p>Actividade limitada a 16 participantes.<\/p>\n\n\n\n<h4 class=\"wp-block-heading\">Comparticipa\u00e7\u00e3o log\u00edstica<\/h4>\n\n\n<div  class=\"tribe-block tribe-block__event-price\" >\n\t\t\t<span class=\"tribe-block__event-price__cost\"> 35\u20ac <\/span>\n\t\t\t\t<span class=\"tribe-block__event-price__description\">para s\u00f3cios do clube<\/span>\n\t<\/div>\n\n\n\n<p>Inclu\u00eddo: taxa inscri\u00e7\u00e3o atividade + pernoita <a href=\"#pagamentos\">[ver Pagamentos]<\/a><\/p>\n\n\n\n<h4 class=\"wp-block-heading\">Observa\u00e7\u00f5es<\/h4>\n\n\n\n<p>Esta atividade destina-se exclusivamente a s\u00f3cios do Clube de Montanhismo da Guarda com experi\u00eancia em travessias de longa dura\u00e7\u00e3o realizadas em total autonomia.<br>Todos os participantes dever\u00e3o obrigatoriamente estar na posse de seguro FPME ou outro que<br>cubra este tipo de atividades.<\/p>\n\n\n\n<h4 class=\"wp-block-heading\">Respons\u00e1vel pela Actividade<\/h4>\n\n\n\n<p><a rel=\"noreferrer noopener\" href=\"tel:+351967853399\" target=\"_blank\">S\u00e9rgio Pissarra (Contacto: 967 853 399)<\/a> <sub>Chamada para rede m\u00f3vel nacional<\/sub><\/p>\n\n\n\n<div id=\"inscrever\" class=\"wp-block-group is-content-justification-center is-nowrap is-layout-flex wp-container-core-group-is-layout-94bc23d7 wp-block-group-is-layout-flex\"><div  class=\"tribe-block tribe-block__event-website\" >\n\t<a\n\t\thref=\"https:\/\/forms.gle\/qDMqQDCkQKXkVLyq8\"\n\t\ttarget=\"_self\"\n\t\t\t>\n\t\tInscri\u00e7\u00e3o\t<\/a>\n<\/div>\n<\/div>\n<\/div>\n<\/div>\n\n\n\n<h2 class=\"wp-block-heading\" id=\"pagamentos\">Pagamentos<\/h2>\n\n\n\n<p>Podem realizar os pagamentos (atividade e\/ou seguro e\/ou quota anual) para o NIB do clube &#8211; PT 50 0035 0360 000 33879431 17 &#8211; ou por via de MBWAY para o n\u00famero do clube &#8211; 966282054 &#8211; (identificando sempre o pagamento\/s\u00f3cio).<\/p>\n\n\n\t<div  class=\"tribe-block tribe-block__events-link\" >\n\t\t<div class=\"tribe-events tribe-common\">\n\t\t\t<div class=\"tribe-events-c-subscribe-dropdown__container\">\n\t\t\t\t<div class=\"tribe-events-c-subscribe-dropdown\">\n\t\t\t\t\t<div class=\"tribe-common-c-btn-border tribe-events-c-subscribe-dropdown__button\">\n\t\t\t\t\t\t<svg\n\t class=\"tribe-common-c-svgicon tribe-common-c-svgicon--cal-export tribe-events-c-subscribe-dropdown__export-icon\" \taria-hidden=\"true\"\n\tviewBox=\"0 0 23 17\"\n\txmlns=\"http:\/\/www.w3.org\/2000\/svg\"\n>\n\t<path fill-rule=\"evenodd\" clip-rule=\"evenodd\" d=\"M.128.896V16.13c0 .211.145.383.323.383h15.354c.179 0 .323-.172.323-.383V.896c0-.212-.144-.383-.323-.383H.451C.273.513.128.684.128.896Zm16 6.742h-.901V4.679H1.009v10.729h14.218v-3.336h.901V7.638ZM1.01 1.614h14.218v2.058H1.009V1.614Z\" \/>\n\t<path d=\"M20.5 9.846H8.312M18.524 6.953l2.89 2.909-2.855 2.855\" stroke-width=\"1.2\" stroke-linecap=\"round\" stroke-linejoin=\"round\"\/>\n<\/svg>\n\t\t\t\t\t\t<button\n\t\t\t\t\t\t\tclass=\"tribe-events-c-subscribe-dropdown__button-text\"\n\t\t\t\t\t\t\taria-expanded=\"false\"\n\t\t\t\t\t\t\taria-controls=\"tribe-events-subscribe-dropdown-content\"\n\t\t\t\t\t\t\taria-label=\"View links to add events to your calendar\"\n\t\t\t\t\t\t>\n\t\t\t\t\t\t\tAdicionar ao calend\u00e1rio\t\t\t\t\t\t<\/button>\n\t\t\t\t\t\t<svg\n\t class=\"tribe-common-c-svgicon tribe-common-c-svgicon--caret-down tribe-events-c-subscribe-dropdown__button-icon\" \taria-hidden=\"true\"\n\tviewBox=\"0 0 10 7\"\n\txmlns=\"http:\/\/www.w3.org\/2000\/svg\"\n>\n\t<path fill-rule=\"evenodd\" clip-rule=\"evenodd\" d=\"M1.008.609L5 4.6 8.992.61l.958.958L5 6.517.05 1.566l.958-.958z\" class=\"tribe-common-c-svgicon__svg-fill\"\/>\n<\/svg>\n\t\t\t\t\t<\/div>\n\t\t\t\t\t<div id=\"tribe-events-subscribe-dropdown-content\" class=\"tribe-events-c-subscribe-dropdown__content\">\n\t\t\t\t\t\t<ul class=\"tribe-events-c-subscribe-dropdown__list\">\n\t\t\t\t\t\t\t\t\t\t\t\t\t\t\t<li class=\"tribe-events-c-subscribe-dropdown__list-item tribe-events-c-subscribe-dropdown__list-item--gcal\">\n\t\t\t\t\t\t\t\t\t<a\n\t\t\t\t\t\t\t\t\t\thref=\"https:\/\/www.google.com\/calendar\/event?action=TEMPLATE&#038;dates=20251207T000000\/20251207T235959&#038;text=Travessia%20em%20Autonomia%20%26%238211%3B%20Cov%C3%B5es%20da%20Estrela&#038;details=%3Cdiv+class%3D%22wp-block-group%22%3E%3C%2Fdiv%3E%3Cdiv+class%3D%22wp-block-columns%22%3E%3Cdiv+class%3D%22wp-block-column%22%3E%3Ch2+class%3D%22wp-block-heading%22%3EPrograma%3C%2Fh2%3E%3Cfigure+class%3D%22wp-block-table+is-style-stripes%22%3E%3Ctable%3E%3Ctbody%3E%3Ctr%3E%3Ctd%3E%3Cstrong%3EDia_6%3Cbr+%2F%3E16%3A45%3C%2Fstrong%3E%3C%2Ftd%3E%3Ctd%3EConcentra%C3%A7%C3%A3o+na+%3Cstrong%3ESede+do+CMG%3C%2Fstrong%3E+e+desloca%C3%A7%C3%A3o+para+o+alojamento.%3C%2Ftd%3E%3C%2Ftr%3E%3Ctr%3E%3Ctd%3E%3Cstrong%3E18%3A30%3C%2Fstrong%3E%3C%2Ftd%3E%3Ctd%3EChegada+ao+alojamento+%3Cstrong%3ELoriga+Hostel+-+Feel+Nature%2C+Loriga%3C%2Fstrong%3E+check-in+e+instala%C3%A7%C3%A3o.+%3Ca+href%3D%22%23pernoita%22%3E%5Bver+Pernoita%5D%3C%2Fa%3E%3C%2Ftd%3E%3C%2Ftr%3E%3Ctr%3E%3Ctd%3E%3Cstrong%3EDia_7%3Cbr+%2F%3E7%3A00%3C%2Fstrong%3E%3C%2Ftd%3E%3Ctd%3EIn%C3%ADcio+da+actividade.%3Cbr+%2F%3EPercurso+%3Cstrong%3Elinear%3C%2Fstrong%3E+%3Ca+href%3D%22%23percurso%22%3E%5Bver+Percurso%5D%3C%2Fa%3E%3A%3Cbr+%2F%3E%3Cstrong%3E%E2%89%88+7+horas%3C%2Fstrong%3E+de+dura%C3%A7%C3%A3o%3Cbr+%2F%3E%3Cstrong%3E%E2%89%88+15+kms%3C%2Fstrong%3E+de+dist%C3%A2ncia%3Cbr+%2F%3E%3Cstrong%3EFisicamente+dif%C3%ADcil%3C%2Fstrong%3E%3Cbr+%2F%3E%3Cstrong%3ETecnicamente+f%C3%A1cil%3C%2Fstrong%3E%3C%2Ftd%3E%3C%2Ftr%3E%3C%2Ftbody%3E%3C%2Ftable%3E%3C%2Ffigure%3E%3Ch4+class%3D%22wp-block-heading%22%3EEquipamento+e+Material%3C%2Fh4%3E%3Cp%3ECal%C3%A7ado%C2%A0confort%C3%A1vel+e+robusto+%28botas%3C%2Fp%3E%3C%2Fdiv%3E%3C%2Fdiv%3E+%28Veja+a+descri%C3%A7%C3%A3o+completa+de+evento+aqui%3A+https%3A%2F%2Fwww.montanhismo-guarda.pt%2Fportal%2Fevento%2Ftravessia-em-autonomia-2025%29&#038;trp=false&#038;ctz=Europe\/Lisbon&#038;sprop=website:https:\/\/www.montanhismo-guarda.pt\/portal\"\n\t\t\t\t\t\t\t\t\t\tclass=\"tribe-events-c-subscribe-dropdown__list-item-link\"\n\t\t\t\t\t\t\t\t\t\ttarget=\"_blank\"\n\t\t\t\t\t\t\t\t\t\trel=\"noopener noreferrer nofollow noindex\"\n\t\t\t\t\t\t\t\t\t>\n\t\t\t\t\t\t\t\t\t\tCalend\u00e1rio Google\t\t\t\t\t\t\t\t\t<\/a>\n\t\t\t\t\t\t\t\t<\/li>\n\t\t\t\t\t\t\t\t\t\t\t\t\t\t\t<li class=\"tribe-events-c-subscribe-dropdown__list-item tribe-events-c-subscribe-dropdown__list-item--ical\">\n\t\t\t\t\t\t\t\t\t<a\n\t\t\t\t\t\t\t\t\t\thref=\"\"\n\t\t\t\t\t\t\t\t\t\tclass=\"tribe-events-c-subscribe-dropdown__list-item-link\"\n\t\t\t\t\t\t\t\t\t\ttarget=\"_blank\"\n\t\t\t\t\t\t\t\t\t\trel=\"noopener noreferrer nofollow noindex\"\n\t\t\t\t\t\t\t\t\t>\n\t\t\t\t\t\t\t\t\t\tiCalendar\t\t\t\t\t\t\t\t\t<\/a>\n\t\t\t\t\t\t\t\t<\/li>\n\t\t\t\t\t\t\t\t\t\t\t\t\t\t\t<li class=\"tribe-events-c-subscribe-dropdown__list-item tribe-events-c-subscribe-dropdown__list-item--outlook-365\">\n\t\t\t\t\t\t\t\t\t<a\n\t\t\t\t\t\t\t\t\t\thref=\"\"\n\t\t\t\t\t\t\t\t\t\tclass=\"tribe-events-c-subscribe-dropdown__list-item-link\"\n\t\t\t\t\t\t\t\t\t\ttarget=\"_blank\"\n\t\t\t\t\t\t\t\t\t\trel=\"noopener noreferrer nofollow noindex\"\n\t\t\t\t\t\t\t\t\t>\n\t\t\t\t\t\t\t\t\t\tOutlook 365\t\t\t\t\t\t\t\t\t<\/a>\n\t\t\t\t\t\t\t\t<\/li>\n\t\t\t\t\t\t\t\t\t\t\t\t\t\t\t<li class=\"tribe-events-c-subscribe-dropdown__list-item tribe-events-c-subscribe-dropdown__list-item--outlook-live\">\n\t\t\t\t\t\t\t\t\t<a\n\t\t\t\t\t\t\t\t\t\thref=\"\"\n\t\t\t\t\t\t\t\t\t\tclass=\"tribe-events-c-subscribe-dropdown__list-item-link\"\n\t\t\t\t\t\t\t\t\t\ttarget=\"_blank\"\n\t\t\t\t\t\t\t\t\t\trel=\"noopener noreferrer nofollow noindex\"\n\t\t\t\t\t\t\t\t\t>\n\t\t\t\t\t\t\t\t\t\tOutlook Live\t\t\t\t\t\t\t\t\t<\/a>\n\t\t\t\t\t\t\t\t<\/li>\n\t\t\t\t\t\t\t\t\t\t\t\t\t<\/ul>\n\t\t\t\t\t<\/div>\n\t\t\t\t<\/div>\n\t\t\t<\/div>\n\t\t<\/div>\n\t<\/div>\n\n\n\n<h2 class=\"tribe-block__related-events__title\">Related Events<\/h2>\n\n<ul  class=\"tribe-related-events tribe-clearfix\" >\n\t\t\t<li>\n\t\n<div class=\"tribe-related-events-thumbnail\">\n\t<a href=\"https:\/\/www.montanhismo-guarda.pt\/portal\/evento\/lagoas-escondidas-da-estrela\/\" class=\"url\" rel=\"bookmark\" tabindex=\"-1\" aria-hidden=\"true\"><img loading=\"lazy\" decoding=\"async\" width=\"525\" height=\"760\" src=\"https:\/\/www.montanhismo-guarda.pt\/portal\/wp-content\/uploads\/2026\/01\/Cartaz_TravessiaMaio2026-707x1024.jpg\" class=\"attachment-large size-large wp-post-image\" alt=\"\" \/><\/a>\n<\/div>\n\t<div class=\"tribe-related-event-info\">\n\t<h3 class=\"tribe-related-events-title\">\n\t\t<a href=\"https:\/\/www.montanhismo-guarda.pt\/portal\/evento\/lagoas-escondidas-da-estrela\/\" class=\"tribe-event-url\" rel=\"bookmark\">\n\t\t\tDa Bou\u00e7a \u00e0 Varanda dos Pastores\t\t<\/a>\n\t<\/h3>\n\t<span class=\"tribe-event-date-start\">17 de Maio<\/span><\/div>\n<\/li>\n\t\t\t<li>\n\t\n<div class=\"tribe-related-events-thumbnail\">\n\t<a href=\"https:\/\/www.montanhismo-guarda.pt\/portal\/evento\/atividade-nos-picos-de-europa\/\" class=\"url\" rel=\"bookmark\" tabindex=\"-1\" aria-hidden=\"true\"><img loading=\"lazy\" decoding=\"async\" width=\"525\" height=\"760\" src=\"https:\/\/www.montanhismo-guarda.pt\/portal\/wp-content\/uploads\/2026\/01\/Cartaz-Picos-Europa-2026-707x1024.jpg\" class=\"attachment-large size-large wp-post-image\" alt=\"\" \/><\/a>\n<\/div>\n\t<div class=\"tribe-related-event-info\">\n\t<h3 class=\"tribe-related-events-title\">\n\t\t<a href=\"https:\/\/www.montanhismo-guarda.pt\/portal\/evento\/atividade-nos-picos-de-europa\/\" class=\"tribe-event-url\" rel=\"bookmark\">\n\t\t\tAtividade nos Picos de Europa\t\t<\/a>\n\t<\/h3>\n\t<span class=\"tribe-event-date-start\">4 de Junho<\/span> \u2014 <span class=\"tribe-event-date-end\">7 de Junho<\/span><\/div>\n<\/li>\n\t\t\t<li>\n\t\n<div class=\"tribe-related-events-thumbnail\">\n\t<a href=\"https:\/\/www.montanhismo-guarda.pt\/portal\/evento\/entre-ocultos-circos-glaciarios\/\" class=\"url\" rel=\"bookmark\" tabindex=\"-1\" aria-hidden=\"true\"><img loading=\"lazy\" decoding=\"async\" width=\"525\" height=\"760\" src=\"https:\/\/www.montanhismo-guarda.pt\/portal\/wp-content\/uploads\/2026\/01\/Cartaz_LagoasReconditasGredos_2026-707x1024.jpg\" class=\"attachment-large size-large wp-post-image\" alt=\"\" \/><\/a>\n<\/div>\n\t<div class=\"tribe-related-event-info\">\n\t<h3 class=\"tribe-related-events-title\">\n\t\t<a href=\"https:\/\/www.montanhismo-guarda.pt\/portal\/evento\/entre-ocultos-circos-glaciarios\/\" class=\"tribe-event-url\" rel=\"bookmark\">\n\t\t\tLagoas Rec\u00f4nditas de Gredos\t\t<\/a>\n\t<\/h3>\n\t<span class=\"tribe-event-date-start\">20 de Junho<\/span> \u2014 <span class=\"tribe-event-date-end\">21 de Junho<\/span><\/div>\n<\/li>\n\t<\/ul>\n","protected":false},"excerpt":{"rendered":"<p>Programa Dia_616:45 Concentra\u00e7\u00e3o na Sede do CMG e desloca\u00e7\u00e3o para o alojamento. 18:30 Chegada ao alojamento Loriga Hostel &#8211; Feel Nature, Loriga check-in e instala\u00e7\u00e3o. [ver Pernoita] Dia_77:00 In\u00edcio da &hellip; <\/p>\n<p class=\"link-more\"><a href=\"https:\/\/www.montanhismo-guarda.pt\/portal\/evento\/travessia-em-autonomia-2025\" class=\"more-link\">Continuar a ler <span class=\"screen-reader-text\">&#8220;Travessia em Autonomia &#8211; Cov\u00f5es da Estrela&#8221;<\/span><\/a><\/p>\n","protected":false},"author":1,"featured_media":5647,"template":"","meta":{"_acf_changed":false,"_tec_requires_first_save":false,"_EventAllDay":true,"_EventTimezone":"Europe\/Lisbon","_EventStartDate":"2025-12-07 00:00:00","_EventEndDate":"2025-12-07 23:59:59","_EventStartDateUTC":"2025-12-07 00:00:00","_EventEndDateUTC":"2025-12-07 23:59:59","_EventShowMap":false,"_EventShowMapLink":false,"_EventURL":"https:\/\/forms.gle\/qDMqQDCkQKXkVLyq8","_EventCost":"35","_EventCostDescription":"","_EventCurrencySymbol":"\u20ac","_EventCurrencyCode":"EUR","_EventCurrencyPosition":"suffix","_EventDateTimeSeparator":" \u00e0s ","_EventTimeRangeSeparator":" \u2014 ","_EventOrganizerID":[],"_EventVenueID":[],"_OrganizerEmail":"","_OrganizerPhone":"","_OrganizerWebsite":"","_VenueAddress":"","_VenueCity":"","_VenueCountry":"","_VenueProvince":"","_VenueState":"","_VenueZip":"","_VenuePhone":"","_VenueURL":"","_VenueStateProvince":"","_VenueLat":"","_VenueLng":"","_VenueShowMap":false,"_VenueShowMapLink":false,"_tribe_blocks_recurrence_rules":"","_tribe_blocks_recurrence_description":"","_tribe_blocks_recurrence_exclusions":"","_tribe_events_status":"","_tribe_events_status_reason":"","_tribe_events_is_hybrid":"","_tribe_events_is_virtual":"","_tribe_events_virtual_video_source":"","_tribe_events_virtual_embed_video":"","_tribe_events_virtual_linked_button_text":"","_tribe_events_virtual_linked_button":"","_tribe_events_virtual_show_embed_at":"","_tribe_events_virtual_show_embed_to":[],"_tribe_events_virtual_show_on_event":"","_tribe_events_virtual_show_on_views":"","_tribe_events_virtual_url":"","footnotes":""},"tags":[64,73],"tribe_events_cat":[119],"class_list":["post-4999","tribe_events","type-tribe_events","status-publish","has-post-thumbnail","hentry","tag-serra-da-estrela","tag-travessias-de-montanha","tribe_events_cat-montanha","cat_montanha"],"acf":[],"_links":{"self":[{"href":"https:\/\/www.montanhismo-guarda.pt\/portal\/wp-json\/wp\/v2\/tribe_events\/4999","targetHints":{"allow":["GET"]}}],"collection":[{"href":"https:\/\/www.montanhismo-guarda.pt\/portal\/wp-json\/wp\/v2\/tribe_events"}],"about":[{"href":"https:\/\/www.montanhismo-guarda.pt\/portal\/wp-json\/wp\/v2\/types\/tribe_events"}],"author":[{"embeddable":true,"href":"https:\/\/www.montanhismo-guarda.pt\/portal\/wp-json\/wp\/v2\/users\/1"}],"version-history":[{"count":6,"href":"https:\/\/www.montanhismo-guarda.pt\/portal\/wp-json\/wp\/v2\/tribe_events\/4999\/revisions"}],"predecessor-version":[{"id":5653,"href":"https:\/\/www.montanhismo-guarda.pt\/portal\/wp-json\/wp\/v2\/tribe_events\/4999\/revisions\/5653"}],"wp:featuredmedia":[{"embeddable":true,"href":"https:\/\/www.montanhismo-guarda.pt\/portal\/wp-json\/wp\/v2\/media\/5647"}],"wp:attachment":[{"href":"https:\/\/www.montanhismo-guarda.pt\/portal\/wp-json\/wp\/v2\/media?parent=4999"}],"wp:term":[{"taxonomy":"post_tag","embeddable":true,"href":"https:\/\/www.montanhismo-guarda.pt\/portal\/wp-json\/wp\/v2\/tags?post=4999"},{"taxonomy":"tribe_events_cat","embeddable":true,"href":"https:\/\/www.montanhismo-guarda.pt\/portal\/wp-json\/wp\/v2\/tribe_events_cat?post=4999"}],"curies":[{"name":"wp","href":"https:\/\/api.w.org\/{rel}","templated":true}]}}