{"id":5003,"date":"2025-01-05T13:16:35","date_gmt":"2025-01-05T13:16:35","guid":{"rendered":"http:\/\/www.montanhismo-guarda.pt\/portal\/?post_type=tribe_events&#038;p=5003"},"modified":"2025-12-09T19:59:57","modified_gmt":"2025-12-09T19:59:57","slug":"marcha-do-dia-internacional-das-montanhas-2025","status":"publish","type":"tribe_events","link":"https:\/\/www.montanhismo-guarda.pt\/portal\/evento\/marcha-do-dia-internacional-das-montanhas-2025","title":{"rendered":"Marcha do Dia Internacional das Montanhas 2025"},"content":{"rendered":"<div  class=\"tribe-events-schedule tribe-clearfix\" >\n\t<p class=\"tribe-events-schedule__datetime\">\n\t\t<span class=\"tribe-events-schedule__date tribe-events-schedule__date--start\">\n\t\t\t13 de Dezembro de 2025\t\t<\/span>\n\n\t\t\t\t\t<span class=\"tribe-events-schedule__all-day\">Todo o dia<\/span>\n\t\t\n\t\t\t<\/p>\n<\/div>\n\n\n<figure class=\"wp-block-post-featured-image\"><img loading=\"lazy\" decoding=\"async\" width=\"1104\" height=\"1600\" src=\"https:\/\/www.montanhismo-guarda.pt\/portal\/wp-content\/uploads\/2025\/01\/WhatsApp-Image-2025-12-03-at-17.26.56.jpeg\" class=\"attachment-post-thumbnail size-post-thumbnail wp-post-image\" alt=\"\" style=\"object-fit:cover;\" srcset=\"https:\/\/www.montanhismo-guarda.pt\/portal\/wp-content\/uploads\/2025\/01\/WhatsApp-Image-2025-12-03-at-17.26.56.jpeg 1104w, https:\/\/www.montanhismo-guarda.pt\/portal\/wp-content\/uploads\/2025\/01\/WhatsApp-Image-2025-12-03-at-17.26.56-207x300.jpeg 207w, https:\/\/www.montanhismo-guarda.pt\/portal\/wp-content\/uploads\/2025\/01\/WhatsApp-Image-2025-12-03-at-17.26.56-707x1024.jpeg 707w, https:\/\/www.montanhismo-guarda.pt\/portal\/wp-content\/uploads\/2025\/01\/WhatsApp-Image-2025-12-03-at-17.26.56-768x1113.jpeg 768w, https:\/\/www.montanhismo-guarda.pt\/portal\/wp-content\/uploads\/2025\/01\/WhatsApp-Image-2025-12-03-at-17.26.56-1060x1536.jpeg 1060w\" sizes=\"auto, 100vw\" \/><\/figure>\n\n\n<p>Este ano propomos uma atividade ligeiramente diferente.<\/p>\n\n\n\n<p>Iremos caminhar depois de almo\u00e7o para assim chegarmos \u00e0 aldeia conhecida por Cabe\u00e7a &#8211; Aldeia Natal ao entardecer , visitar esta linda aldeia e assistirmos aos &#8220;acendimento das luzes&#8221; da aldeia e apreciar as decora\u00e7\u00f5es natal\u00edcias.<\/p>\n\n\n\n<p>O cen\u00e1rio \u00e9 \u00fanico: quem visita Cabe\u00e7a nesta altura do ano pode vivenciar o verdadeiro Natal das gentes mais genu\u00ednas da montanha. As portas de casa dos habitantes abrem-se para dar vida ao pequeno Mercado de Natal, e as tasquinhas e as ruas s\u00e3o espa\u00e7os em que a comunidade se funde com os visitantes. Mas \u00e9 ao entardecer que a magia acontece com milhares de luzes de tecnologia led a iluminarem as ruelas e o casario t\u00edpico em xisto de Cabe\u00e7a (recorde-se que esta foi a primeira aldeia LED do pa\u00eds, um contributo real para efici\u00eancia energ\u00e9tica e promo\u00e7\u00e3o de economia de baixo carbono).<\/p>\n\n\n\n<blockquote class=\"wp-block-quote is-layout-flow wp-block-quote-is-layout-flow\">\n<p>O percurso desenvolve-se ao longo de um vale encaixado atravessado pela ribeira de Loriga.<\/p>\n\n\n\n<p>A paisagem \u00e9 dominada por bosques, matos e campos em socalcos, e veredas antigas. Durante uma grande parte da sua extens\u00e3o, o percurso faz-se acompanhar por uma das mais extensas redes de levadas da Serra da Estrela.<\/p>\n<\/blockquote>\n\n\n\n<div class=\"wp-block-columns is-layout-flex wp-container-core-columns-is-layout-9d6595d7 wp-block-columns-is-layout-flex\">\n<div class=\"wp-block-column is-layout-flow wp-block-column-is-layout-flow\">\n<h2 class=\"wp-block-heading\">Programa<\/h2>\n\n\n\n<figure class=\"wp-block-table is-style-stripes\"><table><tbody><tr><td><strong>Dia_13<br>9:45<\/strong><\/td><td>Concentra\u00e7\u00e3o na <strong>Sede do CMG<\/strong><\/td><\/tr><tr><td><strong>10:00<\/strong><\/td><td>Transporte para <strong>Loriga<\/strong> <a href=\"#transporte\">[ver Transporte]<\/a><\/td><\/tr><tr><td><strong><strong><strong>\u2248<\/strong><\/strong>12:00<\/strong><\/td><td>Chegada a Loriga e almo\u00e7o <a href=\"#almoco\">[ver Almo\u00e7o]<\/a><\/td><\/tr><tr><td><strong><br><strong><strong>\u2248<\/strong><\/strong>13:00<\/strong><\/td><td>In\u00edcio da actividade a partir do <strong>Largo da Carreira, Loriga<\/strong><br><a href=\"#detalhes\">[ver Detalhes]<\/a><br>Percurso <strong>linear<\/strong>:<br><strong>\u2248 4 horas<\/strong> de dura\u00e7\u00e3o<br><strong>\u2248 11 kms<\/strong> de dist\u00e2ncia<br>Dificuldade <strong>t\u00e9cnica moderada<\/strong><br>Dificuldade <strong>f\u00edsica moderada<\/strong><\/td><\/tr><tr><td><strong><strong><strong>\u2248<\/strong><\/strong>17:00<\/strong><\/td><td>Chegada a <strong>Cabe\u00e7a<\/strong> <\/td><\/tr><tr><td><strong><strong><strong>\u2248<\/strong><\/strong>17:30<\/strong><\/td><td>Quando cai a Noite na Aldeia &#8211; Ilumina\u00e7\u00e3o de Natal<\/td><\/tr><tr><td><strong><strong><strong>\u2248<\/strong><\/strong>18:30<\/strong><\/td><td>Sa\u00edda da Aldeia de Cabe\u00e7a &#8211; Transporte de volta \u00e0 Guarda<\/td><\/tr><\/tbody><\/table><\/figure>\n\n\n\n<h3 class=\"wp-block-heading\" id=\"detalhes\">Detalhes<\/h3>\n\n\n\n<p>Nas levadas \u00e9 necess\u00e1rio especial cuidado nos tro\u00e7os de maior altura e mais estreitos, n\u00e3o se recomendando a pessoas com vertigens ou medo das alturas.<\/p>\n\n\n\n<h4 class=\"wp-block-heading\">In\u00edcio<\/h4>\n\n\n\n<iframe loading=\"lazy\" width=\"425\" height=\"350\" src=\"https:\/\/www.openstreetmap.org\/export\/embed.html?bbox=-7.691572308540345%2C40.32427473765242%2C-7.687870860099793%2C40.32684308405068&amp;layer=mapnik&amp;marker=40.32555892306715%2C-7.689721584320068\" style=\"border: 1px solid black\"><\/iframe><br\/><small><a href=\"https:\/\/www.openstreetmap.org\/?mlat=40.325559&amp;mlon=-7.689722#map=19\/40.325559\/-7.689722\">Ver mapa maior<\/a><\/small>\n\n\n\n<h4 class=\"wp-block-heading\">Fim<\/h4>\n\n\n\n<p>A marcha terminar\u00e1 na Aldeia de Cabe\u00e7a &#8211; uma pitoresca Aldeia de Montanha onde predomina o casario em xisto.<\/p>\n\n\n\n<p>Tempo livre para deambular pela aldeia, ver as decora\u00e7\u00f5es de natal e &#8220;petiscar&#8221; pelas v\u00e1rias &#8220;tasquinhas&#8221; espalhadas pela aldeia !!!<\/p>\n\n\n\n<h3 class=\"wp-block-heading\">Equipamento e Material Aconselh\u00e1vel<\/h3>\n\n\n\n<p>Cal\u00e7ado confort\u00e1vel de caminhada, corta-vento, cantil, bast\u00f5es de caminhada e mochila com pequeno refor\u00e7o alimentar.<\/p>\n\n\n\n<h3 class=\"wp-block-heading\" id=\"almoco\">Almo\u00e7o<\/h3>\n\n\n\n<p>Cerca das 12h iremos chegar a Loriga, onde teremos cerca de uma hora para almo\u00e7ar (em vers\u00e3o de pic-nic).<\/p>\n<\/div>\n\n\n\n<div class=\"wp-block-column is-layout-flow wp-block-column-is-layout-flow\">\n<h2 class=\"wp-block-heading\">Inscri\u00e7\u00e3o<\/h2>\n\n\n\n<p><a href=\"#inscrever\">Inscri\u00e7\u00f5es ser\u00e3o aceites at\u00e9 dia <strong>11 de dezembro<\/strong>, atrav\u00e9s do <strong>formul\u00e1rio<\/strong> a que pode aceder mais abaixo.<\/a><\/p>\n\n\n\n<h3 class=\"wp-block-heading\" id=\"comparticipacao\">Comparticipa\u00e7\u00e3o<\/h3>\n\n\n\n<ul class=\"wp-block-list\">\n<li>13\u20ac (para s\u00f3cios do clube com quotas em dia)<\/li>\n\n\n\n<li>20\u20ac (para os restantes)<\/li>\n<\/ul>\n\n\n\n<p><a href=\"#transporte\">[ver Transporte]<\/a><\/p>\n\n\n\n<p><a href=\"#pagamentos\">[ver Pagamentos]<\/a><\/p>\n\n\n\n<h3 class=\"wp-block-heading\" id=\"transporte\">Transporte<\/h3>\n\n\n\n<p>&lt;&lt; Mais informa\u00e7\u00e3o em breve &gt;&gt;<\/p>\n\n\n\n<h3 class=\"wp-block-heading\">Observa\u00e7\u00f5es<\/h3>\n\n\n\n<p>Os companheiros que n\u00e3o sejam possuidores de seguro de acidentes pessoais, e que pretendam que o clube trate do mesmo, devem comunic\u00e1-lo no ato da inscri\u00e7\u00e3o (preenchimento completo do formul\u00e1rio de inscri\u00e7\u00e3o), indicando o NIF, BI\/CC, data de nascimento e contacto telef\u00f3nico.<\/p>\n\n\n\n<h3 class=\"wp-block-heading\">Respons\u00e1vel pela Actividade<\/h3>\n\n\n\n<p><a href=\"tel:+351966478807\" data-type=\"tel\" data-id=\"tel:+351966478807\">Jo\u00e3o Gon\u00e7alves (Contacto: 966 478 807)<\/a> <sub>Chamada para rede m\u00f3vel nacional<\/sub><\/p>\n\n\n\n<p><a href=\"tel:+351966311926\" target=\"_blank\" rel=\"noreferrer noopener\">Messias Janeiro (Contacto: 966 311 926)<\/a> <sub>Chamada para rede m\u00f3vel nacional<\/sub><\/p>\n\n\n\n<div id=\"inscrever\" class=\"wp-block-group is-content-justification-center is-layout-flex wp-container-core-group-is-layout-64b26803 wp-block-group-is-layout-flex\"><div  class=\"tribe-block tribe-block__event-website\" >\n\t<a\n\t\thref=\"https:\/\/forms.gle\/XhMNGCzhScgbkYVv7\"\n\t\ttarget=\"_self\"\n\t\t\t>\n\t\tInscrever\t<\/a>\n<\/div>\n<\/div>\n<\/div>\n<\/div>\n\n\n\n<h2 class=\"wp-block-heading\" id=\"pagamentos\">Pagamentos<\/h2>\n\n\n\n<p>Podem realizar os pagamentos (atividade e\/ou seguro e\/ou quota anual) para o NIB do clube &#8211; PT 50 0035 0360 000 33879431 17 &#8211; ou por via de MBWAY para o numero do clube &#8211; 966282054 &#8211; (identificando sempre o pagamento\/s\u00f3cio).<\/p>\n\n\n\n<blockquote class=\"wp-block-quote is-layout-flow wp-block-quote-is-layout-flow\">\n<blockquote class=\"wp-block-quote is-layout-flow wp-block-quote-is-layout-flow\">\n<p>Os socalcos e sua complexa rede de irriga\u00e7\u00e3o s\u00e3o um dos grandes ex-libris de Loriga, uma obra constru\u00edda ao longo de centenas de anos e que transformou um vale rochoso num vale f\u00e9rtil.<\/p>\n<\/blockquote>\n<\/blockquote>\n\n\n\t<div  class=\"tribe-block tribe-block__events-link\" >\n\t\t<div class=\"tribe-events tribe-common\">\n\t\t\t<div class=\"tribe-events-c-subscribe-dropdown__container\">\n\t\t\t\t<div class=\"tribe-events-c-subscribe-dropdown\">\n\t\t\t\t\t<div class=\"tribe-common-c-btn-border tribe-events-c-subscribe-dropdown__button\">\n\t\t\t\t\t\t<svg\n\t class=\"tribe-common-c-svgicon tribe-common-c-svgicon--cal-export tribe-events-c-subscribe-dropdown__export-icon\" \taria-hidden=\"true\"\n\tviewBox=\"0 0 23 17\"\n\txmlns=\"http:\/\/www.w3.org\/2000\/svg\"\n>\n\t<path fill-rule=\"evenodd\" clip-rule=\"evenodd\" d=\"M.128.896V16.13c0 .211.145.383.323.383h15.354c.179 0 .323-.172.323-.383V.896c0-.212-.144-.383-.323-.383H.451C.273.513.128.684.128.896Zm16 6.742h-.901V4.679H1.009v10.729h14.218v-3.336h.901V7.638ZM1.01 1.614h14.218v2.058H1.009V1.614Z\" \/>\n\t<path d=\"M20.5 9.846H8.312M18.524 6.953l2.89 2.909-2.855 2.855\" stroke-width=\"1.2\" stroke-linecap=\"round\" stroke-linejoin=\"round\"\/>\n<\/svg>\n\t\t\t\t\t\t<button\n\t\t\t\t\t\t\tclass=\"tribe-events-c-subscribe-dropdown__button-text\"\n\t\t\t\t\t\t\taria-expanded=\"false\"\n\t\t\t\t\t\t\taria-controls=\"tribe-events-subscribe-dropdown-content\"\n\t\t\t\t\t\t\taria-label=\"View links to add events to your calendar\"\n\t\t\t\t\t\t>\n\t\t\t\t\t\t\tAdicionar ao calend\u00e1rio\t\t\t\t\t\t<\/button>\n\t\t\t\t\t\t<svg\n\t class=\"tribe-common-c-svgicon tribe-common-c-svgicon--caret-down tribe-events-c-subscribe-dropdown__button-icon\" \taria-hidden=\"true\"\n\tviewBox=\"0 0 10 7\"\n\txmlns=\"http:\/\/www.w3.org\/2000\/svg\"\n>\n\t<path fill-rule=\"evenodd\" clip-rule=\"evenodd\" d=\"M1.008.609L5 4.6 8.992.61l.958.958L5 6.517.05 1.566l.958-.958z\" class=\"tribe-common-c-svgicon__svg-fill\"\/>\n<\/svg>\n\t\t\t\t\t<\/div>\n\t\t\t\t\t<div id=\"tribe-events-subscribe-dropdown-content\" class=\"tribe-events-c-subscribe-dropdown__content\">\n\t\t\t\t\t\t<ul class=\"tribe-events-c-subscribe-dropdown__list\">\n\t\t\t\t\t\t\t\t\t\t\t\t\t\t\t<li class=\"tribe-events-c-subscribe-dropdown__list-item tribe-events-c-subscribe-dropdown__list-item--gcal\">\n\t\t\t\t\t\t\t\t\t<a\n\t\t\t\t\t\t\t\t\t\thref=\"https:\/\/www.google.com\/calendar\/event?action=TEMPLATE&#038;dates=20251213T000000\/20251213T235959&#038;text=Marcha%20do%20Dia%20Internacional%20das%20Montanhas%202025&#038;details=%3Cp%3EEste+ano+propomos+uma+atividade+ligeiramente+diferente.%3C%2Fp%3E+%3Cp%3EIremos+caminhar+depois+de+almo%C3%A7o+para+assim+chegarmos+%C3%A0+aldeia+conhecida+por+Cabe%C3%A7a+-+Aldeia+Natal+ao+entardecer+%2C+visitar+esta+linda+aldeia+e+assistirmos+aos+%22acendimento+das+luzes%22+da+aldeia+e+apreciar+as+decora%C3%A7%C3%B5es+natal%C3%ADcias.%3C%2Fp%3E+%3Cp%3EO+cen%C3%A1rio+%C3%A9+%C3%BAnico%3A+quem+visita+Cabe%C3%A7a+nesta+altura+do+ano+pode+vivenciar+o+verdadeiro+Natal+das+gentes+mais+genu%C3%ADnas+da+montanha.+As+portas+de+casa+dos+habitantes+abrem-se+para+dar+vida+ao+pequeno+Mercado+de+Natal%2C+e+as+tasquinhas+e+as+ruas+s%C3%A3o+espa%C3%A7os+em+que+a+comunidade+se+funde+com+os+visitantes.+Mas+%C3%A9+ao+entardecer+que+a+magia+acontece+com+milhares+de+luzes+de+tecnologia+led+a+iluminarem+as+ruelas+e+o+casario+t%C3%ADpico+em+xisto+de+Cabe%C3%A7a+%28recorde-se+que+esta+foi+a+primeira+aldeia+LED+do+pa%C3%ADs%2C+um+contributo+real+para+efici%C3%AAncia+energ%C3%A9tica+e+promo%C3%A7%C3%A3o+de+economia+de+baixo+carbono%29.%3C%2Fp%3E+%3Cblockquote+class%3D%22wp-block-quote%22%3E%3Cp%3EO+percurso+desenvolve-se+%3C%2Fp%3E%3C%2Fblockquote%3E+%28Veja+a+descri%C3%A7%C3%A3o+completa+de+evento+aqui%3A+https%3A%2F%2Fwww.montanhismo-guarda.pt%2Fportal%2Fevento%2Fmarcha-do-dia-internacional-das-montanhas-2025%29&#038;trp=false&#038;ctz=Europe\/Lisbon&#038;sprop=website:https:\/\/www.montanhismo-guarda.pt\/portal\"\n\t\t\t\t\t\t\t\t\t\tclass=\"tribe-events-c-subscribe-dropdown__list-item-link\"\n\t\t\t\t\t\t\t\t\t\ttarget=\"_blank\"\n\t\t\t\t\t\t\t\t\t\trel=\"noopener noreferrer nofollow noindex\"\n\t\t\t\t\t\t\t\t\t>\n\t\t\t\t\t\t\t\t\t\tCalend\u00e1rio Google\t\t\t\t\t\t\t\t\t<\/a>\n\t\t\t\t\t\t\t\t<\/li>\n\t\t\t\t\t\t\t\t\t\t\t\t\t\t\t<li class=\"tribe-events-c-subscribe-dropdown__list-item tribe-events-c-subscribe-dropdown__list-item--ical\">\n\t\t\t\t\t\t\t\t\t<a\n\t\t\t\t\t\t\t\t\t\thref=\"\"\n\t\t\t\t\t\t\t\t\t\tclass=\"tribe-events-c-subscribe-dropdown__list-item-link\"\n\t\t\t\t\t\t\t\t\t\ttarget=\"_blank\"\n\t\t\t\t\t\t\t\t\t\trel=\"noopener noreferrer nofollow noindex\"\n\t\t\t\t\t\t\t\t\t>\n\t\t\t\t\t\t\t\t\t\tiCalendar\t\t\t\t\t\t\t\t\t<\/a>\n\t\t\t\t\t\t\t\t<\/li>\n\t\t\t\t\t\t\t\t\t\t\t\t\t\t\t<li class=\"tribe-events-c-subscribe-dropdown__list-item tribe-events-c-subscribe-dropdown__list-item--outlook-365\">\n\t\t\t\t\t\t\t\t\t<a\n\t\t\t\t\t\t\t\t\t\thref=\"\"\n\t\t\t\t\t\t\t\t\t\tclass=\"tribe-events-c-subscribe-dropdown__list-item-link\"\n\t\t\t\t\t\t\t\t\t\ttarget=\"_blank\"\n\t\t\t\t\t\t\t\t\t\trel=\"noopener noreferrer nofollow noindex\"\n\t\t\t\t\t\t\t\t\t>\n\t\t\t\t\t\t\t\t\t\tOutlook 365\t\t\t\t\t\t\t\t\t<\/a>\n\t\t\t\t\t\t\t\t<\/li>\n\t\t\t\t\t\t\t\t\t\t\t\t\t\t\t<li class=\"tribe-events-c-subscribe-dropdown__list-item tribe-events-c-subscribe-dropdown__list-item--outlook-live\">\n\t\t\t\t\t\t\t\t\t<a\n\t\t\t\t\t\t\t\t\t\thref=\"\"\n\t\t\t\t\t\t\t\t\t\tclass=\"tribe-events-c-subscribe-dropdown__list-item-link\"\n\t\t\t\t\t\t\t\t\t\ttarget=\"_blank\"\n\t\t\t\t\t\t\t\t\t\trel=\"noopener noreferrer nofollow noindex\"\n\t\t\t\t\t\t\t\t\t>\n\t\t\t\t\t\t\t\t\t\tOutlook Live\t\t\t\t\t\t\t\t\t<\/a>\n\t\t\t\t\t\t\t\t<\/li>\n\t\t\t\t\t\t\t\t\t\t\t\t\t<\/ul>\n\t\t\t\t\t<\/div>\n\t\t\t\t<\/div>\n\t\t\t<\/div>\n\t\t<\/div>\n\t<\/div>\n\n\n\n<h2 class=\"tribe-block__related-events__title\">Related Events<\/h2>\n\n<ul  class=\"tribe-related-events tribe-clearfix\" >\n\t\t\t<li>\n\t\n<div class=\"tribe-related-events-thumbnail\">\n\t<a href=\"https:\/\/www.montanhismo-guarda.pt\/portal\/evento\/atividade-no-montesinho\/\" class=\"url\" rel=\"bookmark\" tabindex=\"-1\" aria-hidden=\"true\"><img loading=\"lazy\" decoding=\"async\" width=\"525\" height=\"760\" src=\"https:\/\/www.montanhismo-guarda.pt\/portal\/wp-content\/uploads\/2026\/01\/Cartaz-Montesinho-2026_2-707x1024.jpg\" class=\"attachment-large size-large wp-post-image\" alt=\"\" \/><\/a>\n<\/div>\n\t<div class=\"tribe-related-event-info\">\n\t<h3 class=\"tribe-related-events-title\">\n\t\t<a href=\"https:\/\/www.montanhismo-guarda.pt\/portal\/evento\/atividade-no-montesinho\/\" class=\"tribe-event-url\" rel=\"bookmark\">\n\t\t\tAtividade no Montesinho\t\t<\/a>\n\t<\/h3>\n\t<span class=\"tribe-event-date-start\">1 de Maio<\/span> \u2014 <span class=\"tribe-event-date-end\">3 de Maio<\/span><\/div>\n<\/li>\n\t\t\t<li>\n\t\n<div class=\"tribe-related-events-thumbnail\">\n\t<a href=\"https:\/\/www.montanhismo-guarda.pt\/portal\/evento\/lagoas-escondidas-da-estrela\/\" class=\"url\" rel=\"bookmark\" tabindex=\"-1\" aria-hidden=\"true\"><img loading=\"lazy\" decoding=\"async\" width=\"525\" height=\"760\" src=\"https:\/\/www.montanhismo-guarda.pt\/portal\/wp-content\/uploads\/2026\/01\/Cartaz_TravessiaMaio2026-707x1024.jpg\" class=\"attachment-large size-large wp-post-image\" alt=\"\" \/><\/a>\n<\/div>\n\t<div class=\"tribe-related-event-info\">\n\t<h3 class=\"tribe-related-events-title\">\n\t\t<a href=\"https:\/\/www.montanhismo-guarda.pt\/portal\/evento\/lagoas-escondidas-da-estrela\/\" class=\"tribe-event-url\" rel=\"bookmark\">\n\t\t\tDa Bou\u00e7a \u00e0 Varanda dos Pastores\t\t<\/a>\n\t<\/h3>\n\t<span class=\"tribe-event-date-start\">17 de Maio<\/span><\/div>\n<\/li>\n\t\t\t<li>\n\t\n<div class=\"tribe-related-events-thumbnail\">\n\t<a href=\"https:\/\/www.montanhismo-guarda.pt\/portal\/evento\/atividade-nos-picos-de-europa\/\" class=\"url\" rel=\"bookmark\" tabindex=\"-1\" aria-hidden=\"true\"><img loading=\"lazy\" decoding=\"async\" width=\"525\" height=\"760\" src=\"https:\/\/www.montanhismo-guarda.pt\/portal\/wp-content\/uploads\/2026\/01\/Cartaz-Picos-Europa-2026-707x1024.jpg\" class=\"attachment-large size-large wp-post-image\" alt=\"\" \/><\/a>\n<\/div>\n\t<div class=\"tribe-related-event-info\">\n\t<h3 class=\"tribe-related-events-title\">\n\t\t<a href=\"https:\/\/www.montanhismo-guarda.pt\/portal\/evento\/atividade-nos-picos-de-europa\/\" class=\"tribe-event-url\" rel=\"bookmark\">\n\t\t\tAtividade nos Picos de Europa\t\t<\/a>\n\t<\/h3>\n\t<span class=\"tribe-event-date-start\">4 de Junho<\/span> \u2014 <span class=\"tribe-event-date-end\">7 de Junho<\/span><\/div>\n<\/li>\n\t<\/ul>\n\n\n\n<p><\/p>\n","protected":false},"excerpt":{"rendered":"<p>Este ano propomos uma atividade ligeiramente diferente. Iremos caminhar depois de almo\u00e7o para assim chegarmos \u00e0 aldeia conhecida por Cabe\u00e7a &#8211; Aldeia Natal ao entardecer , visitar esta linda aldeia &hellip; <\/p>\n<p class=\"link-more\"><a href=\"https:\/\/www.montanhismo-guarda.pt\/portal\/evento\/marcha-do-dia-internacional-das-montanhas-2025\" class=\"more-link\">Continuar a ler <span class=\"screen-reader-text\">&#8220;Marcha do Dia Internacional das Montanhas 2025&#8221;<\/span><\/a><\/p>\n","protected":false},"author":1,"featured_media":5670,"template":"","meta":{"_acf_changed":false,"_tec_requires_first_save":false,"_EventAllDay":true,"_EventTimezone":"Europe\/Lisbon","_EventStartDate":"2025-12-13 00:00:00","_EventEndDate":"2025-12-13 23:59:59","_EventStartDateUTC":"2025-12-13 00:00:00","_EventEndDateUTC":"2025-12-13 23:59:59","_EventShowMap":false,"_EventShowMapLink":false,"_EventURL":"https:\/\/forms.gle\/XhMNGCzhScgbkYVv7","_EventCost":"","_EventCostDescription":"","_EventCurrencySymbol":"\u20ac","_EventCurrencyCode":"USD","_EventCurrencyPosition":"suffix","_EventDateTimeSeparator":" \u00e0s ","_EventTimeRangeSeparator":" \u2014 ","_EventOrganizerID":[],"_EventVenueID":[],"_OrganizerEmail":"","_OrganizerPhone":"","_OrganizerWebsite":"","_VenueAddress":"","_VenueCity":"","_VenueCountry":"","_VenueProvince":"","_VenueState":"","_VenueZip":"","_VenuePhone":"","_VenueURL":"","_VenueStateProvince":"","_VenueLat":"","_VenueLng":"","_VenueShowMap":false,"_VenueShowMapLink":false,"_tribe_blocks_recurrence_rules":"","_tribe_blocks_recurrence_description":"","_tribe_blocks_recurrence_exclusions":"","_tribe_events_status":"","_tribe_events_status_reason":"","_tribe_events_is_hybrid":"","_tribe_events_is_virtual":"","_tribe_events_virtual_video_source":"","_tribe_events_virtual_embed_video":"","_tribe_events_virtual_linked_button_text":"","_tribe_events_virtual_linked_button":"","_tribe_events_virtual_show_embed_at":"","_tribe_events_virtual_show_embed_to":[],"_tribe_events_virtual_show_on_event":"","_tribe_events_virtual_show_on_views":"","_tribe_events_virtual_url":"","footnotes":""},"tags":[64],"tribe_events_cat":[120],"class_list":["post-5003","tribe_events","type-tribe_events","status-publish","has-post-thumbnail","hentry","tag-serra-da-estrela","tribe_events_cat-pedestrianismo","cat_pedestrianismo"],"acf":[],"_links":{"self":[{"href":"https:\/\/www.montanhismo-guarda.pt\/portal\/wp-json\/wp\/v2\/tribe_events\/5003","targetHints":{"allow":["GET"]}}],"collection":[{"href":"https:\/\/www.montanhismo-guarda.pt\/portal\/wp-json\/wp\/v2\/tribe_events"}],"about":[{"href":"https:\/\/www.montanhismo-guarda.pt\/portal\/wp-json\/wp\/v2\/types\/tribe_events"}],"author":[{"embeddable":true,"href":"https:\/\/www.montanhismo-guarda.pt\/portal\/wp-json\/wp\/v2\/users\/1"}],"version-history":[{"count":6,"href":"https:\/\/www.montanhismo-guarda.pt\/portal\/wp-json\/wp\/v2\/tribe_events\/5003\/revisions"}],"predecessor-version":[{"id":5676,"href":"https:\/\/www.montanhismo-guarda.pt\/portal\/wp-json\/wp\/v2\/tribe_events\/5003\/revisions\/5676"}],"wp:featuredmedia":[{"embeddable":true,"href":"https:\/\/www.montanhismo-guarda.pt\/portal\/wp-json\/wp\/v2\/media\/5670"}],"wp:attachment":[{"href":"https:\/\/www.montanhismo-guarda.pt\/portal\/wp-json\/wp\/v2\/media?parent=5003"}],"wp:term":[{"taxonomy":"post_tag","embeddable":true,"href":"https:\/\/www.montanhismo-guarda.pt\/portal\/wp-json\/wp\/v2\/tags?post=5003"},{"taxonomy":"tribe_events_cat","embeddable":true,"href":"https:\/\/www.montanhismo-guarda.pt\/portal\/wp-json\/wp\/v2\/tribe_events_cat?post=5003"}],"curies":[{"name":"wp","href":"https:\/\/api.w.org\/{rel}","templated":true}]}}