{"id":5583,"date":"2025-11-11T19:22:50","date_gmt":"2025-11-11T19:22:50","guid":{"rendered":"https:\/\/www.montanhismo-guarda.pt\/portal\/?post_type=tribe_events&#038;p=5583"},"modified":"2026-01-03T14:43:17","modified_gmt":"2026-01-03T14:43:17","slug":"travessia-invernal-do-macico-central-2026","status":"publish","type":"tribe_events","link":"https:\/\/www.montanhismo-guarda.pt\/portal\/evento\/travessia-invernal-do-macico-central-2026","title":{"rendered":"Travessia Invernal do Maci\u00e7o Central 2026"},"content":{"rendered":"\n<div class=\"wp-block-columns are-vertically-aligned-center is-layout-flex wp-container-core-columns-is-layout-9d6595d7 wp-block-columns-is-layout-flex\">\n<div class=\"wp-block-column is-vertically-aligned-center is-layout-flow wp-block-column-is-layout-flow\" style=\"flex-basis:50%\"><div  class=\"tribe-events-schedule tribe-clearfix\" >\n\t<p class=\"tribe-events-schedule__datetime\">\n\t\t<span class=\"tribe-events-schedule__date tribe-events-schedule__date--start\">\n\t\t\t11 de Janeiro\t\t<\/span>\n\n\t\t\t\t\t<span class=\"tribe-events-schedule__all-day\">Todo o dia<\/span>\n\t\t\n\t\t\t<\/p>\n<\/div>\n<\/div>\n\n\n\n<div class=\"wp-block-column is-vertically-aligned-center is-layout-flow wp-block-column-is-layout-flow\" style=\"flex-basis:50%\"><div class=\"taxonomy-tribe_events_cat wp-block-post-terms\"><a href=\"https:\/\/www.montanhismo-guarda.pt\/portal\/eventos\/categoria\/montanha\/invernal\" rel=\"tag\">Invernal<\/a><span class=\"wp-block-post-terms__separator\">, <\/span><a href=\"https:\/\/www.montanhismo-guarda.pt\/portal\/eventos\/categoria\/montanha\" rel=\"tag\">Montanha<\/a><\/div><\/div>\n<\/div>\n\n\n<figure class=\"wp-block-post-featured-image\"><img loading=\"lazy\" decoding=\"async\" width=\"1061\" height=\"1537\" src=\"https:\/\/www.montanhismo-guarda.pt\/portal\/wp-content\/uploads\/2025\/11\/Cartaz_TravessiaInvernal_2026.jpg\" class=\"attachment-post-thumbnail size-post-thumbnail wp-post-image\" alt=\"\" style=\"object-fit:cover;\" srcset=\"https:\/\/www.montanhismo-guarda.pt\/portal\/wp-content\/uploads\/2025\/11\/Cartaz_TravessiaInvernal_2026.jpg 1061w, https:\/\/www.montanhismo-guarda.pt\/portal\/wp-content\/uploads\/2025\/11\/Cartaz_TravessiaInvernal_2026-207x300.jpg 207w, https:\/\/www.montanhismo-guarda.pt\/portal\/wp-content\/uploads\/2025\/11\/Cartaz_TravessiaInvernal_2026-707x1024.jpg 707w, https:\/\/www.montanhismo-guarda.pt\/portal\/wp-content\/uploads\/2025\/11\/Cartaz_TravessiaInvernal_2026-768x1113.jpg 768w\" sizes=\"auto, 100vw\" \/><\/figure>\n\n\n<div class=\"wp-block-columns is-layout-flex wp-container-core-columns-is-layout-9d6595d7 wp-block-columns-is-layout-flex\">\n<div class=\"wp-block-column is-layout-flow wp-block-column-is-layout-flow\">\n<h2 class=\"wp-block-heading\">Programa<\/h2>\n\n\n\n<figure class=\"wp-block-table\"><table><tbody><tr><td><strong>Dia_11<br>6:15<\/strong><\/td><td>Concentra\u00e7\u00e3o na <strong>Sede do CMG<\/strong> e desloca\u00e7\u00e3o at\u00e9 Penhas Douradas (Concelho de Manteigas).<\/td><\/tr><tr><td><strong>\u22488:00<\/strong><\/td><td>Chegada a Penhas Douradas e in\u00edcio da actividade.<br>Percurso <strong>linear<\/strong>:<br><strong>\u2248 8 horas<\/strong> de dura\u00e7\u00e3o<br><strong>\u2248 15 kms<\/strong> de dist\u00e2ncia<br><strong>Fisicamente moderada<\/strong><br><strong>Tecnicamente f\u00e1cil<\/strong><\/td><\/tr><tr><td><strong>\u224816:30<\/strong><\/td><td>Regresso \u00e0 Guarda<\/td><\/tr><\/tbody><\/table><\/figure>\n\n\n\n<h4 class=\"wp-block-heading\">Vestu\u00e1rio e Material Aconselh\u00e1vel<\/h4>\n\n\n\n<style>\ndiv label {\n  display: contents;\n}\n<\/style>\n\n<div class=\"category\">\n        <h5>Vestu\u00e1rio Base<\/h5>\n        <div class=\"item\">\n            <input type=\"checkbox\" id=\"botas\">\n            <label for=\"botas\">Botas confort\u00e1veis e robustas<\/label>\n        <\/div>\n        <div class=\"item\">\n            <input type=\"checkbox\" id=\"corta-vento\">\n            <label for=\"corta-vento\">Corta-vento <span class=\"note\">(tipo Gore-Tex, preferencialmente)<\/span><\/label>\n        <\/div>\n        <div class=\"item\">\n            <input type=\"checkbox\" id=\"gorro\">\n            <label for=\"gorro\">Gorro<\/label>\n        <\/div>\n        <div class=\"item\">\n            <input type=\"checkbox\" id=\"luvas\">\n            <label for=\"luvas\">Luvas<\/label>\n        <\/div>\n        <div class=\"item\">\n            <input type=\"checkbox\" id=\"polar\">\n            <label for=\"polar\">Forro polar quente<\/label>\n        <\/div>\n        <div class=\"item\">\n            <input type=\"checkbox\" id=\"vestuario-extra\">\n            <label for=\"vestuario-extra\">Restante vestu\u00e1rio adequado para travessias invernais<\/label>\n        <\/div>\n    <\/div>\n\n    <div class=\"category\">\n        <h5>Material T\u00e9cnico <span class=\"note\">(Dependente das condi\u00e7\u00f5es de neve\/gelo)<\/span><\/h5>\n        <div class=\"item\">\n            <input type=\"checkbox\" id=\"piolet\">\n            <label for=\"piolet\">Piolet<\/label>\n        <\/div>\n        <div class=\"item\">\n            <input type=\"checkbox\" id=\"crampons\">\n            <label for=\"crampons\">Crampons<\/label>\n        <\/div>\n    <\/div>\n\n    <div class=\"category\">\n        <h5>Acess\u00f3rios e Apoio<\/h5>\n        <div class=\"item\">\n            <input type=\"checkbox\" id=\"polainas\">\n            <label for=\"polainas\">Polainas<\/label>\n        <\/div>\n        <div class=\"item\">\n            <input type=\"checkbox\" id=\"bastoes\">\n            <label for=\"bastoes\">Bast\u00f5es de caminhada<\/label>\n        <\/div>\n    <\/div>\n\n\n\n<h4 class=\"wp-block-heading\">Percurso<\/h4>\n\n\n\n<p>Penhas Douradas \u2013 Vale das \u00c9guas \u2013 Perdigueira \u2013 Curral do Martins \u2013 Nave da Mestra \u2013 Nave do Gam\u00e3o \u2013 Azimbres \u2013 Barros Vermelhos \u2013 Cume \u2013 Salgadeiras \u2013 C\u00e2ntaro Gordo \u2013 Cov\u00e3o do Meio \u2013 Cov\u00e3o D\u2019Ametade<\/p>\n\n\n\n<ul class=\"wp-block-list\">\n<li>O percurso proposto pode sofrer altera\u00e7\u00f5es no decorrer da atividade sempre que a organiza\u00e7\u00e3o assim o bem entender.<\/li>\n<\/ul>\n<\/div>\n\n\n\n<div class=\"wp-block-column is-layout-flow wp-block-column-is-layout-flow\">\n<h2 class=\"wp-block-heading\">Inscri\u00e7\u00e3o<\/h2>\n\n\n\n<p><a href=\"#botao-inscricao\">Inscri\u00e7\u00f5es ser\u00e3o aceites at\u00e9 dia 6 de janeiro, atrav\u00e9s do formul\u00e1rio a que pode aceder mais abaixo.<\/a><\/p>\n\n\n\n<p>A atividade est\u00e1 limitada a 30 participantes.<\/p>\n\n\n\n<h4 class=\"wp-block-heading\">Comparticipa\u00e7\u00e3o log\u00edstica<\/h4>\n\n\n\n<ul class=\"wp-block-list\">\n<li>20 \u20ac<\/li>\n<\/ul>\n\n\n\n<h4 class=\"wp-block-heading\">Observa\u00e7\u00f5es<\/h4>\n\n\n\n<p>Esta atividade destina-se exclusivamente a s\u00f3cios do Clube de Montanhismo da Guarda com experi\u00eancia em atividades de montanhismo invernal. Todos os participantes dever\u00e3o obrigatoriamente estar na posse de seguro FPME ou outro que cubra este tipo de atividades.<\/p>\n\n\n\n<h4 class=\"wp-block-heading\">Respons\u00e1veis pela Actividade<\/h4>\n\n\n\n<p><a rel=\"noreferrer noopener\" href=\"tel:967853399\" data-type=\"tel\" data-id=\"tel:967853399\" target=\"_blank\">S\u00e9rgio Pissarra (Contacto: 967 853 399)<\/a> <sub>Chamada para rede m\u00f3vel nacional<\/sub><\/p>\n\n\n\n<div id=\"botao-inscricao\" class=\"wp-block-group is-content-justification-center is-nowrap is-layout-flex wp-container-core-group-is-layout-94bc23d7 wp-block-group-is-layout-flex\">\n\n\n<blockquote class=\"wp-block-quote is-layout-flow wp-block-quote-is-layout-flow\">\n<p>Inscri\u00e7\u00f5es Encerradas: limite de participantes atingido<\/p>\n<\/blockquote>\n<\/div>\n<\/div>\n<\/div>\n\n\n\t<div  class=\"tribe-block tribe-block__events-link\" >\n\t\t<div class=\"tribe-events tribe-common\">\n\t\t\t<div class=\"tribe-events-c-subscribe-dropdown__container\">\n\t\t\t\t<div class=\"tribe-events-c-subscribe-dropdown\">\n\t\t\t\t\t<div class=\"tribe-common-c-btn-border tribe-events-c-subscribe-dropdown__button\">\n\t\t\t\t\t\t<svg\n\t class=\"tribe-common-c-svgicon tribe-common-c-svgicon--cal-export tribe-events-c-subscribe-dropdown__export-icon\" \taria-hidden=\"true\"\n\tviewBox=\"0 0 23 17\"\n\txmlns=\"http:\/\/www.w3.org\/2000\/svg\"\n>\n\t<path fill-rule=\"evenodd\" clip-rule=\"evenodd\" d=\"M.128.896V16.13c0 .211.145.383.323.383h15.354c.179 0 .323-.172.323-.383V.896c0-.212-.144-.383-.323-.383H.451C.273.513.128.684.128.896Zm16 6.742h-.901V4.679H1.009v10.729h14.218v-3.336h.901V7.638ZM1.01 1.614h14.218v2.058H1.009V1.614Z\" \/>\n\t<path d=\"M20.5 9.846H8.312M18.524 6.953l2.89 2.909-2.855 2.855\" stroke-width=\"1.2\" stroke-linecap=\"round\" stroke-linejoin=\"round\"\/>\n<\/svg>\n\t\t\t\t\t\t<button\n\t\t\t\t\t\t\tclass=\"tribe-events-c-subscribe-dropdown__button-text\"\n\t\t\t\t\t\t\taria-expanded=\"false\"\n\t\t\t\t\t\t\taria-controls=\"tribe-events-subscribe-dropdown-content\"\n\t\t\t\t\t\t\taria-label=\"View links to add events to your calendar\"\n\t\t\t\t\t\t>\n\t\t\t\t\t\t\tAdicionar ao calend\u00e1rio\t\t\t\t\t\t<\/button>\n\t\t\t\t\t\t<svg\n\t class=\"tribe-common-c-svgicon tribe-common-c-svgicon--caret-down tribe-events-c-subscribe-dropdown__button-icon\" \taria-hidden=\"true\"\n\tviewBox=\"0 0 10 7\"\n\txmlns=\"http:\/\/www.w3.org\/2000\/svg\"\n>\n\t<path fill-rule=\"evenodd\" clip-rule=\"evenodd\" d=\"M1.008.609L5 4.6 8.992.61l.958.958L5 6.517.05 1.566l.958-.958z\" class=\"tribe-common-c-svgicon__svg-fill\"\/>\n<\/svg>\n\t\t\t\t\t<\/div>\n\t\t\t\t\t<div id=\"tribe-events-subscribe-dropdown-content\" class=\"tribe-events-c-subscribe-dropdown__content\">\n\t\t\t\t\t\t<ul class=\"tribe-events-c-subscribe-dropdown__list\">\n\t\t\t\t\t\t\t\t\t\t\t\t\t\t\t<li class=\"tribe-events-c-subscribe-dropdown__list-item tribe-events-c-subscribe-dropdown__list-item--gcal\">\n\t\t\t\t\t\t\t\t\t<a\n\t\t\t\t\t\t\t\t\t\thref=\"https:\/\/www.google.com\/calendar\/event?action=TEMPLATE&#038;dates=20260111T000000\/20260111T235959&#038;text=Travessia%20Invernal%20do%20Maci%C3%A7o%20Central%202026&#038;details=%3Cdiv+class%3D%22wp-block-columns+are-vertically-aligned-center%22%3E%3Cdiv+class%3D%22wp-block-column+is-vertically-aligned-center%22+style%3D%22flex-basis%3A50%25%22%3E%3C%2Fdiv%3E%3Cdiv+class%3D%22wp-block-column+is-vertically-aligned-center%22+style%3D%22flex-basis%3A50%25%22%3E%3C%2Fdiv%3E%3C%2Fdiv%3E%3Cdiv+class%3D%22wp-block-columns%22%3E%3Cdiv+class%3D%22wp-block-column%22%3E%3Ch2+class%3D%22wp-block-heading%22%3EPrograma%3C%2Fh2%3E%3Cfigure+class%3D%22wp-block-table%22%3E%3Ctable%3E%3Ctbody%3E%3Ctr%3E%3Ctd%3E%3Cstrong%3EDia_11%3Cbr+%2F%3E6%3A15%3C%2Fstrong%3E%3C%2Ftd%3E%3Ctd%3EConcentra%C3%A7%C3%A3o+na+%3Cstrong%3ESede+do+CMG%3C%2Fstrong%3E+e+desloca%C3%A7%C3%A3o+at%C3%A9+Penhas+Douradas+%28Concelho+de+Manteigas%29.%3C%2Ftd%3E%3C%2Ftr%3E%3Ctr%3E%3Ctd%3E%3Cstrong%3E%E2%89%888%3A00%3C%2Fstrong%3E%3C%2Ftd%3E%3Ctd%3EChegada+a+Penhas+Douradas+e+in%C3%ADcio+da+actividade.%3Cbr+%2F%3EPercurso+%3Cstrong%3Elinear%3C%2Fstrong%3E%3A%3Cbr+%2F%3E%3Cstrong%3E%E2%89%88+8+horas%3C%2Fstrong%3E+de+dura%C3%A7%C3%A3o%3Cbr+%2F%3E%3Cstrong%3E%E2%89%88+15+kms%3C%2Fstrong%3E+de+dist%C3%A2ncia%3Cbr+%2F%3E%3Cstrong%3EFisicamente+moderada%3C%2Fstrong%3E%3Cbr+%2F%3E%3Cstrong%3ETecnicamente+f%C3%A1cil%3C%2Fstrong%3E%3C%2Ftd%3E%3C%2Ftr%3E%3Ctr%3E%3Ctd%3E%3Cstrong%3E%E2%89%8816%3A30%3C%2Fstrong%3E%3C%2Ftd%3E%3Ctd%3ERegresso+%C3%A0+Guarda%3C%2Ftd%3E%3C%2Ftr%3E%3C%2Ftbody%3E%3C%2Ftable%3E%3C%2Ffigure%3E%3Ch4+class%3D%22wp-bloc%3C%2Fdiv%3E%3C%2Fdiv%3E+%28Veja+a+descri%C3%A7%C3%A3o+completa+de+evento+aqui%3A+https%3A%2F%2Fwww.montanhismo-guarda.pt%2Fportal%2Fevento%2Ftravessia-invernal-do-macico-central-2026%29&#038;trp=false&#038;ctz=Europe\/Lisbon&#038;sprop=website:https:\/\/www.montanhismo-guarda.pt\/portal\"\n\t\t\t\t\t\t\t\t\t\tclass=\"tribe-events-c-subscribe-dropdown__list-item-link\"\n\t\t\t\t\t\t\t\t\t\ttarget=\"_blank\"\n\t\t\t\t\t\t\t\t\t\trel=\"noopener noreferrer nofollow noindex\"\n\t\t\t\t\t\t\t\t\t>\n\t\t\t\t\t\t\t\t\t\tCalend\u00e1rio Google\t\t\t\t\t\t\t\t\t<\/a>\n\t\t\t\t\t\t\t\t<\/li>\n\t\t\t\t\t\t\t\t\t\t\t\t\t\t\t<li class=\"tribe-events-c-subscribe-dropdown__list-item tribe-events-c-subscribe-dropdown__list-item--ical\">\n\t\t\t\t\t\t\t\t\t<a\n\t\t\t\t\t\t\t\t\t\thref=\"\"\n\t\t\t\t\t\t\t\t\t\tclass=\"tribe-events-c-subscribe-dropdown__list-item-link\"\n\t\t\t\t\t\t\t\t\t\ttarget=\"_blank\"\n\t\t\t\t\t\t\t\t\t\trel=\"noopener noreferrer nofollow noindex\"\n\t\t\t\t\t\t\t\t\t>\n\t\t\t\t\t\t\t\t\t\tiCalendar\t\t\t\t\t\t\t\t\t<\/a>\n\t\t\t\t\t\t\t\t<\/li>\n\t\t\t\t\t\t\t\t\t\t\t\t\t\t\t<li class=\"tribe-events-c-subscribe-dropdown__list-item tribe-events-c-subscribe-dropdown__list-item--outlook-365\">\n\t\t\t\t\t\t\t\t\t<a\n\t\t\t\t\t\t\t\t\t\thref=\"\"\n\t\t\t\t\t\t\t\t\t\tclass=\"tribe-events-c-subscribe-dropdown__list-item-link\"\n\t\t\t\t\t\t\t\t\t\ttarget=\"_blank\"\n\t\t\t\t\t\t\t\t\t\trel=\"noopener noreferrer nofollow noindex\"\n\t\t\t\t\t\t\t\t\t>\n\t\t\t\t\t\t\t\t\t\tOutlook 365\t\t\t\t\t\t\t\t\t<\/a>\n\t\t\t\t\t\t\t\t<\/li>\n\t\t\t\t\t\t\t\t\t\t\t\t\t\t\t<li class=\"tribe-events-c-subscribe-dropdown__list-item tribe-events-c-subscribe-dropdown__list-item--outlook-live\">\n\t\t\t\t\t\t\t\t\t<a\n\t\t\t\t\t\t\t\t\t\thref=\"\"\n\t\t\t\t\t\t\t\t\t\tclass=\"tribe-events-c-subscribe-dropdown__list-item-link\"\n\t\t\t\t\t\t\t\t\t\ttarget=\"_blank\"\n\t\t\t\t\t\t\t\t\t\trel=\"noopener noreferrer nofollow noindex\"\n\t\t\t\t\t\t\t\t\t>\n\t\t\t\t\t\t\t\t\t\tOutlook Live\t\t\t\t\t\t\t\t\t<\/a>\n\t\t\t\t\t\t\t\t<\/li>\n\t\t\t\t\t\t\t\t\t\t\t\t\t<\/ul>\n\t\t\t\t\t<\/div>\n\t\t\t\t<\/div>\n\t\t\t<\/div>\n\t\t<\/div>\n\t<\/div>\n\n\n\n<h2 class=\"tribe-block__related-events__title\">Related Events<\/h2>\n\n<ul  class=\"tribe-related-events tribe-clearfix\" >\n\t\t\t<li>\n\t\n<div class=\"tribe-related-events-thumbnail\">\n\t<a href=\"https:\/\/www.montanhismo-guarda.pt\/portal\/evento\/lagoas-escondidas-da-estrela\/\" class=\"url\" rel=\"bookmark\" tabindex=\"-1\" aria-hidden=\"true\"><img loading=\"lazy\" decoding=\"async\" width=\"525\" height=\"760\" src=\"https:\/\/www.montanhismo-guarda.pt\/portal\/wp-content\/uploads\/2026\/01\/Cartaz_TravessiaMaio2026-707x1024.jpg\" class=\"attachment-large size-large wp-post-image\" alt=\"\" \/><\/a>\n<\/div>\n\t<div class=\"tribe-related-event-info\">\n\t<h3 class=\"tribe-related-events-title\">\n\t\t<a href=\"https:\/\/www.montanhismo-guarda.pt\/portal\/evento\/lagoas-escondidas-da-estrela\/\" class=\"tribe-event-url\" rel=\"bookmark\">\n\t\t\tDa Bou\u00e7a \u00e0 Varanda dos Pastores\t\t<\/a>\n\t<\/h3>\n\t<span class=\"tribe-event-date-start\">17 de Maio<\/span><\/div>\n<\/li>\n\t\t\t<li>\n\t\n<div class=\"tribe-related-events-thumbnail\">\n\t<a href=\"https:\/\/www.montanhismo-guarda.pt\/portal\/evento\/atividade-nos-picos-de-europa\/\" class=\"url\" rel=\"bookmark\" tabindex=\"-1\" aria-hidden=\"true\"><img loading=\"lazy\" decoding=\"async\" width=\"525\" height=\"760\" src=\"https:\/\/www.montanhismo-guarda.pt\/portal\/wp-content\/uploads\/2026\/01\/Cartaz-Picos-Europa-2026-707x1024.jpg\" class=\"attachment-large size-large wp-post-image\" alt=\"\" \/><\/a>\n<\/div>\n\t<div class=\"tribe-related-event-info\">\n\t<h3 class=\"tribe-related-events-title\">\n\t\t<a href=\"https:\/\/www.montanhismo-guarda.pt\/portal\/evento\/atividade-nos-picos-de-europa\/\" class=\"tribe-event-url\" rel=\"bookmark\">\n\t\t\tAtividade nos Picos de Europa\t\t<\/a>\n\t<\/h3>\n\t<span class=\"tribe-event-date-start\">4 de Junho<\/span> \u2014 <span class=\"tribe-event-date-end\">7 de Junho<\/span><\/div>\n<\/li>\n\t\t\t<li>\n\t\n<div class=\"tribe-related-events-thumbnail\">\n\t<a href=\"https:\/\/www.montanhismo-guarda.pt\/portal\/evento\/entre-ocultos-circos-glaciarios\/\" class=\"url\" rel=\"bookmark\" tabindex=\"-1\" aria-hidden=\"true\"><img loading=\"lazy\" decoding=\"async\" width=\"525\" height=\"760\" src=\"https:\/\/www.montanhismo-guarda.pt\/portal\/wp-content\/uploads\/2026\/01\/Cartaz_LagoasReconditasGredos_2026-707x1024.jpg\" class=\"attachment-large size-large wp-post-image\" alt=\"\" \/><\/a>\n<\/div>\n\t<div class=\"tribe-related-event-info\">\n\t<h3 class=\"tribe-related-events-title\">\n\t\t<a href=\"https:\/\/www.montanhismo-guarda.pt\/portal\/evento\/entre-ocultos-circos-glaciarios\/\" class=\"tribe-event-url\" rel=\"bookmark\">\n\t\t\tLagoas Rec\u00f4nditas de Gredos\t\t<\/a>\n\t<\/h3>\n\t<span class=\"tribe-event-date-start\">20 de Junho<\/span> \u2014 <span class=\"tribe-event-date-end\">21 de Junho<\/span><\/div>\n<\/li>\n\t<\/ul>\n","protected":false},"excerpt":{"rendered":"<p>Programa Dia_116:15 Concentra\u00e7\u00e3o na Sede do CMG e desloca\u00e7\u00e3o at\u00e9 Penhas Douradas (Concelho de Manteigas). \u22488:00 Chegada a Penhas Douradas e in\u00edcio da actividade.Percurso linear:\u2248 8 horas de dura\u00e7\u00e3o\u2248 15 &hellip; <\/p>\n<p class=\"link-more\"><a href=\"https:\/\/www.montanhismo-guarda.pt\/portal\/evento\/travessia-invernal-do-macico-central-2026\" class=\"more-link\">Continuar a ler <span class=\"screen-reader-text\">&#8220;Travessia Invernal do Maci\u00e7o Central 2026&#8221;<\/span><\/a><\/p>\n","protected":false},"author":1,"featured_media":5702,"template":"","meta":{"_acf_changed":false,"_tec_requires_first_save":false,"_EventAllDay":true,"_EventTimezone":"Europe\/Lisbon","_EventStartDate":"2026-01-11 00:00:00","_EventEndDate":"2026-01-11 23:59:59","_EventStartDateUTC":"2026-01-11 00:00:00","_EventEndDateUTC":"2026-01-11 23:59:59","_EventShowMap":false,"_EventShowMapLink":false,"_EventURL":"https:\/\/forms.gle\/QajtR7nwqfN4kdJk6","_EventCost":"","_EventCostDescription":"","_EventCurrencySymbol":"\u20ac","_EventCurrencyCode":"USD","_EventCurrencyPosition":"suffix","_EventDateTimeSeparator":" \u00e0s ","_EventTimeRangeSeparator":" \u2014 ","_EventOrganizerID":[],"_EventVenueID":[],"_OrganizerEmail":"","_OrganizerPhone":"","_OrganizerWebsite":"","_VenueAddress":"","_VenueCity":"","_VenueCountry":"","_VenueProvince":"","_VenueState":"","_VenueZip":"","_VenuePhone":"","_VenueURL":"","_VenueStateProvince":"","_VenueLat":"","_VenueLng":"","_VenueShowMap":false,"_VenueShowMapLink":false,"_tribe_blocks_recurrence_rules":"","_tribe_blocks_recurrence_description":"","_tribe_blocks_recurrence_exclusions":"","_tribe_events_status":"","_tribe_events_status_reason":"","_tribe_events_is_hybrid":"","_tribe_events_is_virtual":"","_tribe_events_virtual_video_source":"","_tribe_events_virtual_embed_video":"","_tribe_events_virtual_linked_button_text":"","_tribe_events_virtual_linked_button":"","_tribe_events_virtual_show_embed_at":"","_tribe_events_virtual_show_embed_to":[],"_tribe_events_virtual_show_on_event":"","_tribe_events_virtual_show_on_views":"","_tribe_events_virtual_url":"","footnotes":""},"tags":[64,73],"tribe_events_cat":[139,119],"class_list":["post-5583","tribe_events","type-tribe_events","status-publish","has-post-thumbnail","hentry","tag-serra-da-estrela","tag-travessias-de-montanha","tribe_events_cat-invernal","tribe_events_cat-montanha","cat_invernal","cat_montanha"],"acf":[],"_links":{"self":[{"href":"https:\/\/www.montanhismo-guarda.pt\/portal\/wp-json\/wp\/v2\/tribe_events\/5583","targetHints":{"allow":["GET"]}}],"collection":[{"href":"https:\/\/www.montanhismo-guarda.pt\/portal\/wp-json\/wp\/v2\/tribe_events"}],"about":[{"href":"https:\/\/www.montanhismo-guarda.pt\/portal\/wp-json\/wp\/v2\/types\/tribe_events"}],"author":[{"embeddable":true,"href":"https:\/\/www.montanhismo-guarda.pt\/portal\/wp-json\/wp\/v2\/users\/1"}],"version-history":[{"count":14,"href":"https:\/\/www.montanhismo-guarda.pt\/portal\/wp-json\/wp\/v2\/tribe_events\/5583\/revisions"}],"predecessor-version":[{"id":5712,"href":"https:\/\/www.montanhismo-guarda.pt\/portal\/wp-json\/wp\/v2\/tribe_events\/5583\/revisions\/5712"}],"wp:featuredmedia":[{"embeddable":true,"href":"https:\/\/www.montanhismo-guarda.pt\/portal\/wp-json\/wp\/v2\/media\/5702"}],"wp:attachment":[{"href":"https:\/\/www.montanhismo-guarda.pt\/portal\/wp-json\/wp\/v2\/media?parent=5583"}],"wp:term":[{"taxonomy":"post_tag","embeddable":true,"href":"https:\/\/www.montanhismo-guarda.pt\/portal\/wp-json\/wp\/v2\/tags?post=5583"},{"taxonomy":"tribe_events_cat","embeddable":true,"href":"https:\/\/www.montanhismo-guarda.pt\/portal\/wp-json\/wp\/v2\/tribe_events_cat?post=5583"}],"curies":[{"name":"wp","href":"https:\/\/api.w.org\/{rel}","templated":true}]}}