{"id":5588,"date":"2025-11-11T19:33:29","date_gmt":"2025-11-11T19:33:29","guid":{"rendered":"https:\/\/www.montanhismo-guarda.pt\/portal\/?post_type=tribe_events&#038;p=5588"},"modified":"2026-02-02T11:57:17","modified_gmt":"2026-02-02T11:57:17","slug":"marcha-janeiro-2026","status":"publish","type":"tribe_events","link":"https:\/\/www.montanhismo-guarda.pt\/portal\/evento\/marcha-janeiro-2026","title":{"rendered":"Marcha das Freixedas"},"content":{"rendered":"\n<div class=\"wp-block-group is-layout-flex wp-block-group-is-layout-flex\"><div  class=\"tribe-events-schedule tribe-clearfix\" >\n\t<p class=\"tribe-events-schedule__datetime\">\n\t\t<span class=\"tribe-events-schedule__date tribe-events-schedule__date--start\">\n\t\t\t1 de Fevereiro\t\t<\/span>\n\n\t\t\t\t\t<span class=\"tribe-events-schedule__all-day\">Todo o dia<\/span>\n\t\t\n\t\t\t<\/p>\n<\/div>\n\n\n<div class=\"taxonomy-tribe_events_cat wp-block-post-terms\"><a href=\"https:\/\/www.montanhismo-guarda.pt\/portal\/eventos\/categoria\/pedestrianismo\" rel=\"tag\">Pedestrianismo<\/a><\/div>\n\n<\/div>\n\n\n<figure class=\"aligncenter wp-block-post-featured-image\"><img loading=\"lazy\" decoding=\"async\" width=\"1767\" height=\"2560\" src=\"https:\/\/www.montanhismo-guarda.pt\/portal\/wp-content\/uploads\/2025\/11\/Cartaz-Marcha-Janeiro-2025_CANCELAMENTO-scaled.jpg\" class=\"attachment-post-thumbnail size-post-thumbnail wp-post-image\" alt=\"\" style=\"object-fit:cover;\" srcset=\"https:\/\/www.montanhismo-guarda.pt\/portal\/wp-content\/uploads\/2025\/11\/Cartaz-Marcha-Janeiro-2025_CANCELAMENTO-scaled.jpg 1767w, https:\/\/www.montanhismo-guarda.pt\/portal\/wp-content\/uploads\/2025\/11\/Cartaz-Marcha-Janeiro-2025_CANCELAMENTO-207x300.jpg 207w, https:\/\/www.montanhismo-guarda.pt\/portal\/wp-content\/uploads\/2025\/11\/Cartaz-Marcha-Janeiro-2025_CANCELAMENTO-707x1024.jpg 707w, https:\/\/www.montanhismo-guarda.pt\/portal\/wp-content\/uploads\/2025\/11\/Cartaz-Marcha-Janeiro-2025_CANCELAMENTO-768x1112.jpg 768w, https:\/\/www.montanhismo-guarda.pt\/portal\/wp-content\/uploads\/2025\/11\/Cartaz-Marcha-Janeiro-2025_CANCELAMENTO-1060x1536.jpg 1060w, https:\/\/www.montanhismo-guarda.pt\/portal\/wp-content\/uploads\/2025\/11\/Cartaz-Marcha-Janeiro-2025_CANCELAMENTO-1414x2048.jpg 1414w\" sizes=\"auto, 100vw\" \/><\/figure>\n\n\n<blockquote class=\"wp-block-quote is-layout-flow wp-block-quote-is-layout-flow\">\n<p>Freguesia com marcas de romaniza\u00e7\u00e3o, foi importante no per\u00edodo da Reconquista. Destacam-se a Igreja de S\u00e3o Martinho de Tours (matriz), a Capela da Senhora da Espedrada, e diversos solares dos s\u00e9culos XVII\/XVIII, como o Solar dos Bar\u00f5es de Mogadouro.<\/p>\n<\/blockquote>\n\n\n\n<div class=\"wp-block-columns is-layout-flex wp-container-core-columns-is-layout-9d6595d7 wp-block-columns-is-layout-flex\">\n<div class=\"wp-block-column is-layout-flow wp-block-column-is-layout-flow\">\n<h2 class=\"wp-block-heading\">Programa<\/h2>\n\n\n\n<figure class=\"wp-block-table is-style-stripes\"><table><tbody><tr><td><strong>Dia_25<br>8:15<\/strong><\/td><td>(opcional) Concentra\u00e7\u00e3o na <strong>Sede do CMG<\/strong> e transporte <a href=\"#transporte\">[ver Transporte]<\/a><\/td><\/tr><tr><td><strong>8:45<\/strong><\/td><td>Concentra\u00e7\u00e3o no <strong>Largo de Santo Ant\u00e3o, Freixedas<\/strong> <a href=\"#inicio\">[ver In\u00edcio]<\/a><\/td><\/tr><tr><td><strong><br><strong><strong>\u2248<\/strong><\/strong>9:00<\/strong><\/td><td>In\u00edcio da actividade <a href=\"#detalhes\">[ver Detalhes]<\/a><br>Percurso <strong>circular<\/strong>:<br><strong>\u2248 4 horas<\/strong> de dura\u00e7\u00e3o<br><strong>\u2248 14 kms<\/strong> de dist\u00e2ncia<br>Dificuldade <strong>f\u00e1cil\/m\u00e9dia<\/strong><\/td><\/tr><tr><td><strong><strong><strong>\u2248<\/strong><\/strong>13:00<\/strong><\/td><td>Fim da marcha e desloca\u00e7\u00e3o para o <strong>Pavilh\u00e3o Multiusos da Freguesia<\/strong> <a href=\"#almoco\">[ver almo\u00e7o]<\/a><\/td><\/tr><tr><td><strong><strong><strong>\u2248<\/strong><\/strong>15:00<\/strong><\/td><td>Regresso \u00e0 Guarda<\/td><\/tr><\/tbody><\/table><\/figure>\n\n\n\n<h3 class=\"wp-block-heading\" id=\"detalhes\">Detalhes<\/h3>\n\n\n\n<h4 class=\"wp-block-heading\" id=\"inicio\">In\u00edcio<\/h4>\n\n\n\n<p>Freixedas &#8211; Largo de Santo Ant\u00e3o (atr\u00e1s da Junta de Freguesia)<\/p>\n\n\n\n<iframe loading=\"lazy\" width=\"425\" height=\"350\" src=\"https:\/\/www.openstreetmap.org\/export\/embed.html?bbox=-7.163887917995454%2C40.69159667021629%2C-7.160087227821351%2C40.694140819446474&amp;layer=cyclosm&amp;marker=40.69286875697451%2C-7.1619875729084015\" style=\"border: 1px solid black\"><\/iframe><br\/><small><a href=\"https:\/\/www.openstreetmap.org\/?mlat=40.692869&amp;mlon=-7.161988#map=19\/40.692869\/-7.161988&amp;layers=Y\">Ver mapa maior<\/a><\/small>\n\n\n\n<h3 class=\"wp-block-heading\">Equipamento e Material Aconselh\u00e1vel<\/h3>\n\n\n\n<p>Aconselhamos cal\u00e7ado apropriado a trilho com alguma \u00e1gua\/lama, bast\u00f5es de caminhada e farnel e \u00e1gua na mochila.<\/p>\n\n\n\n<h3 class=\"wp-block-heading\" id=\"almoco\">Almo\u00e7o<\/h3>\n\n\n\n<p>No final da caminhada ser\u00e1 servido um almo\u00e7o (gentilmente oferecido pela Junta de Freguesia das Freixedas) no pavilh\u00e3o multiusos da freguesia.<\/p>\n<\/div>\n\n\n\n<div class=\"wp-block-column is-layout-flow wp-block-column-is-layout-flow\">\n<h2 class=\"wp-block-heading\">Inscri\u00e7\u00e3o<\/h2>\n\n\n\n<p><a href=\"#inscrever\">Inscri\u00e7\u00f5es ser\u00e3o aceites at\u00e9 dia <strong>22 de janeiro<\/strong>, atrav\u00e9s do <strong>formul\u00e1rio<\/strong> a que pode aceder mais abaixo.<\/a><\/p>\n\n\n\n<h3 class=\"wp-block-heading\" id=\"comparticipacao\">Comparticipa\u00e7\u00e3o<\/h3>\n\n\n\n<ul class=\"wp-block-list\">\n<li>5\u20ac (para s\u00f3cios do clube com quotas em dia)<\/li>\n\n\n\n<li>10\u20ac (para os restantes)<\/li>\n<\/ul>\n\n\n\n<p><a href=\"#transporte\">[ver Transporte]<\/a><\/p>\n\n\n\n<p><a href=\"#pagamentos\">[ver Pagamentos]<\/a><\/p>\n\n\n\n<h3 class=\"wp-block-heading\" id=\"transporte\">Transporte<\/h3>\n\n\n\n<p>O Clube disponibiliza as suas viaturas para transporte para a atividade. Os lugares, limitados, ser\u00e3o preenchidos por ordem de inscri\u00e7\u00e3o \u2013 tendo prioridade os s\u00f3cios com quotas em dia.<\/p>\n\n\n\n<p>Neste caso haver\u00e1 uma comparticipa\u00e7\u00e3o para o transporte de:<\/p>\n\n\n\n<ul class=\"wp-block-list\">\n<li>5\u20ac (para s\u00f3cios do clube com quotas em dia)<\/li>\n\n\n\n<li>10\u20ac (para os restantes)<\/li>\n<\/ul>\n\n\n\n<p>O Transporte do Clube sai da Sede \u00e0s 8:15 .<\/p>\n\n\n\n<h3 class=\"wp-block-heading\">Observa\u00e7\u00f5es<\/h3>\n\n\n\n<p>Os companheiros que n\u00e3o sejam possuidores de seguro de acidentes pessoais, e pretendam que seja o clube a tratar do seguro, devem comunic\u00e1-lo no ato da inscri\u00e7\u00e3o &#8211; no formul\u00e1rio &#8211; com indica\u00e7\u00e3o do NIF, data de nascimento e BI\/CC.<\/p>\n\n\n\n<h3 class=\"wp-block-heading\">Respons\u00e1vel pela Actividade<\/h3>\n\n\n\n<p><a href=\"tel:+351966478807\" data-type=\"tel\" data-id=\"tel:+351966478807\">Jo\u00e3o Gon\u00e7alves (Contacto: 966 478 807)<\/a> <sub>Chamada para rede m\u00f3vel nacional<\/sub><\/p>\n\n\n\n<div id=\"inscrever\" class=\"wp-block-group is-content-justification-center is-layout-flex wp-container-core-group-is-layout-64b26803 wp-block-group-is-layout-flex\"><div  class=\"tribe-block tribe-block__event-website\" >\n\t<a\n\t\thref=\"https:\/\/forms.gle\/Qwp6E4umQoBooLLE9\"\n\t\ttarget=\"_self\"\n\t\t\t>\n\t\tInscrever\t<\/a>\n<\/div>\n<\/div>\n<\/div>\n<\/div>\n\n\n\n<h2 class=\"wp-block-heading\" id=\"pagamentos\">Pagamentos<\/h2>\n\n\n\n<p>Podem realizar os pagamentos (atividade e\/ou seguro e\/ou quota anual) para o NIB do clube &#8211; PT 50 0035 0360 000 33879431 17 &#8211; ou por via de MBWAY para o numero do clube &#8211; 966282054 &#8211; (identificando sempre o pagamento\/s\u00f3cio).<\/p>\n\n\n\t<div  class=\"tribe-block tribe-block__events-link\" >\n\t\t<div class=\"tribe-events tribe-common\">\n\t\t\t<div class=\"tribe-events-c-subscribe-dropdown__container\">\n\t\t\t\t<div class=\"tribe-events-c-subscribe-dropdown\">\n\t\t\t\t\t<div class=\"tribe-common-c-btn-border tribe-events-c-subscribe-dropdown__button\">\n\t\t\t\t\t\t<svg\n\t class=\"tribe-common-c-svgicon tribe-common-c-svgicon--cal-export tribe-events-c-subscribe-dropdown__export-icon\" \taria-hidden=\"true\"\n\tviewBox=\"0 0 23 17\"\n\txmlns=\"http:\/\/www.w3.org\/2000\/svg\"\n>\n\t<path fill-rule=\"evenodd\" clip-rule=\"evenodd\" d=\"M.128.896V16.13c0 .211.145.383.323.383h15.354c.179 0 .323-.172.323-.383V.896c0-.212-.144-.383-.323-.383H.451C.273.513.128.684.128.896Zm16 6.742h-.901V4.679H1.009v10.729h14.218v-3.336h.901V7.638ZM1.01 1.614h14.218v2.058H1.009V1.614Z\" \/>\n\t<path d=\"M20.5 9.846H8.312M18.524 6.953l2.89 2.909-2.855 2.855\" stroke-width=\"1.2\" stroke-linecap=\"round\" stroke-linejoin=\"round\"\/>\n<\/svg>\n\t\t\t\t\t\t<button\n\t\t\t\t\t\t\tclass=\"tribe-events-c-subscribe-dropdown__button-text\"\n\t\t\t\t\t\t\taria-expanded=\"false\"\n\t\t\t\t\t\t\taria-controls=\"tribe-events-subscribe-dropdown-content\"\n\t\t\t\t\t\t\taria-label=\"View links to add events to your calendar\"\n\t\t\t\t\t\t>\n\t\t\t\t\t\t\tAdicionar ao calend\u00e1rio\t\t\t\t\t\t<\/button>\n\t\t\t\t\t\t<svg\n\t class=\"tribe-common-c-svgicon tribe-common-c-svgicon--caret-down tribe-events-c-subscribe-dropdown__button-icon\" \taria-hidden=\"true\"\n\tviewBox=\"0 0 10 7\"\n\txmlns=\"http:\/\/www.w3.org\/2000\/svg\"\n>\n\t<path fill-rule=\"evenodd\" clip-rule=\"evenodd\" d=\"M1.008.609L5 4.6 8.992.61l.958.958L5 6.517.05 1.566l.958-.958z\" class=\"tribe-common-c-svgicon__svg-fill\"\/>\n<\/svg>\n\t\t\t\t\t<\/div>\n\t\t\t\t\t<div id=\"tribe-events-subscribe-dropdown-content\" class=\"tribe-events-c-subscribe-dropdown__content\">\n\t\t\t\t\t\t<ul class=\"tribe-events-c-subscribe-dropdown__list\">\n\t\t\t\t\t\t\t\t\t\t\t\t\t\t\t<li class=\"tribe-events-c-subscribe-dropdown__list-item tribe-events-c-subscribe-dropdown__list-item--gcal\">\n\t\t\t\t\t\t\t\t\t<a\n\t\t\t\t\t\t\t\t\t\thref=\"https:\/\/www.google.com\/calendar\/event?action=TEMPLATE&#038;dates=20260201T000000\/20260201T235959&#038;text=Marcha%20das%20Freixedas&#038;details=%3Cdiv+class%3D%22wp-block-group%22%3E%3C%2Fdiv%3E%3Cblockquote+class%3D%22wp-block-quote%22%3E%3Cp%3EFreguesia+com+marcas+de+romaniza%C3%A7%C3%A3o%2C+foi+importante+no+per%C3%ADodo+da+Reconquista.+Destacam-se+a+Igreja+de+S%C3%A3o+Martinho+de+Tours+%28matriz%29%2C+a+Capela+da+Senhora+da+Espedrada%2C+e+diversos+solares+dos+s%C3%A9culos+XVII%2FXVIII%2C+como+o+Solar+dos+Bar%C3%B5es+de+Mogadouro.%3C%2Fp%3E+%3C%2Fblockquote%3E%3Cdiv+class%3D%22wp-block-columns%22%3E%3Cdiv+class%3D%22wp-block-column%22%3E%3Ch2+class%3D%22wp-block-heading%22%3EPrograma%3C%2Fh2%3E%3Cfigure+class%3D%22wp-block-table+is-style-stripes%22%3E%3Ctable%3E%3Ctbody%3E%3Ctr%3E%3Ctd%3E%3Cstrong%3EDia_25%3Cbr+%2F%3E8%3A15%3C%2Fstrong%3E%3C%2Ftd%3E%3Ctd%3E%28opcional%29+Concentra%C3%A7%C3%A3o+na+%3Cstrong%3ESede+do+CMG%3C%2Fstrong%3E+e+transporte+%3Ca+href%3D%22%23transporte%22%3E%5Bver+Transporte%5D%3C%2Fa%3E%3C%2Ftd%3E%3C%2Ftr%3E%3Ctr%3E%3Ctd%3E%3Cstrong%3E8%3A45%3C%2Fstrong%3E%3C%2Ftd%3E%3Ctd%3EConcentra%C3%A7%C3%A3o+no+%3Cstrong%3ELargo+de+Santo+Ant%C3%A3o%2C+Freixedas%3C%2Fstrong%3E+%3Ca+href%3D%22%23inicio%22%3E%5Bver+In%C3%ADcio%5D%3C%2Fa%3E%3C%2Ftd%3E%3C%2Ftr%3E%3Ctr%3E%3Ctd%3E%3Cstrong%3E%3Cbr+%2F%3E%3C%2Fstrong%3E%3Cstrong%3E%3C%2Fstrong%3E%3Cstrong%3E%E2%89%88%3C%2Fstrong%3E9%3A00%3C%2Ftd%3E%3Ctd%3EIn%C3%ADcio+da+actividade+%3Ca+href%3D%22%23detalhes%22%3E%5Bver+Detalhes%5D%3C%2Fa%3E%3Cbr+%2F%3E%3C%2Ftd%3E%3C%2Ftr%3E%3C%2Ftbody%3E%3C%2Ftable%3E%3C%2Ffigure%3E%3C%2Fdiv%3E%3C%2Fdiv%3E+%28Veja+a+descri%C3%A7%C3%A3o+completa+de+evento+aqui%3A+https%3A%2F%2Fwww.montanhismo-guarda.pt%2Fportal%2Fevento%2Fmarcha-janeiro-2026%29&#038;trp=false&#038;ctz=Europe\/Lisbon&#038;sprop=website:https:\/\/www.montanhismo-guarda.pt\/portal\"\n\t\t\t\t\t\t\t\t\t\tclass=\"tribe-events-c-subscribe-dropdown__list-item-link\"\n\t\t\t\t\t\t\t\t\t\ttarget=\"_blank\"\n\t\t\t\t\t\t\t\t\t\trel=\"noopener noreferrer nofollow noindex\"\n\t\t\t\t\t\t\t\t\t>\n\t\t\t\t\t\t\t\t\t\tCalend\u00e1rio Google\t\t\t\t\t\t\t\t\t<\/a>\n\t\t\t\t\t\t\t\t<\/li>\n\t\t\t\t\t\t\t\t\t\t\t\t\t\t\t<li class=\"tribe-events-c-subscribe-dropdown__list-item tribe-events-c-subscribe-dropdown__list-item--ical\">\n\t\t\t\t\t\t\t\t\t<a\n\t\t\t\t\t\t\t\t\t\thref=\"\"\n\t\t\t\t\t\t\t\t\t\tclass=\"tribe-events-c-subscribe-dropdown__list-item-link\"\n\t\t\t\t\t\t\t\t\t\ttarget=\"_blank\"\n\t\t\t\t\t\t\t\t\t\trel=\"noopener noreferrer nofollow noindex\"\n\t\t\t\t\t\t\t\t\t>\n\t\t\t\t\t\t\t\t\t\tiCalendar\t\t\t\t\t\t\t\t\t<\/a>\n\t\t\t\t\t\t\t\t<\/li>\n\t\t\t\t\t\t\t\t\t\t\t\t\t\t\t<li class=\"tribe-events-c-subscribe-dropdown__list-item tribe-events-c-subscribe-dropdown__list-item--outlook-365\">\n\t\t\t\t\t\t\t\t\t<a\n\t\t\t\t\t\t\t\t\t\thref=\"\"\n\t\t\t\t\t\t\t\t\t\tclass=\"tribe-events-c-subscribe-dropdown__list-item-link\"\n\t\t\t\t\t\t\t\t\t\ttarget=\"_blank\"\n\t\t\t\t\t\t\t\t\t\trel=\"noopener noreferrer nofollow noindex\"\n\t\t\t\t\t\t\t\t\t>\n\t\t\t\t\t\t\t\t\t\tOutlook 365\t\t\t\t\t\t\t\t\t<\/a>\n\t\t\t\t\t\t\t\t<\/li>\n\t\t\t\t\t\t\t\t\t\t\t\t\t\t\t<li class=\"tribe-events-c-subscribe-dropdown__list-item tribe-events-c-subscribe-dropdown__list-item--outlook-live\">\n\t\t\t\t\t\t\t\t\t<a\n\t\t\t\t\t\t\t\t\t\thref=\"\"\n\t\t\t\t\t\t\t\t\t\tclass=\"tribe-events-c-subscribe-dropdown__list-item-link\"\n\t\t\t\t\t\t\t\t\t\ttarget=\"_blank\"\n\t\t\t\t\t\t\t\t\t\trel=\"noopener noreferrer nofollow noindex\"\n\t\t\t\t\t\t\t\t\t>\n\t\t\t\t\t\t\t\t\t\tOutlook Live\t\t\t\t\t\t\t\t\t<\/a>\n\t\t\t\t\t\t\t\t<\/li>\n\t\t\t\t\t\t\t\t\t\t\t\t\t<\/ul>\n\t\t\t\t\t<\/div>\n\t\t\t\t<\/div>\n\t\t\t<\/div>\n\t\t<\/div>\n\t<\/div>\n\n\n\n<h2 class=\"tribe-block__related-events__title\">Related Events<\/h2>\n\n<ul  class=\"tribe-related-events tribe-clearfix\" >\n\t\t\t<li>\n\t\n<div class=\"tribe-related-events-thumbnail\">\n\t<a href=\"https:\/\/www.montanhismo-guarda.pt\/portal\/evento\/atividade-no-montesinho\/\" class=\"url\" rel=\"bookmark\" tabindex=\"-1\" aria-hidden=\"true\"><img loading=\"lazy\" decoding=\"async\" width=\"525\" height=\"760\" src=\"https:\/\/www.montanhismo-guarda.pt\/portal\/wp-content\/uploads\/2026\/01\/Cartaz-Montesinho-2026_2-707x1024.jpg\" class=\"attachment-large size-large wp-post-image\" alt=\"\" \/><\/a>\n<\/div>\n\t<div class=\"tribe-related-event-info\">\n\t<h3 class=\"tribe-related-events-title\">\n\t\t<a href=\"https:\/\/www.montanhismo-guarda.pt\/portal\/evento\/atividade-no-montesinho\/\" class=\"tribe-event-url\" rel=\"bookmark\">\n\t\t\tAtividade no Montesinho\t\t<\/a>\n\t<\/h3>\n\t<span class=\"tribe-event-date-start\">1 de Maio<\/span> \u2014 <span class=\"tribe-event-date-end\">3 de Maio<\/span><\/div>\n<\/li>\n\t\t\t<li>\n\t\n<div class=\"tribe-related-events-thumbnail\">\n\t<a href=\"https:\/\/www.montanhismo-guarda.pt\/portal\/evento\/atividade-nos-picos-de-europa\/\" class=\"url\" rel=\"bookmark\" tabindex=\"-1\" aria-hidden=\"true\"><img loading=\"lazy\" decoding=\"async\" width=\"525\" height=\"760\" src=\"https:\/\/www.montanhismo-guarda.pt\/portal\/wp-content\/uploads\/2026\/01\/Cartaz-Picos-Europa-2026-707x1024.jpg\" class=\"attachment-large size-large wp-post-image\" alt=\"\" \/><\/a>\n<\/div>\n\t<div class=\"tribe-related-event-info\">\n\t<h3 class=\"tribe-related-events-title\">\n\t\t<a href=\"https:\/\/www.montanhismo-guarda.pt\/portal\/evento\/atividade-nos-picos-de-europa\/\" class=\"tribe-event-url\" rel=\"bookmark\">\n\t\t\tAtividade nos Picos de Europa\t\t<\/a>\n\t<\/h3>\n\t<span class=\"tribe-event-date-start\">4 de Junho<\/span> \u2014 <span class=\"tribe-event-date-end\">7 de Junho<\/span><\/div>\n<\/li>\n\t\t\t<li>\n\t\n<div class=\"tribe-related-events-thumbnail\">\n\t<a href=\"https:\/\/www.montanhismo-guarda.pt\/portal\/evento\/marcha-junho-2026\/\" class=\"url\" rel=\"bookmark\" tabindex=\"-1\" aria-hidden=\"true\"><img loading=\"lazy\" decoding=\"async\" width=\"525\" height=\"760\" src=\"https:\/\/www.montanhismo-guarda.pt\/portal\/wp-content\/uploads\/2026\/01\/Cartaz-MarchaJulho2026-707x1024.jpg\" class=\"attachment-large size-large wp-post-image\" alt=\"\" \/><\/a>\n<\/div>\n\t<div class=\"tribe-related-event-info\">\n\t<h3 class=\"tribe-related-events-title\">\n\t\t<a href=\"https:\/\/www.montanhismo-guarda.pt\/portal\/evento\/marcha-junho-2026\/\" class=\"tribe-event-url\" rel=\"bookmark\">\n\t\t\tNo Trilho Onde o Morto Matou o Vivo\t\t<\/a>\n\t<\/h3>\n\t<span class=\"tribe-event-date-start\">19 de Julho<\/span><\/div>\n<\/li>\n\t<\/ul>\n","protected":false},"excerpt":{"rendered":"<p>Freguesia com marcas de romaniza\u00e7\u00e3o, foi importante no per\u00edodo da Reconquista. Destacam-se a Igreja de S\u00e3o Martinho de Tours (matriz), a Capela da Senhora da Espedrada, e diversos solares dos &hellip; <\/p>\n<p class=\"link-more\"><a href=\"https:\/\/www.montanhismo-guarda.pt\/portal\/evento\/marcha-janeiro-2026\" class=\"more-link\">Continuar a ler <span class=\"screen-reader-text\">&#8220;Marcha das Freixedas&#8221;<\/span><\/a><\/p>\n","protected":false},"author":1,"featured_media":5806,"template":"","meta":{"_acf_changed":false,"_tec_requires_first_save":false,"_EventAllDay":true,"_EventTimezone":"Europe\/Lisbon","_EventStartDate":"2026-02-01 00:00:00","_EventEndDate":"2026-02-01 23:59:59","_EventStartDateUTC":"2026-02-01 00:00:00","_EventEndDateUTC":"2026-02-01 23:59:59","_EventShowMap":false,"_EventShowMapLink":false,"_EventURL":"https:\/\/forms.gle\/Qwp6E4umQoBooLLE9","_EventCost":"","_EventCostDescription":"","_EventCurrencySymbol":"\u20ac","_EventCurrencyCode":"USD","_EventCurrencyPosition":"suffix","_EventDateTimeSeparator":" \u00e0s ","_EventTimeRangeSeparator":" \u2014 ","_EventOrganizerID":[],"_EventVenueID":[],"_OrganizerEmail":"","_OrganizerPhone":"","_OrganizerWebsite":"","_VenueAddress":"","_VenueCity":"","_VenueCountry":"","_VenueProvince":"","_VenueState":"","_VenueZip":"","_VenuePhone":"","_VenueURL":"","_VenueStateProvince":"","_VenueLat":"","_VenueLng":"","_VenueShowMap":false,"_VenueShowMapLink":false,"_tribe_blocks_recurrence_rules":"","_tribe_blocks_recurrence_description":"","_tribe_blocks_recurrence_exclusions":"","_tribe_events_status":"canceled","_tribe_events_status_reason":"Condi\u00e7\u00f5es meteorol\u00f3gicas adversas.","_tribe_events_is_hybrid":"","_tribe_events_is_virtual":"","_tribe_events_virtual_video_source":"","_tribe_events_virtual_embed_video":"","_tribe_events_virtual_linked_button_text":"","_tribe_events_virtual_linked_button":"","_tribe_events_virtual_show_embed_at":"","_tribe_events_virtual_show_embed_to":[],"_tribe_events_virtual_show_on_event":"","_tribe_events_virtual_show_on_views":"","_tribe_events_virtual_url":"","footnotes":""},"tags":[],"tribe_events_cat":[120],"class_list":["post-5588","tribe_events","type-tribe_events","status-publish","has-post-thumbnail","hentry","tribe_events_cat-pedestrianismo","cat_pedestrianismo","tribe-events-status__list-event-canceled"],"acf":[],"_links":{"self":[{"href":"https:\/\/www.montanhismo-guarda.pt\/portal\/wp-json\/wp\/v2\/tribe_events\/5588","targetHints":{"allow":["GET"]}}],"collection":[{"href":"https:\/\/www.montanhismo-guarda.pt\/portal\/wp-json\/wp\/v2\/tribe_events"}],"about":[{"href":"https:\/\/www.montanhismo-guarda.pt\/portal\/wp-json\/wp\/v2\/types\/tribe_events"}],"author":[{"embeddable":true,"href":"https:\/\/www.montanhismo-guarda.pt\/portal\/wp-json\/wp\/v2\/users\/1"}],"version-history":[{"count":8,"href":"https:\/\/www.montanhismo-guarda.pt\/portal\/wp-json\/wp\/v2\/tribe_events\/5588\/revisions"}],"predecessor-version":[{"id":5808,"href":"https:\/\/www.montanhismo-guarda.pt\/portal\/wp-json\/wp\/v2\/tribe_events\/5588\/revisions\/5808"}],"wp:featuredmedia":[{"embeddable":true,"href":"https:\/\/www.montanhismo-guarda.pt\/portal\/wp-json\/wp\/v2\/media\/5806"}],"wp:attachment":[{"href":"https:\/\/www.montanhismo-guarda.pt\/portal\/wp-json\/wp\/v2\/media?parent=5588"}],"wp:term":[{"taxonomy":"post_tag","embeddable":true,"href":"https:\/\/www.montanhismo-guarda.pt\/portal\/wp-json\/wp\/v2\/tags?post=5588"},{"taxonomy":"tribe_events_cat","embeddable":true,"href":"https:\/\/www.montanhismo-guarda.pt\/portal\/wp-json\/wp\/v2\/tribe_events_cat?post=5588"}],"curies":[{"name":"wp","href":"https:\/\/api.w.org\/{rel}","templated":true}]}}